{"id":320,"date":"2017-09-20T15:29:19","date_gmt":"2017-09-20T13:29:19","guid":{"rendered":"https:\/\/forumrozwojumiast.poznan.pl\/2020\/?page_id=320"},"modified":"2020-11-17T10:34:40","modified_gmt":"2020-11-17T09:34:40","slug":"o-forum","status":"publish","type":"page","link":"https:\/\/forumrozwojumiast.poznan.pl\/2020\/o-forum\/","title":{"rendered":"O forum"},"content":{"rendered":"<p style=\"text-align: center;\" align=\"justify\"><span style=\"font-size: 14pt;\"><strong>IV Forum Rozwoju Miast<br \/>\n<\/strong><\/span><\/p>\n<p>IV Forum Rozwoju Miast odby\u0142o si\u0119 w&nbsp;dniach 4-5 listopada br. Tematami wiod\u0105cymi tegorocznej edycji by\u0142y bezpieczne przestrzenie miejskie oraz&nbsp;kompetencje XXI wieku. Zagadnienia te zosta\u0142y om\u00f3wione przez polskich i&nbsp;zagranicznych go\u015bci m.in.&nbsp;z&nbsp;Wielkiej Brytanii, Francji, Hiszpanii, Holandii, Norwegii, Estonii, Finlandii, Austrii. W&nbsp;tym roku, ze wzgl\u0119du na&nbsp;globaln\u0105 pandemi\u0119 koronawirusa, wszystkie prelekcje zosta\u0142y wyg\u0142oszone on-line.<\/p>\n<p>\nTematyka pierwszego dnia konferencji koncentrowa\u0142a si\u0119 wok\u00f3\u0142 zagadnie\u0144 zwi\u0105zanych z&nbsp;bezpiecze\u0144stwem przestrzeni miejskich. Prelegenci z&nbsp;Norwegii, Hiszpanii i&nbsp;Polski przedstawili sprawdzone sposoby na&nbsp;skuteczn\u0105 realizacj\u0119 Wizji Zero, oznaczaj\u0105cej ci\u0105g\u0142e zwi\u0119kszanie poziomu bezpiecze\u0144stwa, ograniczenie liczby powa\u017cnych wypadk\u00f3w drogowych i&nbsp;d\u0105\u017cenie do&nbsp;ca\u0142kowitego wyeliminowania ofiar takich wypadk\u00f3w. Osi\u0105gni\u0119cie tego celu w&nbsp;Oslo, Pontevedrze i&nbsp;Jaworznie by\u0142o mo\u017cliwe m.in.&nbsp;dzi\u0119ki spowolnieniu ruchu ko\u0142owego w&nbsp;centrach miast i&nbsp;wyeliminowaniu z&nbsp;nich ruchu tranzytowego, ograniczeniu ruchu samochodowego wok\u00f3\u0142 szk\u00f3\u0142, a tak\u017ce zwi\u0119kszeniu dost\u0119pno\u015bci przestrzeni dla pieszych i&nbsp;rowerzyst\u00f3w, kt\u00f3rym zapewniono wygodne ci\u0105gi komunikacyjne i&nbsp;\u015bcie\u017cki rowerowe. O wi\u0119ksze zwr\u00f3cenie uwagi na&nbsp;dostosowanie publicznej przestrzeni do&nbsp;potrzeb dzieci, senior\u00f3w oraz&nbsp;lokalnych spo\u0142eczno\u015bci kosztem rezygnacji z&nbsp;udogodnie\u0144 dla kierowc\u00f3w w&nbsp;swoich wyst\u0105pieniach apelowali r\u00f3wnie\u017c m\u00f3wcy z&nbsp;Londynu, Wiednia, Berlina, \u0141odzi i&nbsp;Poznania. Podkre\u015blali oni, jak wa\u017cne jest spojrzenie na&nbsp;miasto z&nbsp;perspektywy dziecka oraz&nbsp;przystosowanie miejskich ulic do&nbsp;potrzeb wszystkich u\u017cytkownik\u00f3w, zw\u0142aszcza dzieci chodz\u0105cych do&nbsp;szk\u00f3\u0142 (m.in. przez czasowy zakaz ruchu wok\u00f3\u0142 plac\u00f3wek edukacyjnych) oraz&nbsp;mieszka\u0144c\u00f3w szukaj\u0105cych miejsc do&nbsp;wsp\u00f3lnego, bezpiecznego sp\u0119dzania czasu (m.in. przez tworzenie woonerf\u00f3w lub ulic zabaw podczas weekend\u00f3w). W&nbsp;zakres tematyki pierwszego dnia konferencji wpisa\u0142y si\u0119 tak\u017ce kwestie zwi\u0105zane z&nbsp;zapewnieniem bezpiecze\u0144stwa mieszka\u0144com miast w&nbsp;czasie pandemii. Prelegenci z&nbsp;Francji i&nbsp;Holandii przedstawili sposoby monitorowania przep\u0142ywu ludzi w&nbsp;miastach z&nbsp;wykorzystaniem mo\u017cliwo\u015bci nowych technologii oraz&nbsp;zaprezentowali rozwi\u0105zania umo\u017cliwiaj\u0105ce zachowanie wi\u0119kszego dystansu spo\u0142ecznego i&nbsp;bezpiecze\u0144stwa (m.in. poprzez tworzenie korytarzy przemieszczania si\u0119 dla pieszych, uruchomienie nowych \u015bcie\u017cek rowerowych, zmniejszenie przestrzeni dla ruchu samochodowego). Wykorzystanie nowych technologii (np. pomiar\u00f3w jako\u015bci powietrza) oraz&nbsp;gromadzonych zbior\u00f3w danych (np. na&nbsp;temat ruchu samochodowego i&nbsp;wypadk\u00f3w drogowych) w&nbsp;zarz\u0105dzaniu przestrzeni\u0105 miejsk\u0105, zapewniaj\u0105c\u0105 bezpiecze\u0144stwo wszystkim u\u017cytkownikom, by\u0142o z&nbsp;kolei przedmiotem prelekcji m\u00f3wc\u00f3w z&nbsp;Niemiec i&nbsp;Polski.<\/p>\n<p>\nTematem rozwa\u017ca\u0144 podj\u0119tych podczas drugiego dnia forum by\u0142y kompetencje XXI wieku. Prelegenci z&nbsp;Estonii i&nbsp;Finlandii przedstawili zasady organizacji system\u00f3w edukacji oraz&nbsp;warunki skuteczno\u015bci nauczania w&nbsp;swoich krajach, kt\u00f3re osi\u0105gaj\u0105 pod tym wzgl\u0119dem wysokie wyniki w&nbsp;mi\u0119dzynarodowych rankingach. Do&nbsp;kluczowych zasad efektywnej edukacji zaliczono m.in.&nbsp;du\u017c\u0105 autonomi\u0119 nauczycieli i&nbsp;szk\u00f3\u0142 w&nbsp;doborze metod kszta\u0142cenia, du\u017c\u0105 r\u00f3\u017cnorodno\u015b\u0107 sposob\u00f3w nauczania oraz&nbsp;odpowiednie proporcje mi\u0119dzy nauczaniem teoretycznym i&nbsp;praktycznym. Za wa\u017cny czynnik sprzyjaj\u0105cy nauce uznano tak\u017ce mo\u017cliwo\u015b\u0107 wykorzystywania nowych technologii oraz&nbsp;zaufanie spo\u0142eczne do&nbsp;nauczycieli i&nbsp;wprowadzanych zmian. W&nbsp;prelekcjach dotycz\u0105cych edukacji najm\u0142odszych pokole\u0144 i&nbsp;kompetencji niezb\u0119dnych ludziom w&nbsp;XXI wieku, prelegenci z&nbsp;Wielkiej Brytanii i&nbsp;Polski podkre\u015blali konieczno\u015b\u0107 oparcia kszta\u0142cenia na&nbsp;interakcji z&nbsp;drugim cz\u0142owiekiem oraz&nbsp;uczenia dzieci m.in.&nbsp;otwarto\u015bci, komunikatywno\u015bci, umiej\u0119tno\u015bci dostosowywania si\u0119 do&nbsp;wci\u0105\u017c zmieniaj\u0105cego si\u0119 \u015bwiata, zaradno\u015bci, zarz\u0105dzania czasem i&nbsp;wykonywan\u0105 prac\u0105, my\u015blenia krytycznego i&nbsp;kreatywnego. Za niezb\u0119dne uznano tak\u017ce umiej\u0119tno\u015bci cyfrowe oraz&nbsp;edukacj\u0119 klimatyczn\u0105, zapewniaj\u0105c\u0105 zrozumienie zachodz\u0105cych zjawisk klimatycznych i&nbsp;oddzia\u0142ywania cz\u0142owieka na&nbsp;te zjawiska. Posiadanie takich kompetencji uznano za warunek sprzyjaj\u0105cy budowaniu miast zar\u00f3wno przyjaznych, \u017cyczliwych i&nbsp;otwartych, jak r\u00f3wnie\u017c inteligentnych, pozwalaj\u0105cych uczestniczy\u0107 mieszka\u0144com w&nbsp;wielu procesach dzi\u0119ki wykorzystaniu nowych technologii. Refleksjami na&nbsp;ten temat podzielili si\u0119 z&nbsp;uczestnikami konferencji prelegenci ze Szwecji, Czech i&nbsp;Polski.<\/p>\n<p>\nOrganizatorami IV Forum Rozwoju Miast by\u0142y Miasto Pozna\u0144, Wielkopolskie Centrum Wspierania Inwestycji, Mi\u0119dzynarodowe Targi Pozna\u0144skie oraz&nbsp;Zwi\u0105zek Miast Polskich. Forum Rozwoju Miast jest mi\u0119dzynarodow\u0105 platform\u0105 wymiany do\u015bwiadcze\u0144 i&nbsp;dobrych praktyk w&nbsp;zakresie planowania rozwoju miast oraz&nbsp;okazj\u0105 do&nbsp;poznania nowych trend\u00f3w i&nbsp;narz\u0119dzi wspieraj\u0105cych ten rozw\u00f3j na&nbsp;wielu p\u0142aszczyznach. Tegoroczne prelekcje i&nbsp;debaty w&nbsp;wersji on-line wys\u0142ucha\u0142o ponad 0,5 tys. os\u00f3b. Planowana jest ju\u017c kolejna \u2013 pi\u0105ta \u2013 edycja forum.<\/p>\n<p>&nbsp;<\/p>\n<p align=\"justify\">&nbsp;<\/p>\n<p style=\"text-align: left;\" align=\"justify\">&nbsp;<\/p>\n","protected":false},"excerpt":{"rendered":"<p>IV Forum Rozwoju Miast IV Forum Rozwoju Miast odby\u0142o si\u0119 w&nbsp;dniach 4-5 listopada br. Tematami wiod\u0105cymi tegorocznej edycji by\u0142y bezpieczne przestrzenie miejskie oraz&nbsp;kompetencje XXI wieku. Zagadnienia te zosta\u0142y om\u00f3wione przez polskich i&nbsp;zagranicznych go\u015bci m.in.&nbsp;z&nbsp;Wielkiej Brytanii, Francji, Hiszpanii, Holandii, Norwegii, Estonii, Finlandii, Austrii. W&nbsp;tym roku, ze wzgl\u0119du na&nbsp;globaln\u0105 pandemi\u0119 koronawirusa, wszystkie prelekcje zosta\u0142y wyg\u0142oszone on-line. Tematyka &hellip; <\/p>\n<p class=\"link-more\"><a href=\"https:\/\/forumrozwojumiast.poznan.pl\/2020\/o-forum\/\" class=\"more-link\">Continue reading<span class=\"screen-reader-text\"> &#8222;O forum&#8221;<\/span><\/a><\/p>\n","protected":false},"author":1,"featured_media":0,"parent":0,"menu_order":108,"comment_status":"closed","ping_status":"closed","template":"","meta":{"_acf_changed":false,"inline_featured_image":false,"ngg_post_thumbnail":0,"footnotes":""},"class_list":["post-320","page","type-page","status-publish","hentry"],"acf":[],"yoast_head":"<!-- This site is optimized with the Yoast SEO plugin v27.4 - https:\/\/yoast.com\/product\/yoast-seo-wordpress\/ -->\n<title>O forum - Forum Rozwoju Miast<\/title>\n<meta name=\"robots\" content=\"index, follow, max-snippet:-1, max-image-preview:large, max-video-preview:-1\" \/>\n<link rel=\"canonical\" href=\"https:\/\/forumrozwojumiast.poznan.pl\/2020\/o-forum\/\" \/>\n<meta property=\"og:locale\" content=\"pl_PL\" \/>\n<meta property=\"og:type\" content=\"article\" \/>\n<meta property=\"og:title\" content=\"O forum - Forum Rozwoju Miast\" \/>\n<meta property=\"og:description\" content=\"IV Forum Rozwoju Miast IV Forum Rozwoju Miast odby\u0142o si\u0119 w&nbsp;dniach 4-5 listopada br. Tematami wiod\u0105cymi tegorocznej edycji by\u0142y bezpieczne przestrzenie miejskie oraz&nbsp;kompetencje XXI wieku. Zagadnienia te zosta\u0142y om\u00f3wione przez polskich i&nbsp;zagranicznych go\u015bci m.in.&nbsp;z&nbsp;Wielkiej Brytanii, Francji, Hiszpanii, Holandii, Norwegii, Estonii, Finlandii, Austrii. W&nbsp;tym roku, ze wzgl\u0119du na&nbsp;globaln\u0105 pandemi\u0119 koronawirusa, wszystkie prelekcje zosta\u0142y wyg\u0142oszone on-line. Tematyka &hellip; Continue reading &quot;O forum&quot;\" \/>\n<meta property=\"og:url\" content=\"https:\/\/forumrozwojumiast.poznan.pl\/2020\/o-forum\/\" \/>\n<meta property=\"og:site_name\" content=\"Forum Rozwoju Miast\" \/>\n<meta property=\"article:modified_time\" content=\"2020-11-17T09:34:40+00:00\" \/>\n<meta name=\"twitter:card\" content=\"summary_large_image\" \/>\n<meta name=\"twitter:label1\" content=\"Szacowany czas czytania\" \/>\n\t<meta name=\"twitter:data1\" content=\"4 minuty\" \/>\n<script type=\"application\/ld+json\" class=\"yoast-schema-graph\">{\"@context\":\"https:\\\/\\\/schema.org\",\"@graph\":[{\"@type\":\"WebPage\",\"@id\":\"https:\\\/\\\/forumrozwojumiast.poznan.pl\\\/2020\\\/o-forum\\\/\",\"url\":\"https:\\\/\\\/forumrozwojumiast.poznan.pl\\\/2020\\\/o-forum\\\/\",\"name\":\"O forum - Forum Rozwoju Miast\",\"isPartOf\":{\"@id\":\"https:\\\/\\\/forumrozwojumiast.poznan.pl\\\/2020\\\/#website\"},\"datePublished\":\"2017-09-20T13:29:19+00:00\",\"dateModified\":\"2020-11-17T09:34:40+00:00\",\"breadcrumb\":{\"@id\":\"https:\\\/\\\/forumrozwojumiast.poznan.pl\\\/2020\\\/o-forum\\\/#breadcrumb\"},\"inLanguage\":\"pl-PL\",\"potentialAction\":[{\"@type\":\"ReadAction\",\"target\":[\"https:\\\/\\\/forumrozwojumiast.poznan.pl\\\/2020\\\/o-forum\\\/\"]}]},{\"@type\":\"BreadcrumbList\",\"@id\":\"https:\\\/\\\/forumrozwojumiast.poznan.pl\\\/2020\\\/o-forum\\\/#breadcrumb\",\"itemListElement\":[{\"@type\":\"ListItem\",\"position\":1,\"name\":\"Strona g\u0142\u00f3wna\",\"item\":\"https:\\\/\\\/forumrozwojumiast.poznan.pl\\\/2020\\\/\"},{\"@type\":\"ListItem\",\"position\":2,\"name\":\"O forum\"}]},{\"@type\":\"WebSite\",\"@id\":\"https:\\\/\\\/forumrozwojumiast.poznan.pl\\\/2020\\\/#website\",\"url\":\"https:\\\/\\\/forumrozwojumiast.poznan.pl\\\/2020\\\/\",\"name\":\"Forum Rozwoju Miast\",\"description\":\"Obywatelski wymiar strategicznego zarz\u0105dzania miastem\",\"potentialAction\":[{\"@type\":\"SearchAction\",\"target\":{\"@type\":\"EntryPoint\",\"urlTemplate\":\"https:\\\/\\\/forumrozwojumiast.poznan.pl\\\/2020\\\/?s={search_term_string}\"},\"query-input\":{\"@type\":\"PropertyValueSpecification\",\"valueRequired\":true,\"valueName\":\"search_term_string\"}}],\"inLanguage\":\"pl-PL\"}]}<\/script>\n<!-- \/ Yoast SEO plugin. -->","yoast_head_json":{"title":"O forum - Forum Rozwoju Miast","robots":{"index":"index","follow":"follow","max-snippet":"max-snippet:-1","max-image-preview":"max-image-preview:large","max-video-preview":"max-video-preview:-1"},"canonical":"https:\/\/forumrozwojumiast.poznan.pl\/2020\/o-forum\/","og_locale":"pl_PL","og_type":"article","og_title":"O forum - Forum Rozwoju Miast","og_description":"IV Forum Rozwoju Miast IV Forum Rozwoju Miast odby\u0142o si\u0119 w&nbsp;dniach 4-5 listopada br. Tematami wiod\u0105cymi tegorocznej edycji by\u0142y bezpieczne przestrzenie miejskie oraz&nbsp;kompetencje XXI wieku. Zagadnienia te zosta\u0142y om\u00f3wione przez polskich i&nbsp;zagranicznych go\u015bci m.in.&nbsp;z&nbsp;Wielkiej Brytanii, Francji, Hiszpanii, Holandii, Norwegii, Estonii, Finlandii, Austrii. W&nbsp;tym roku, ze wzgl\u0119du na&nbsp;globaln\u0105 pandemi\u0119 koronawirusa, wszystkie prelekcje zosta\u0142y wyg\u0142oszone on-line. Tematyka &hellip; Continue reading \"O forum\"","og_url":"https:\/\/forumrozwojumiast.poznan.pl\/2020\/o-forum\/","og_site_name":"Forum Rozwoju Miast","article_modified_time":"2020-11-17T09:34:40+00:00","twitter_card":"summary_large_image","twitter_misc":{"Szacowany czas czytania":"4 minuty"},"schema":{"@context":"https:\/\/schema.org","@graph":[{"@type":"WebPage","@id":"https:\/\/forumrozwojumiast.poznan.pl\/2020\/o-forum\/","url":"https:\/\/forumrozwojumiast.poznan.pl\/2020\/o-forum\/","name":"O forum - Forum Rozwoju Miast","isPartOf":{"@id":"https:\/\/forumrozwojumiast.poznan.pl\/2020\/#website"},"datePublished":"2017-09-20T13:29:19+00:00","dateModified":"2020-11-17T09:34:40+00:00","breadcrumb":{"@id":"https:\/\/forumrozwojumiast.poznan.pl\/2020\/o-forum\/#breadcrumb"},"inLanguage":"pl-PL","potentialAction":[{"@type":"ReadAction","target":["https:\/\/forumrozwojumiast.poznan.pl\/2020\/o-forum\/"]}]},{"@type":"BreadcrumbList","@id":"https:\/\/forumrozwojumiast.poznan.pl\/2020\/o-forum\/#breadcrumb","itemListElement":[{"@type":"ListItem","position":1,"name":"Strona g\u0142\u00f3wna","item":"https:\/\/forumrozwojumiast.poznan.pl\/2020\/"},{"@type":"ListItem","position":2,"name":"O forum"}]},{"@type":"WebSite","@id":"https:\/\/forumrozwojumiast.poznan.pl\/2020\/#website","url":"https:\/\/forumrozwojumiast.poznan.pl\/2020\/","name":"Forum Rozwoju Miast","description":"Obywatelski wymiar strategicznego zarz\u0105dzania miastem","potentialAction":[{"@type":"SearchAction","target":{"@type":"EntryPoint","urlTemplate":"https:\/\/forumrozwojumiast.poznan.pl\/2020\/?s={search_term_string}"},"query-input":{"@type":"PropertyValueSpecification","valueRequired":true,"valueName":"search_term_string"}}],"inLanguage":"pl-PL"}]}},"_links":{"self":[{"href":"https:\/\/forumrozwojumiast.poznan.pl\/2020\/wp-json\/wp\/v2\/pages\/320","targetHints":{"allow":["GET"]}}],"collection":[{"href":"https:\/\/forumrozwojumiast.poznan.pl\/2020\/wp-json\/wp\/v2\/pages"}],"about":[{"href":"https:\/\/forumrozwojumiast.poznan.pl\/2020\/wp-json\/wp\/v2\/types\/page"}],"author":[{"embeddable":true,"href":"https:\/\/forumrozwojumiast.poznan.pl\/2020\/wp-json\/wp\/v2\/users\/1"}],"replies":[{"embeddable":true,"href":"https:\/\/forumrozwojumiast.poznan.pl\/2020\/wp-json\/wp\/v2\/comments?post=320"}],"version-history":[{"count":26,"href":"https:\/\/forumrozwojumiast.poznan.pl\/2020\/wp-json\/wp\/v2\/pages\/320\/revisions"}],"predecessor-version":[{"id":5095,"href":"https:\/\/forumrozwojumiast.poznan.pl\/2020\/wp-json\/wp\/v2\/pages\/320\/revisions\/5095"}],"wp:attachment":[{"href":"https:\/\/forumrozwojumiast.poznan.pl\/2020\/wp-json\/wp\/v2\/media?parent=320"}],"curies":[{"name":"wp","href":"https:\/\/api.w.org\/{rel}","templated":true}]}}