{"id":3535,"date":"2019-08-02T14:41:20","date_gmt":"2019-08-02T12:41:20","guid":{"rendered":"https:\/\/forumrozwojumiast.poznan.pl\/2020\/?page_id=3535"},"modified":"2020-10-20T15:02:52","modified_gmt":"2020-10-20T13:02:52","slug":"speakers","status":"publish","type":"page","link":"https:\/\/forumrozwojumiast.poznan.pl\/2020\/en\/speakers\/","title":{"rendered":"speakers"},"content":{"rendered":"<p><span style=\"font-size: 18pt;\"><strong>THE EVENT WILL TAKE PLACE AT A DIFFERENT TIME<\/strong><\/span><\/p>\n<p>&nbsp;<\/p>\n<div class=\"su-posts su-posts-default-loop\">\r\n\t\t\t\t\t\t\t\t\t\t\t\t\t\t\t\t\t\t\t\t\t\t\t\t\t\t\t\t\t<div id=\"user-5222\" class=\"su-post-prelegent\">\r\n\r\n\t\t\t\t\t<div class=\"content-prelegent-image\">\r\n\t\t\t\t\t\t<img decoding=\"async\" class=\"prelegent-400\" src=\"https:\/\/forumrozwojumiast.poznan.pl\/2020\/wp-content\/uploads\/2020\/09\/Miguel-Fdez.-Lores-19-04-15-Para-imprimir-kwadrat-1024x1024.jpg\" \/>\r\n\t\t\t\t\t<\/div>\r\n\r\n\t\t\t\t\t<div class=\"content-prelegent-text\">\r\n\t\t\t\t\t\t<h2 class=\"su-post-title\">Miguel Anxo Fern\u00e1ndez Lores &#8211; day I &#8211; 4.11<\/h2>\r\n\t\t\t\t\t\t<div class=\"su-post-excerpt\">\r\n\t\t\t\t\t\t\t<div class=\"su-tabs su-tabs-style-default su-tabs-mobile-stack\" data-active=\"1\" data-scroll-offset=\"0\" data-anchor-in-url=\"no\"><div class=\"su-tabs-nav\"><span class=\"\" data-url=\"\" data-target=\"blank\" tabindex=\"0\" role=\"button\">bio<\/span><span class=\"\" data-url=\"\" data-target=\"blank\" tabindex=\"0\" role=\"button\">abstract<\/span><\/div><div class=\"su-tabs-panes\"><div class=\"su-tabs-pane su-u-clearfix su-u-trim\" data-title=\"bio\">\n<p>Miguel Anxo Fern\u00e1ndez Lores \u2013 Mayor of Pontevedra, Spain<br \/>\nHe is a trained doctor, he graduated from University of Santiago de Compostela. He is a representative of Galician Nationalist Bloc. He started his political career as a councilor and&nbsp;in 1999 he was elected a mayor of Pontevedra, Spain. His dedication to both medicine and&nbsp;politics is related to his fondness of people and&nbsp;being useful to the society, giving back what he has received.<\/p>\n<\/div>\n<div class=\"su-tabs-pane su-u-clearfix su-u-trim\" data-title=\"abstract\">\n<p>Pontevedra\u2019s urban model is treated as a great example by&nbsp;many cities from Spain and&nbsp;worldwide. The&nbsp;city has received many awards, among them EU Urban Road Safety Award and&nbsp;UN-Habitat and&nbsp;Dubai Municipality\u2019s Dubai International Award for Best Practices to Improve the Living Environment. The&nbsp;Mayor of Pontevedra will talk about the strategy which led to positive changes in the city: reduction of greenhouse gas emissions by&nbsp;over 60% in the last 15 years, increased mobility of pedestrians and&nbsp;cyclists and&nbsp;reduction of fatalities in road accidents.<\/p>\n<p>&nbsp;<\/p>\n<\/div><\/div><\/div>\n\t\t\t\t\t\t<\/div>\r\n\t\t\t\t\t<\/div>\r\n\r\n\t\t\t\t\t<div style=\"clear: both;\">&nbsp;<\/div>\r\n\t\t\t\t<\/div>\r\n\t\t\t\t\t\t\t\t\t\t\t\t<div id=\"user-5136\" class=\"su-post-prelegent\">\r\n\r\n\t\t\t\t\t<div class=\"content-prelegent-image\">\r\n\t\t\t\t\t\t<img decoding=\"async\" class=\"prelegent-400\" src=\"https:\/\/forumrozwojumiast.poznan.pl\/2020\/wp-content\/uploads\/2020\/08\/1-1024x1024.jpg\" \/>\r\n\t\t\t\t\t<\/div>\r\n\r\n\t\t\t\t\t<div class=\"content-prelegent-text\">\r\n\t\t\t\t\t\t<h2 class=\"su-post-title\">Maciej Fr\u0105ckowiak &#8211; day II &#8211; 5.11<\/h2>\r\n\t\t\t\t\t\t<div class=\"su-post-excerpt\">\r\n\t\t\t\t\t\t\t<div class=\"su-tabs su-tabs-style-default su-tabs-mobile-stack\" data-active=\"1\" data-scroll-offset=\"0\" data-anchor-in-url=\"no\"><div class=\"su-tabs-nav\"><span class=\"\" data-url=\"\" data-target=\"blank\" tabindex=\"0\" role=\"button\">bio<\/span><span class=\"\" data-url=\"\" data-target=\"blank\" tabindex=\"0\" role=\"button\">abstract<\/span><\/div><div class=\"su-tabs-panes\"><div class=\"su-tabs-pane su-u-clearfix su-u-trim\" data-title=\"bio\">\n<p>Maciej Fr\u0105ckowiak \u2013 sociologist, doctor of social sciences, researcher of cities and&nbsp;visual culture<br \/>\nAuthor and&nbsp;editor of texts and&nbsp;scientific and&nbsp;popularizing books on this subject, including the \u201cArchitect can be\u201d report prepared jointly with the B\u0119c Zmiana Foundation, commissioned by&nbsp;BAIPP m.st. Warsaw. Initiator and&nbsp;curator leasing the animated urban space, as well as the debate on it. In the years 2016-2018 a member of the team coordinating the Very Young Culture program of the National Center of Culture. Lecturer School of Form.<\/p>\n<\/div>\n<div class=\"su-tabs-pane su-u-clearfix su-u-trim\" data-title=\"abstract\">\n<p>How can modern cities and&nbsp;their residents settle in the world of VUCA?<br \/>\nWhat will be key knowledge, competences and&nbsp;skills of the new reality?<br \/>\nAn answer to that can be approach called \u201cVUCA Prime\u201d.<br \/>\nIt comprises action scheme which allows us to settle in the apparently unpredictable chaos. An answer to change is a vision \u2013 a direction, scenario or values which will unite in the times of turbulence. Instead of uncertainty, it suggests understanding which requires development of social skills and&nbsp;communication policies. As an&nbsp;answer to complexity, we would need clarity supported by&nbsp;tools connected with providing and&nbsp;synthesizing information. Equivocation could be replaced with resilience \u2013 ability of fast adaptation, prototyping and&nbsp;implementing the change. During the discussion we will talk more not only about this basic assumption but also indicate resulting from it key competences which relate to various aspects of life: personal and&nbsp;connected to relationships, organizational and&nbsp;social.<\/p>\n<p>&nbsp;<\/p>\n<\/div><\/div><\/div>\n\t\t\t\t\t\t<\/div>\r\n\t\t\t\t\t<\/div>\r\n\r\n\t\t\t\t\t<div style=\"clear: both;\">&nbsp;<\/div>\r\n\t\t\t\t<\/div>\r\n\t\t\t\t\t\t\t\t\t\t\t\t<div id=\"user-5369\" class=\"su-post-prelegent\">\r\n\r\n\t\t\t\t\t<div class=\"content-prelegent-image\">\r\n\t\t\t\t\t\t<img decoding=\"async\" class=\"prelegent-400\" src=\"https:\/\/forumrozwojumiast.poznan.pl\/2020\/wp-content\/uploads\/2020\/09\/2.jpg\" \/>\r\n\t\t\t\t\t<\/div>\r\n\r\n\t\t\t\t\t<div class=\"content-prelegent-text\">\r\n\t\t\t\t\t\t<h2 class=\"su-post-title\">Hubert Bara\u0144ski &#8211; day I &#8211; 4.11<\/h2>\r\n\t\t\t\t\t\t<div class=\"su-post-excerpt\">\r\n\t\t\t\t\t\t\t<div class=\"su-tabs su-tabs-style-default su-tabs-mobile-stack\" data-active=\"1\" data-scroll-offset=\"0\" data-anchor-in-url=\"no\"><div class=\"su-tabs-nav\"><span class=\"\" data-url=\"\" data-target=\"blank\" tabindex=\"0\" role=\"button\">bio<\/span><\/div><div class=\"su-tabs-panes\"><div class=\"su-tabs-pane su-u-clearfix su-u-trim\" data-title=\"bio\">\n<p>Hubert Bara\u0144ski \u2013 President of the Foundation \u201cNormalne Miasto Fenomen\u201d (Normal City Phenomenon). <br \/>\nHe is a member of first Council of Public Benefit Activities in Lodz, member of the City Council for Improvement in Road Safety. He is engaged in public transport and&nbsp;urban spaces improvement and&nbsp;activities for changes in local government. Main area of activates of organisation in Lodz is balanced transport with emphasis on pedestrians and&nbsp;cyclists; urban space and&nbsp;engaging citizens. In 2013 foundation came out with an&nbsp;initiative to create a woonerf on 6 Sierpnia street in Lodz ( described in book \u201c Miasto na&nbsp;Plus\u201d). Co-author of concept of reducing traffic in Olsztyn, cycling infrastructure improvement strategy in Lodz and&nbsp;a member of steering committee of Lodz Public Bike. Graduate of the Programme \u201cLiderzy PAFW (Leaders of the Polish-American Freedom Foundation)\u201d.<\/p>\n<\/div><\/div><\/div>\n\t\t\t\t\t\t<\/div>\r\n\t\t\t\t\t<\/div>\r\n\r\n\t\t\t\t\t<div style=\"clear: both;\">&nbsp;<\/div>\r\n\t\t\t\t<\/div>\r\n\t\t\t\t\t\t\t\t\t\t\t\t<div id=\"user-5970\" class=\"su-post-prelegent\">\r\n\r\n\t\t\t\t\t<div class=\"content-prelegent-image\">\r\n\t\t\t\t\t\t<img decoding=\"async\" class=\"prelegent-400\" src=\"https:\/\/forumrozwojumiast.poznan.pl\/2020\/wp-content\/uploads\/2020\/10\/Pia_Barlund1-1024x1024.jpg\" \/>\r\n\t\t\t\t\t<\/div>\r\n\r\n\t\t\t\t\t<div class=\"content-prelegent-text\">\r\n\t\t\t\t\t\t<h2 class=\"su-post-title\">Pia B\u00e4rlund &#8211; day II &#8211; 5.11<\/h2>\r\n\t\t\t\t\t\t<div class=\"su-post-excerpt\">\r\n\t\t\t\t\t\t\t<div class=\"su-tabs su-tabs-style-default su-tabs-mobile-stack\" data-active=\"1\" data-scroll-offset=\"0\" data-anchor-in-url=\"no\"><div class=\"su-tabs-nav\"><span class=\"\" data-url=\"\" data-target=\"blank\" tabindex=\"0\" role=\"button\">bio<\/span><\/div><div class=\"su-tabs-panes\"><div class=\"su-tabs-pane su-u-clearfix su-u-trim\" data-title=\"bio\">\n<p>PhD Pia B\u00e4rlund &#8211; service manager in the field of educational language policy at the University of Jyv\u00e4skyl\u00e4<br \/>\nShe studied German language and&nbsp;culture (M.A.) at the University of Jyv\u00e4skyl\u00e4 in 2002-2006. Since then, she has worked for language policy making at the University of Jyv\u00e4skyl\u00e4. She defended her PhD. thesis on 3rd October 2020. Currently, B\u00e4rlund works as a service manager in the field of educational language policy making of the city of Jyv\u00e4skyl\u00e4. She leads the unit for development for language and&nbsp;multicultural learning. The&nbsp;unit with 42 staff member provides services for language learning and&nbsp;migrant education.<\/p>\n<\/div><\/div><\/div>\n\t\t\t\t\t\t<\/div>\r\n\t\t\t\t\t<\/div>\r\n\r\n\t\t\t\t\t<div style=\"clear: both;\">&nbsp;<\/div>\r\n\t\t\t\t<\/div>\r\n\t\t\t\t\t\t\t\t\t\t\t\t<div id=\"user-5776\" class=\"su-post-prelegent\">\r\n\r\n\t\t\t\t\t<div class=\"content-prelegent-image\">\r\n\t\t\t\t\t\t<img decoding=\"async\" class=\"prelegent-400\" src=\"https:\/\/forumrozwojumiast.poznan.pl\/2020\/wp-content\/uploads\/2020\/09\/1-7-1024x1024.jpg\" \/>\r\n\t\t\t\t\t<\/div>\r\n\r\n\t\t\t\t\t<div class=\"content-prelegent-text\">\r\n\t\t\t\t\t\t<h2 class=\"su-post-title\">Jan Fazlagi\u0107 \u2013 day II \u2013 5.11<\/h2>\r\n\t\t\t\t\t\t<div class=\"su-post-excerpt\">\r\n\t\t\t\t\t\t\t<div class=\"su-tabs su-tabs-style-default su-tabs-mobile-stack\" data-active=\"1\" data-scroll-offset=\"0\" data-anchor-in-url=\"no\"><div class=\"su-tabs-nav\"><span class=\"\" data-url=\"\" data-target=\"blank\" tabindex=\"0\" role=\"button\">bio<\/span><span class=\"\" data-url=\"\" data-target=\"blank\" tabindex=\"0\" role=\"button\">abstract<\/span><\/div><div class=\"su-tabs-panes\"><div class=\"su-tabs-pane su-u-clearfix su-u-trim\" data-title=\"bio\">\n<p>Jan Fazlagi\u0107 \u2013 full professor at the University of Economics in Pozna\u0144 <br \/>\nAuthor of the report &#8222;School for an&nbsp;innovator&#8221; which was the base of recommendations of the Ministry of National Education for the development of school students creativity. Author of many other reports, e.g. concerning the reform of teacher education and&nbsp;training system (Ministry of Science and&nbsp;Higher Education 2017). Co-author of assumptions to the new act Law on higher education and&nbsp;science (Constitution for Science). Trainer and&nbsp;consultant (SCIENTA-VIS). He has been conducting trainings for teachers since 2001. He co-created the Ma\u0142opolska Standards for Educational and&nbsp;Training Services. Chief education specialist at the National Institute of Local Government in \u0141\u00f3d\u017a.<\/p>\n<p>&nbsp;<\/p>\n<\/div>\n<div class=\"su-tabs-pane su-u-clearfix su-u-trim\" data-title=\"abstract\">Environmental education is one of the important conditions for the success of climate change prevention programs on earth. Teachers&#8217; knowledge and&nbsp;education program content has not kept pace with scientific knowledge about climate change. For this reason, comprehensive and&nbsp;systemic measures are needed to raise the level of competences of adults and&nbsp;youth. Climate literacy, similarly to computer literacy, will become an&nbsp;important measure of the development of Education systems in the coming years.<br \/>\n<\/div><\/div><\/div>\n\t\t\t\t\t\t<\/div>\r\n\t\t\t\t\t<\/div>\r\n\r\n\t\t\t\t\t<div style=\"clear: both;\">&nbsp;<\/div>\r\n\t\t\t\t<\/div>\r\n\t\t\t\t\t\t\t\t\t\t\t\t<div id=\"user-5098\" class=\"su-post-prelegent\">\r\n\r\n\t\t\t\t\t<div class=\"content-prelegent-image\">\r\n\t\t\t\t\t\t<img decoding=\"async\" class=\"prelegent-400\" src=\"https:\/\/forumrozwojumiast.poznan.pl\/2020\/wp-content\/uploads\/2020\/07\/rg1.png\" \/>\r\n\t\t\t\t\t<\/div>\r\n\r\n\t\t\t\t\t<div class=\"content-prelegent-text\">\r\n\t\t\t\t\t\t<h2 class=\"su-post-title\">Richard Gerver &#8211; day II &#8211; 5.11<\/h2>\r\n\t\t\t\t\t\t<div class=\"su-post-excerpt\">\r\n\t\t\t\t\t\t\t<div class=\"su-tabs su-tabs-style-default su-tabs-mobile-stack\" data-active=\"1\" data-scroll-offset=\"0\" data-anchor-in-url=\"no\"><div class=\"su-tabs-nav\"><span class=\"\" data-url=\"\" data-target=\"blank\" tabindex=\"0\" role=\"button\">bio<\/span><span class=\"\" data-url=\"\" data-target=\"blank\" tabindex=\"0\" role=\"button\">abstract<\/span><\/div><div class=\"su-tabs-panes\"><div class=\"su-tabs-pane su-u-clearfix su-u-trim\" data-title=\"bio\">\n<p>Richard Gerver \u2013 advisor and&nbsp;consultant<br \/>\nRichard Gerver began his career in education, most notably as headmaster of the failing Grange Primary School. In just two years, he famously transformed the school into one of the most acclaimed learning environments in the world. He was celebrated by&nbsp;UNESCO and&nbsp;the UK Government for its incredible turnaround.<br \/>\nHe obtain global acclaim getting invitations to speak on the most recognised stages, including TED, the RSA and&nbsp;BBC radio.<br \/>\nThe three core principles underpinning his philosophy are communication, empowerment and&nbsp;impact. He argues that great leadership is first and&nbsp;foremost about serving the needs of the people who work for you. His mantra: systems and&nbsp;structures change nothing; people do.<br \/>\nHe has had the opportunity to regularly advise governments and&nbsp;major corporations globally, including Google, Visa, Microsoft, Morgan Stanley, Deloitte, Harrods, Puig and&nbsp;Telefonica. His unique experience and&nbsp;insight into realising human potential also see him working in elite sport, with Olympic and&nbsp;Paralympic coaches, EPL Soccer coaches, England Golf and&nbsp;professional cricket teams. He has recently started working with the British music industry to help develop a capacity for forward, proactive and&nbsp;sustainable change.<br \/>\nHe is also a bestselling author. His first book, Creating Tomorrow\u2019s Schools Today, has become a seminal text around the world for those engaged in the transformation of education. His other books are explorations of human potential, leadership and&nbsp;success. In \u201cChange and&nbsp;Simple Thinking\u201d, Richard explores the world beyond school, through the eyes of an&nbsp;educator. Both have received critical and&nbsp;public success; both achieving global bestseller status. All his books have been translated into a multitude of languages including Spanish, Chinese and&nbsp;Korean. His latest book, \u201cEducation: A Manifesto for Change\u201d, explores how our school system can be made fit for purpose in our turbulent 21st-century world.<\/p>\n<\/div>\n<div class=\"su-tabs-pane su-u-clearfix su-u-trim\" data-title=\"abstract\">\n<p>Education is the most important factor determining the future of our children, our economy, our society and&nbsp;ultimately our planet. Richard uses his experience-driven insights to clarify the vision, thinking and&nbsp;processes we must adopt if we are to develop a system that prepares our young people for the future. <br \/>\nBringing together his career as a former award-winning teacher, globally renowned principal, school and&nbsp;university board member and&nbsp;government policy advisor, Richard speaks with clarity and&nbsp;precision, explaining exactly what skills, behaviours and&nbsp;attributes our children need to achieve success in the modern world<br \/>\n@richardgerver <a href=\"https:\/\/www.richardgerver.com\/\" target=\"_blank\" rel=\"noopener noreferrer\">www.richardgerver.com<\/a><\/p>\n<\/div><\/div><\/div>\n\t\t\t\t\t\t<\/div>\r\n\t\t\t\t\t<\/div>\r\n\r\n\t\t\t\t\t<div style=\"clear: both;\">&nbsp;<\/div>\r\n\t\t\t\t<\/div>\r\n\t\t\t\t\t\t\t\t\t\t\t\t<div id=\"user-5066\" class=\"su-post-prelegent\">\r\n\r\n\t\t\t\t\t<div class=\"content-prelegent-image\">\r\n\t\t\t\t\t\t<img decoding=\"async\" class=\"prelegent-400\" src=\"https:\/\/forumrozwojumiast.poznan.pl\/2020\/wp-content\/uploads\/2020\/07\/na-str-1024x1024.jpg\" \/>\r\n\t\t\t\t\t<\/div>\r\n\r\n\t\t\t\t\t<div class=\"content-prelegent-text\">\r\n\t\t\t\t\t\t<h2 class=\"su-post-title\">Tim Gill &#8211; day I &#8211; 4.11<\/h2>\r\n\t\t\t\t\t\t<div class=\"su-post-excerpt\">\r\n\t\t\t\t\t\t\t<div class=\"su-tabs su-tabs-style-default su-tabs-mobile-stack\" data-active=\"1\" data-scroll-offset=\"0\" data-anchor-in-url=\"no\"><div class=\"su-tabs-nav\"><span class=\"\" data-url=\"\" data-target=\"blank\" tabindex=\"0\" role=\"button\">bio<\/span><span class=\"\" data-url=\"\" data-target=\"blank\" tabindex=\"0\" role=\"button\">abstract<\/span><\/div><div class=\"su-tabs-panes\"><div class=\"su-tabs-pane su-u-clearfix su-u-trim\" data-title=\"bio\">\n<p>Tim Gill &#8211; Design Council Built Environment Expert<br \/>\nTim Gill is a global advocate for children\u2019s outdoor play and&nbsp;mobility, and&nbsp;author of No Fear: Growing up in a risk-averse society (2007) and&nbsp;Urban Playground: How child-friendly planning and&nbsp;design can save cities (due 2021). Tim is a Design Council Built Environment Expert, and&nbsp;a Visiting Research Fellow in the School of Psychology and&nbsp;Clinical Language Sciences at the University of Reading. Tim is a Churchill Fellow and&nbsp;holds degrees from Oxford and&nbsp;London Universities, and&nbsp;an honorary doctorate from Edge Hill University. He is a former director of the Children\u2019s Play Council (now Play England). His website is <span style=\"color: #333333;\"><a style=\"color: #333333;\" href=\"https:\/\/rethinkingchildhood.com\/\" target=\"_blank\" rel=\"noopener noreferrer\">www.rethinkingchildhood.com<\/a><\/span>.<\/p>\n<\/div>\n<div class=\"su-tabs-pane su-u-clearfix su-u-trim\" data-title=\"abstract\">\n<p>Why should we see streets through the eyes of children? What do&nbsp;child-friendly streets look like? And why should decision makers and&nbsp;the wider public care about the idea?<br \/>\nChild-friendly streets are not only good for children. They also make neighbourhoods and&nbsp;cities better for everyone. They are not dominated by&nbsp;traffic. They are great for walking and&nbsp;cycling. And they bring neighbourhoods and&nbsp;communities together. What is more, neighbourhoods with lively, welcoming, engaging streets will attract and&nbsp;retain families, which is vital for the long-term success of any city. <br \/>\nTim will share lessons and&nbsp;insights from cities that have taken the idea of child-friendly streets and&nbsp;neighbourhoods seriously: cities like post-industrial Rotterdam, post-communist Tirana and&nbsp;postmodern Vancouver. And he will highlight the key principles and&nbsp;practices that will transform cities into places that are fit for children, and&nbsp;fit for the urban challenges of the 21st century. <\/p>\n<\/div><\/div><\/div>\n\t\t\t\t\t\t<\/div>\r\n\t\t\t\t\t<\/div>\r\n\r\n\t\t\t\t\t<div style=\"clear: both;\">&nbsp;<\/div>\r\n\t\t\t\t<\/div>\r\n\t\t\t\t\t\t\t\t\t\t\t\t<div id=\"user-5103\" class=\"su-post-prelegent\">\r\n\r\n\t\t\t\t\t<div class=\"content-prelegent-image\">\r\n\t\t\t\t\t\t<img decoding=\"async\" class=\"prelegent-400\" src=\"https:\/\/forumrozwojumiast.poznan.pl\/2020\/wp-content\/uploads\/2020\/07\/Fotini-Ioannidou-EU-na-str.png\" \/>\r\n\t\t\t\t\t<\/div>\r\n\r\n\t\t\t\t\t<div class=\"content-prelegent-text\">\r\n\t\t\t\t\t\t<h2 class=\"su-post-title\">Fotini Ioannidou &#8211; day II &#8211; 5.11<\/h2>\r\n\t\t\t\t\t\t<div class=\"su-post-excerpt\">\r\n\t\t\t\t\t\t\t<div class=\"su-tabs su-tabs-style-default su-tabs-mobile-stack\" data-active=\"1\" data-scroll-offset=\"0\" data-anchor-in-url=\"no\"><div class=\"su-tabs-nav\"><span class=\"\" data-url=\"\" data-target=\"blank\" tabindex=\"0\" role=\"button\">bio<\/span><span class=\"\" data-url=\"\" data-target=\"blank\" tabindex=\"0\" role=\"button\">abstract<\/span><\/div><div class=\"su-tabs-panes\"><div class=\"su-tabs-pane su-u-clearfix su-u-trim\" data-title=\"bio\">\n<p>Fotini Ioannidou \u2013 Head of the Road Safety Unit in the European Commission<br \/>\nFotini Ioannidou has held the post of Head of the Road Safety Unit in the European Commission since January 2017. She was previously Head of the Human Resources Unit from 2012-16 serving both the Directorate General for Mobility and&nbsp;Transport and&nbsp;the Directorate General for Energy. She is working for the Commission since 1994. Her work at the Commission has focused mainly on transport policy, including policy and&nbsp;inter-institutional coordination, aviation safety and&nbsp;air traffic management. Before joining the Commission, Ms Ioannidou has worked as an&nbsp;IT and&nbsp;telecoms consultant for CAP GEMINI in Paris. She holds a degree in electrical engineering from the Democritus University of Thrace, a Master\u2019s degree in information systems from the Ecole Nationale Sup\u00e9rieure des Telecommunications of Paris and&nbsp;a Master&#8217;s degree in electronics from the University of Paris XI-Orsay.<\/p>\n<\/div>\n<div class=\"su-tabs-pane su-u-clearfix su-u-trim\" data-title=\"abstract\">\n<p>Cities are focal points in the EU\u2019s efforts to make mobility safer and&nbsp;more sustainable. In 2019, 22 800 people died on EU roads, more than 60 every day. Nearly 40% of these deaths occurred in urban areas, with mostly vulnerable road users like cyclists and&nbsp;pedestrians among the victims. And for every road death, there are about 5 more people who are seriously injured, often with life-changing consequences. The&nbsp;EU\u2019s goal is \u201cVision Zero\u201d, zero fatalities and&nbsp;zero serious injuries by&nbsp;2050. The&nbsp;EU Road Safety Policy Framework 2021-2030, published last year, explains how we want to get there, and&nbsp;a number of ambitious measures are underway. For towns and&nbsp;cities, better vehicle safety, infrastructure improvements, effective speed management and&nbsp;a holistic approach to sustainable urban mobility planning are key. There are great examples from across the EU of cities that have achieved impressive results, including the winner of last year\u2019s EU Urban Road Safety Award, Pontevedra in Spain, and&nbsp;the runner-up, Jaworzno in Poland. Different sources of EU funding and&nbsp;financing are available to cities to help with road safety measures, and&nbsp;exchanges with peers in EU networks can offer inspiration and&nbsp;advice.<\/p>\n<\/div><\/div><\/div>\n\t\t\t\t\t\t<\/div>\r\n\t\t\t\t\t<\/div>\r\n\r\n\t\t\t\t\t<div style=\"clear: both;\">&nbsp;<\/div>\r\n\t\t\t\t<\/div>\r\n\t\t\t\t\t\t\t\t\t\t\t\t<div id=\"user-5407\" class=\"su-post-prelegent\">\r\n\r\n\t\t\t\t\t<div class=\"content-prelegent-image\">\r\n\t\t\t\t\t\t<img decoding=\"async\" class=\"prelegent-400\" src=\"https:\/\/forumrozwojumiast.poznan.pl\/2020\/wp-content\/uploads\/2019\/09\/JJ-1024x1024.jpg\" \/>\r\n\t\t\t\t\t<\/div>\r\n\r\n\t\t\t\t\t<div class=\"content-prelegent-text\">\r\n\t\t\t\t\t\t<h2 class=\"su-post-title\">Jacek Ja\u015bkowiak &#8211; day I &#8211; 4.11<\/h2>\r\n\t\t\t\t\t\t<div class=\"su-post-excerpt\">\r\n\t\t\t\t\t\t\t<div class=\"su-tabs su-tabs-style-default su-tabs-mobile-stack\" data-active=\"1\" data-scroll-offset=\"0\" data-anchor-in-url=\"no\"><div class=\"su-tabs-nav\"><span class=\"\" data-url=\"\" data-target=\"blank\" tabindex=\"0\" role=\"button\">bio<\/span><\/div><div class=\"su-tabs-panes\"><div class=\"su-tabs-pane su-u-clearfix su-u-trim\" data-title=\"bio\">\n<p>Jacek Ja\u015bkowiak \u2013 Mayor of Pozna\u0144<br \/>\nSince 2014 the Mayor of the City of Pozna\u0144. Social activist, sports activist, former entrepreneur. He graduated from the Faculty of Law of the Adam Mickiewicz University in Poznan, holds a postgraduate diploma in accounting, finances and&nbsp;taxes. A GFPS scholarship recipient at the Bielefeld University in Germany. His priorities in the city management are: implementation of assumptions of the sustainable transport, improvement of investment processes, accessible culture, housing and&nbsp;senior-resident policy, and&nbsp;the revitalisation of the city centre.<\/p>\n<\/div><\/div><\/div>\n\t\t\t\t\t\t<\/div>\r\n\t\t\t\t\t<\/div>\r\n\r\n\t\t\t\t\t<div style=\"clear: both;\">&nbsp;<\/div>\r\n\t\t\t\t<\/div>\r\n\t\t\t\t\t\t\t\t\t\t\t\t<div id=\"user-5040\" class=\"su-post-prelegent\">\r\n\r\n\t\t\t\t\t<div class=\"content-prelegent-image\">\r\n\t\t\t\t\t\t<img decoding=\"async\" class=\"prelegent-400\" src=\"https:\/\/forumrozwojumiast.poznan.pl\/2020\/wp-content\/uploads\/2020\/07\/petra-jens.jpg\" \/>\r\n\t\t\t\t\t<\/div>\r\n\r\n\t\t\t\t\t<div class=\"content-prelegent-text\">\r\n\t\t\t\t\t\t<h2 class=\"su-post-title\">Petra Jens &#8211; day I &#8211; 4.11<\/h2>\r\n\t\t\t\t\t\t<div class=\"su-post-excerpt\">\r\n\t\t\t\t\t\t\t<div class=\"su-tabs su-tabs-style-default su-tabs-mobile-stack\" data-active=\"1\" data-scroll-offset=\"0\" data-anchor-in-url=\"no\"><div class=\"su-tabs-nav\"><span class=\"\" data-url=\"\" data-target=\"blank\" tabindex=\"0\" role=\"button\">bio<\/span><span class=\"\" data-url=\"\" data-target=\"blank\" tabindex=\"0\" role=\"button\">abstract<\/span><\/div><div class=\"su-tabs-panes\"><div class=\"su-tabs-pane su-u-clearfix su-u-trim\" data-title=\"bio\">\n<p>Petra Jens &#8211; city\u2019s representative for pedestrian matters and&nbsp;assistant manager of Mobility Agency Vienna<br \/>\nPetra Jens lives and&nbsp;works in Vienna. She is the city\u2019s representative for pedestrian matters and&nbsp;assistant manager of Mobility Agency Vienna, a company owned by&nbsp;the City of Vienna.<br \/>\nPetra Jens graduated from Boku \u2013 University of Natural Resources and&nbsp;Life Sciences and&nbsp;has a degree in Political Education from Donau-University Krems. In the year 2006, as a young mother of three children, she started a internationally acclaimed and&nbsp;successful citizens&#8217; initiative fighting the mess left by&nbsp;dog feces in public spaces. Her petition demanding stricter rules for dog owners and&nbsp;more care for public space was signed by&nbsp;160.000 people and&nbsp;led to cleaner streets and&nbsp;better walking conditions in Vienna.<br \/>\nAs campaigner for one of Austria\u2019s largest charity \u201cDiakonie\u201d she continued working for socio-political causes till she became representative for walking matters of the city of Vienna in 2013. In this function she realized the \u201cYear of Walking\u201d, the campaign placed emphasis on walking in the City of Viennas communication for the first time. Vienna was the first city worldwide to conduct a walking campaign of this scope. Other projects (exemplary): the \u201cwalking report\u201d a survey and&nbsp;monitoring on walking\/pedestrian traffic was published; establishing a guidance system for pedestrians in the city and&nbsp;marking public passages; a number of pilot projects, e. g. implementing mobility management for children and&nbsp;families in Vienna, creating and&nbsp;providing mobility boxes used for teaching in kindergarten; establishing \u201cStreetlife Festival\u201d, Vienna`s biggest public event on mobility and&nbsp;public space.<\/p>\n<\/div>\n<div class=\"su-tabs-pane su-u-clearfix su-u-trim\" data-title=\"abstract\">\n<p>Walkable cities are cities for children, because walking is their main means of transport. Vienna is a city for pedestrians. 28 % of all trips are done by&nbsp;walking. Walking is part of a healthy lifestyle. Adults should be active at least 150 minutes per week, children should be active 60 minutes every day (according to the WHO). <br \/>\nThe way to school could provide one third of the daily required physical activity, if it\u2019s done by&nbsp;walking or cycling. Nevertheless, 20 percent of all primary school students are driven to school by&nbsp;car. Some parents think it\u2019s more comfortable, some think it\u2019s safer. But even few cars at the same time in front of the school may cause congestion, air pollution and&nbsp;dangerous situation for walking and&nbsp;cycling kids. Most of all, driving kids to school implies to refuse physical activity, social contact and&nbsp;essential experiences in public space.<br \/>\nIn Vienna, there\u2019s a wide range of measures to avoid car trips to school \u2013 from information for parents, to carf ree places in front of schools, planned with neighbours, parents and&nbsp;children. In autumn 2018 the City of Vienna started a pilot project to prohibit car driving in a school street during the times when kids are arriving or leaving school.<br \/>\nSince then, several school streets have been implemented. Slowly, the public opinion about so called parent taxis has been changed. <br \/>\nThe Mobility Agency Vienna was founded in 2013 to promote walking and&nbsp;cycling in Vienna. The&nbsp;company is owned by&nbsp;the City of Vienna.<br \/>\n<a href=\"https:\/\/www.mobilitaetsagentur.at\">https:\/\/www.mobilitaetsagentur.at<\/a><br \/>\n<a href=\"https:\/\/www.wienzufuss.at\/schulstrasse\">https:\/\/www.wienzufuss.at\/schulstrasse<\/a> <br \/>\n<a href=\"https:\/\/www.fahrradwien.at\">https:\/\/www.fahrradwien.at<\/a><\/p>\n<\/div><\/div><\/div>\n\t\t\t\t\t\t<\/div>\r\n\t\t\t\t\t<\/div>\r\n\r\n\t\t\t\t\t<div style=\"clear: both;\">&nbsp;<\/div>\r\n\t\t\t\t<\/div>\r\n\t\t\t\t\t\t\t\t\t\t\t\t<div id=\"user-5282\" class=\"su-post-prelegent\">\r\n\r\n\t\t\t\t\t<div class=\"content-prelegent-image\">\r\n\t\t\t\t\t\t<img decoding=\"async\" class=\"prelegent-400\" src=\"https:\/\/forumrozwojumiast.poznan.pl\/2020\/wp-content\/uploads\/2020\/09\/1-1-1024x1024.jpg\" \/>\r\n\t\t\t\t\t<\/div>\r\n\r\n\t\t\t\t\t<div class=\"content-prelegent-text\">\r\n\t\t\t\t\t\t<h2 class=\"su-post-title\">Taavi Kotka &#8211; day II &#8211; 5.11<\/h2>\r\n\t\t\t\t\t\t<div class=\"su-post-excerpt\">\r\n\t\t\t\t\t\t\t<div class=\"su-tabs su-tabs-style-default su-tabs-mobile-stack\" data-active=\"1\" data-scroll-offset=\"0\" data-anchor-in-url=\"no\"><div class=\"su-tabs-nav\"><span class=\"\" data-url=\"\" data-target=\"blank\" tabindex=\"0\" role=\"button\">bio<\/span><span class=\"\" data-url=\"\" data-target=\"blank\" tabindex=\"0\" role=\"button\">abstract<\/span><\/div><div class=\"su-tabs-panes\"><div class=\"su-tabs-pane su-u-clearfix su-u-trim\" data-title=\"bio\">\n<p>Taavi Kotka \u2013 &nbsp;advisor and&nbsp;consultant on digital transformation<br \/>\nTaavi became Estonia\u2019s first ever Chief Information Officer in 2013 to oversee the country\u2019s development as an&nbsp;advanced digital nation. He previously worked in the private sector, starting his career as a programmer before rising to be the CEO of the region\u2019s largest software development company, Webmedia (now Nortal). During this time, Taavi was named Ernst &amp; Young\u2019s Entrepreneur of the Year.<br \/>\nAs Estonia\u2019s CIO, Taavi introduced a number of new ideas that have come todefine the concept of \u2018e-Estonia\u2019 as a digital nation and&nbsp;these best practises are now being copied and&nbsp;implemented by&nbsp;other governments around the world. This&nbsp;includes the e-Residency programme, which has placed Estonia at the epicentre of the global tech community, as well as innovations such as data embassies, country-as-a-service (CAAS), the no-legacy policy, VAT fraud detection, and&nbsp;others. As a result of his work in the public sector, Taavi was named European CIO of the Year 2014 and&nbsp;received Estonia\u2019s prestigious White Star III Class Order in 2016.Computerworld has named him as on of the 100 Premier technology leaders in 2016 and&nbsp;he made amongst the Apolitical&#8217;s World\u2019s 100 most influential people in digital government in 2018. Financial Times named Taavi as one of the 12 leading individuals among the Europe&#8217;s 100 digital champions in 2018.<br \/>\nTaavi is now back in the private sector, helping startups develop and&nbsp;consulting large enterprises and&nbsp;governments on digital transformation. He is also a very popular and&nbsp;visionary speaker at large conferences around the world.<br \/>\nTill the autumn of 2018 Taavi was also a special advisor to European<br \/>\nCommission vice-president Andrus Ansip on European Digital Single Market.<br \/>\nIn personal life: Passionate about piano lessons, chess, snowboarding and&nbsp;family.<br \/>\nEducation: Master of Science of Engineering (focus: ICT) cum laude, PhD Studies I Tallinn University of Technology.<\/p>\n<\/div>\n<div class=\"su-tabs-pane su-u-clearfix su-u-trim\" data-title=\"abstract\">\n<p>According to the international PISA test Estonia ranks first in Europe. In his keynote Taavi will explain the reasoning behind this success. What kind of thinking, processes and&nbsp;tools have been used during last 20 years and&nbsp;what comes next. Additionally the audience will get behind the scene view of one of the latest success-stories in Estonia: how to attract more girls to learn technology and&nbsp;robotics.<\/p>\n<\/div><\/div><\/div>\n\t\t\t\t\t\t<\/div>\r\n\t\t\t\t\t<\/div>\r\n\r\n\t\t\t\t\t<div style=\"clear: both;\">&nbsp;<\/div>\r\n\t\t\t\t<\/div>\r\n\t\t\t\t\t\t\t\t\t\t\t\t<div id=\"user-6057\" class=\"su-post-prelegent\">\r\n\r\n\t\t\t\t\t<div class=\"content-prelegent-image\">\r\n\t\t\t\t\t\t<img decoding=\"async\" class=\"prelegent-400\" src=\"https:\/\/forumrozwojumiast.poznan.pl\/2020\/wp-content\/uploads\/2020\/10\/1-1-1024x1024.jpg\" \/>\r\n\t\t\t\t\t<\/div>\r\n\r\n\t\t\t\t\t<div class=\"content-prelegent-text\">\r\n\t\t\t\t\t\t<h2 class=\"su-post-title\">Franti\u0161ek Kube\u0161 &#8211; day II &#8211; 5.11<\/h2>\r\n\t\t\t\t\t\t<div class=\"su-post-excerpt\">\r\n\t\t\t\t\t\t\t<div class=\"su-tabs su-tabs-style-default su-tabs-mobile-stack\" data-active=\"1\" data-scroll-offset=\"0\" data-anchor-in-url=\"no\"><div class=\"su-tabs-nav\"><span class=\"\" data-url=\"\" data-target=\"blank\" tabindex=\"0\" role=\"button\">bio<\/span><span class=\"\" data-url=\"\" data-target=\"blank\" tabindex=\"0\" role=\"button\">abstract<\/span><\/div><div class=\"su-tabs-panes\"><div class=\"su-tabs-pane su-u-clearfix su-u-trim\" data-title=\"bio\">\n<p>Franti\u0161ek Kube\u0161 &#8211; an&nbsp;expert in regional and&nbsp;local development, strategic<br \/>\nplanning, integrated development, metropolitan cooperation and&nbsp;Smart Cities<br \/>\n(lectures in the Czech Republic and&nbsp;abroad). <br \/>\nSince 2019, he has been working as the head of the Strategic Development and&nbsp;Cooperation Department. He has experience from the Czech Ministry of Regional Development (responsible for strategy and&nbsp;regional policy and&nbsp;urban<br \/>\npolicy). He is a graduate of the Faculty of Science of the University of Ostrava in the field of Social Geography and&nbsp;Regional Development. He received a Ph.D. doctorate in the field of Cultural and&nbsp;Political Geography.<\/p>\n<\/div>\n<div class=\"su-tabs-pane su-u-clearfix su-u-trim\" data-title=\"abstract\">\n<p>At the beginning of the 20th century, the \u0160pit\u00e1lka Heating Plant was an<br \/>\nexample of energy progress &#8211; as the first heating plant in Czechoslovakia<br \/>\nat that time. Nowadays, the western part of the area is unused and<br \/>\navailable for next development. The&nbsp;city of Brno is therefore interested in<br \/>\nusing this site for the future construction of smart district \u0160pit\u00e1lka,<br \/>\nwhich will serve as a pilot project for verifying the use of modern<br \/>\ntechnologies and&nbsp;approaches for their possible expansion all over the city.<br \/>\nSpecific (urban) users of the future smart district are foreseen.<\/p>\n<\/div><\/div><\/div>\n\t\t\t\t\t\t<\/div>\r\n\t\t\t\t\t<\/div>\r\n\r\n\t\t\t\t\t<div style=\"clear: both;\">&nbsp;<\/div>\r\n\t\t\t\t<\/div>\r\n\t\t\t\t\t\t\t\t\t\t\t\t<div id=\"user-5891\" class=\"su-post-prelegent\">\r\n\r\n\t\t\t\t\t<div class=\"content-prelegent-image\">\r\n\t\t\t\t\t\t<img decoding=\"async\" class=\"prelegent-400\" src=\"https:\/\/forumrozwojumiast.poznan.pl\/2020\/wp-content\/uploads\/2020\/10\/pl.png\" \/>\r\n\t\t\t\t\t<\/div>\r\n\r\n\t\t\t\t\t<div class=\"content-prelegent-text\">\r\n\t\t\t\t\t\t<h2 class=\"su-post-title\">Piotr Libicki &#8211; day I &#8211; 4.11<\/h2>\r\n\t\t\t\t\t\t<div class=\"su-post-excerpt\">\r\n\t\t\t\t\t\t\t<div class=\"su-tabs su-tabs-style-default su-tabs-mobile-stack\" data-active=\"1\" data-scroll-offset=\"0\" data-anchor-in-url=\"no\"><div class=\"su-tabs-nav\"><span class=\"\" data-url=\"\" data-target=\"blank\" tabindex=\"0\" role=\"button\">bio<\/span><span class=\"\" data-url=\"\" data-target=\"blank\" tabindex=\"0\" role=\"button\">abstract<\/span><\/div><div class=\"su-tabs-panes\"><div class=\"su-tabs-pane su-u-clearfix su-u-trim\" data-title=\"bio\">\n<p>Piotr Libicki &#8211; art historian, author and&nbsp;co-author of guidebooks<br \/>\nIn 1999-2009 he worked for Telewizja Polska (Polish Television) in Pozna\u0144. Since 2004 he has been an&nbsp;expert of the Sobieski Institute in Warsaw in the field of the city. He is an&nbsp;urban activist, co-founder of the summer outdoor cinema Kino Grunwald and&nbsp;Otwarte initiative. In 2013-2015 he was a lecturer at the the Institute of Socio-Economic Geography and&nbsp;Spatial Management and&nbsp;in 2018-2019 at the Art History Institute at the Adam Mickiewicz University in Pozna\u0144. Since 2013 he has been the Plenipotentiary of the Mayor of the City of Pozna\u0144 for urban aesthetics and&nbsp;since 2019 also deputy director of the Public Roads Administration in the field of public space.<\/p>\n<\/div>\n<div class=\"su-tabs-pane su-u-clearfix su-u-trim\" data-title=\"abstract\">\n<p>Safety should not be our goal. Safety should be a result which we achieve by&nbsp;creating a high-quality space. A high-quality space is a place, where people want to stay. The&nbsp;biggest challenge in creating high-quality public spaces, from smallest streets to downtown squares, is not finding the best shape for it, it is convincing the biggest number of citizens to a change, It is easier to demand another police patrol than to walk additional 100 metres to a parked car.<\/p>\n<\/div><\/div><\/div>\n\t\t\t\t\t\t<\/div>\r\n\t\t\t\t\t<\/div>\r\n\r\n\t\t\t\t\t<div style=\"clear: both;\">&nbsp;<\/div>\r\n\t\t\t\t<\/div>\r\n\t\t\t\t\t\t\t\t\t\t\t\t<div id=\"user-5467\" class=\"su-post-prelegent\">\r\n\r\n\t\t\t\t\t<div class=\"content-prelegent-image\">\r\n\t\t\t\t\t\t<img decoding=\"async\" class=\"prelegent-400\" src=\"https:\/\/forumrozwojumiast.poznan.pl\/2020\/wp-content\/uploads\/2020\/10\/111-1024x1024.jpg\" \/>\r\n\t\t\t\t\t<\/div>\r\n\r\n\t\t\t\t\t<div class=\"content-prelegent-text\">\r\n\t\t\t\t\t\t<h2 class=\"su-post-title\">Iwona Matuszczak-Szulc<\/h2>\r\n\t\t\t\t\t\t<div class=\"su-post-excerpt\">\r\n\t\t\t\t\t\t\t<div class=\"su-tabs su-tabs-style-default su-tabs-mobile-stack\" data-active=\"1\" data-scroll-offset=\"0\" data-anchor-in-url=\"no\"><div class=\"su-tabs-nav\"><span class=\"\" data-url=\"\" data-target=\"blank\" tabindex=\"0\" role=\"button\">bio<\/span><\/div><div class=\"su-tabs-panes\"><div class=\"su-tabs-pane su-u-clearfix su-u-trim\" data-title=\"bio\">\n<p>Iwona Matuszczak-Szulc \u2013 director of Foreign Relations and&nbsp;City Development Department of the Poznan City Hall<\/p>\n<p>She is responsible for contacts with foreign partners, updating and&nbsp;monitoring Development Strategy for the City of Poznan. She supervises issues related with rating of the City of Poznan and&nbsp;with cooperation with international rating agencies Fitch Ratings and&nbsp;Moody\u2019s Investors Service as well work of \u201cThink-Tanks\u201d under the Mayor of Poznan, preparation of innovative conceptions, structures, models and&nbsp;solutions for problematic situations, preparation and&nbsp;organization of international conferences and&nbsp;projects. She coordinates strategic management of the City and&nbsp;participation of the City of Poznan in Urban Agenda for the EU. Coordinator of European project \u201cGet into the swing of the City\u201d dedicated to the creative generation Y. She is also an&nbsp;University lecturer. She is interested in use of innovative methods in solving complex problems and&nbsp;research projects as well long-distance running. She is an&nbsp;initiator and&nbsp;main organizer of City Development Forum.<\/p>\n<\/div><\/div><\/div>\n\t\t\t\t\t\t<\/div>\r\n\t\t\t\t\t<\/div>\r\n\r\n\t\t\t\t\t<div style=\"clear: both;\">&nbsp;<\/div>\r\n\t\t\t\t<\/div>\r\n\t\t\t\t\t\t\t\t\t\t\t\t<div id=\"user-5551\" class=\"su-post-prelegent\">\r\n\r\n\t\t\t\t\t<div class=\"content-prelegent-image\">\r\n\t\t\t\t\t\t<img decoding=\"async\" class=\"prelegent-400\" src=\"https:\/\/forumrozwojumiast.poznan.pl\/2020\/wp-content\/uploads\/2020\/09\/1CezaryMazurek.jpg\" \/>\r\n\t\t\t\t\t<\/div>\r\n\r\n\t\t\t\t\t<div class=\"content-prelegent-text\">\r\n\t\t\t\t\t\t<h2 class=\"su-post-title\">Cezary Mazurek &#8211; day II &#8211; 5.11<\/h2>\r\n\t\t\t\t\t\t<div class=\"su-post-excerpt\">\r\n\t\t\t\t\t\t\t<div class=\"su-tabs su-tabs-style-default su-tabs-mobile-stack\" data-active=\"1\" data-scroll-offset=\"0\" data-anchor-in-url=\"no\"><div class=\"su-tabs-nav\"><span class=\"\" data-url=\"\" data-target=\"blank\" tabindex=\"0\" role=\"button\">bio<\/span><\/div><div class=\"su-tabs-panes\"><div class=\"su-tabs-pane su-u-clearfix su-u-trim\" data-title=\"bio\">\n<p>Cezary Mazurek &#8211; Plenipotentiary of the Director of the Institute of Bioorganic Chemistry of the Polish Academy of Sciences for the Poznan Supercomputing and&nbsp;Networking Centre<br \/>\nFor over 20 years involved in the construction of the IT scientific infrastructure in Poland and&nbsp;the development of services for the information society. He has managed implementation of big projects: the Multimedia City Guide of Poznan, the dLibra system of digital libraries, the NAB\u00d3R recruitment system, and&nbsp;the scientific television PLATON TV. President of the Wielkopolska ICT Cluster. Author of over 100 publications.<\/p>\n<p>&nbsp;<\/p>\n<\/div><\/div><\/div>\n\t\t\t\t\t\t<\/div>\r\n\t\t\t\t\t<\/div>\r\n\r\n\t\t\t\t\t<div style=\"clear: both;\">&nbsp;<\/div>\r\n\t\t\t\t<\/div>\r\n\t\t\t\t\t\t\t\t\t\t\t\t<div id=\"user-5911\" class=\"su-post-prelegent\">\r\n\r\n\t\t\t\t\t<div class=\"content-prelegent-image\">\r\n\t\t\t\t\t\t<img decoding=\"async\" class=\"prelegent-400\" src=\"https:\/\/forumrozwojumiast.poznan.pl\/2020\/wp-content\/uploads\/2020\/10\/1-1024x768.jpg\" \/>\r\n\t\t\t\t\t<\/div>\r\n\r\n\t\t\t\t\t<div class=\"content-prelegent-text\">\r\n\t\t\t\t\t\t<h2 class=\"su-post-title\">Playstreets in Berlin &#8211; day I &#8211; 4.11<\/h2>\r\n\t\t\t\t\t\t<div class=\"su-post-excerpt\">\r\n\t\t\t\t\t\t\t<div class=\"su-tabs su-tabs-style-default su-tabs-mobile-stack\" data-active=\"1\" data-scroll-offset=\"0\" data-anchor-in-url=\"no\"><div class=\"su-tabs-nav\"><span class=\"\" data-url=\"\" data-target=\"blank\" tabindex=\"0\" role=\"button\">bio<\/span><span class=\"\" data-url=\"\" data-target=\"blank\" tabindex=\"0\" role=\"button\">abstract<\/span><\/div><div class=\"su-tabs-panes\"><div class=\"su-tabs-pane su-u-clearfix su-u-trim\" data-title=\"bio\">\n<p>Constanze Siedenburg<br \/>\nPress officer at the Senate Department for Traffic in Berlin <br \/>\nPreviously personal assistant to the State Secretary for Transportation. She has been designing neighborhood projects in Berlin since 1995 and&nbsp;has been an&nbsp;active local politician for the Green Party in the Pankow district since 2012.<br \/>\nCornelia Dittrich<br \/>\nPlaystreet activist since 2008<br \/>\nAs an&nbsp;architect and&nbsp;mother of 3 children living in Berlin, especially aware of the immense waste of valuable public space in favour of motorised cars. Coordinator of the Berliner B\u00fcndnis Tempor\u00e4re Spielstra\u00dfen (Berlin Playstreet Alliance) which was founded in March 2019 by&nbsp;several organizations focused on children\u2019s rights and&nbsp;ecological issues (Dachverband Berliner Kinder- und Sch\u00fclerl\u00e4den, Deutsches Kinderhilfswerk, BUND Berlin, autofrei leben!). Since 2020 the work of the Alliance is officially supported by&nbsp;the Berlin Government.<\/p>\n<\/div>\n<div class=\"su-tabs-pane su-u-clearfix su-u-trim\" data-title=\"abstract\">\n<p>The street as a place to stay and&nbsp;meet people &#8211; what for centuries was taken for granted has been lost in the last few decades. Constanze Siedenburg and&nbsp;Cornelia Dittrich will show us how this can be successfully changed to make cities even better to live in. Berlin&#8217;s temporary play streets are a simple tool for occasional street use in new ways. They are established on the initiative of the inhabitants, with their participation, acting for a better neighborhood. Let&#8217;s see how they managed to carry out a small revolution in the Friedrichshain-Kreuzberg district and&nbsp;organize the Car Free Day 2020 freeing 24 streets from cars and&nbsp;temporarily restoring them to residents.<\/p>\n<\/div><\/div><\/div>\n\t\t\t\t\t\t<\/div>\r\n\t\t\t\t\t<\/div>\r\n\r\n\t\t\t\t\t<div style=\"clear: both;\">&nbsp;<\/div>\r\n\t\t\t\t<\/div>\r\n\t\t\t\t\t\t\t\t\t\t\t\t<div id=\"user-5270\" class=\"su-post-prelegent\">\r\n\r\n\t\t\t\t\t<div class=\"content-prelegent-image\">\r\n\t\t\t\t\t\t<img decoding=\"async\" class=\"prelegent-400\" src=\"https:\/\/forumrozwojumiast.poznan.pl\/2020\/wp-content\/uploads\/2020\/09\/1.jpg\" \/>\r\n\t\t\t\t\t<\/div>\r\n\r\n\t\t\t\t\t<div class=\"content-prelegent-text\">\r\n\t\t\t\t\t\t<h2 class=\"su-post-title\">Polis Network &#8211; day I &#8211; 4.11<\/h2>\r\n\t\t\t\t\t\t<div class=\"su-post-excerpt\">\r\n\t\t\t\t\t\t\t<div class=\"su-tabs su-tabs-style-default su-tabs-mobile-stack\" data-active=\"1\" data-scroll-offset=\"0\" data-anchor-in-url=\"no\"><div class=\"su-tabs-nav\"><span class=\"\" data-url=\"\" data-target=\"blank\" tabindex=\"0\" role=\"button\">bio<\/span><span class=\"\" data-url=\"\" data-target=\"blank\" tabindex=\"0\" role=\"button\">abstract<\/span><\/div><div class=\"su-tabs-panes\"><div class=\"su-tabs-pane su-u-clearfix su-u-trim\" data-title=\"bio\">\n<p>Bal\u00e1zs N\u00e9meth &#8211; project officer at Polis Network<br \/>\nA project officer at Polis Network involved in urban transport related EU projects such as WeCount, LEVITATE, ELTIS and&nbsp;EUROPEANMOBILITYWEEK campaign. Bal\u00e1zs has a broad background in sustainable mobility and&nbsp;urban planning, in general. He completed a Master of Engineering Sustainable Cities degree in Copenhagen. While in Brussels, he previously worked for EUROCITIES as part of the urban mobility team and&nbsp;completed a traineeship at the European Commission. <br \/>\nIvo Cr\u00e9 \u2013 director of Polis Network<br \/>\nDirector of Polis Network involved in Polis\u2019 policy coordination and&nbsp;activities of EU project development. He leads Polis&#8217; thematic pillar on Access, including the working groups on parking and&nbsp;on urban access. He has coordinated Polis\u2019 policy paper on smart cities. He is currently working on the European Projects Future Radar, CIVITAS SATELLITE, REVEAL, PARK4SUMP. Ivo has extensive experience in city networks and&nbsp;policy in the field of mobility.<\/p>\n<\/div>\n<div class=\"su-tabs-pane su-u-clearfix su-u-trim\" data-title=\"abstract\">\n<p>Polis, the network of cities and&nbsp;regions for transport innovation is in close contact with its 84 members to understand how they are coping with the current crisis, which is affecting people\u2019s mobility behaviour to a large extent. Mobility solutions only become smart when they manage to achieve wide acceptance among users. How can we increase this acceptance? Learning from their feedback while closely monitoring several EU supported transport innovation projects, this intervention will explain challenges and&nbsp;solutions of how to live with the new normal in urban mobility.<\/p>\n<\/div><\/div><\/div>\n\t\t\t\t\t\t<\/div>\r\n\t\t\t\t\t<\/div>\r\n\r\n\t\t\t\t\t<div style=\"clear: both;\">&nbsp;<\/div>\r\n\t\t\t\t<\/div>\r\n\t\t\t\t\t\t\t\t\t\t\t\t<div id=\"user-5436\" class=\"su-post-prelegent\">\r\n\r\n\t\t\t\t\t<div class=\"content-prelegent-image\">\r\n\t\t\t\t\t\t<img decoding=\"async\" class=\"prelegent-400\" src=\"https:\/\/forumrozwojumiast.poznan.pl\/2020\/wp-content\/uploads\/2020\/09\/1-6-1024x1024.jpg\" \/>\r\n\t\t\t\t\t<\/div>\r\n\r\n\t\t\t\t\t<div class=\"content-prelegent-text\">\r\n\t\t\t\t\t\t<h2 class=\"su-post-title\">Rafa\u0142 Ratajczak &#8211; day I &#8211; 4.11<\/h2>\r\n\t\t\t\t\t\t<div class=\"su-post-excerpt\">\r\n\t\t\t\t\t\t\t<div class=\"su-tabs su-tabs-style-default su-tabs-mobile-stack\" data-active=\"1\" data-scroll-offset=\"0\" data-anchor-in-url=\"no\"><div class=\"su-tabs-nav\"><span class=\"\" data-url=\"\" data-target=\"blank\" tabindex=\"0\" role=\"button\">bio<\/span><\/div><div class=\"su-tabs-panes\"><div class=\"su-tabs-pane su-u-clearfix su-u-trim\" data-title=\"bio\">\n<p>Rafa\u0142 Ratajczak &#8211; manager in the smart city area at the Wielkopolska Investment Support Center Ltd<br \/>\nA graduate of law and&nbsp;international relations at the Faculty of Political Sciences at the Adam Mickiewicz University and&nbsp;Management and&nbsp;Economics at the University of Economics in Pozna\u0144. For several years associated with the environmental protection industry and&nbsp;waste management. During this time, he led a number of logistics and&nbsp;implementation projects related to waste treatment installations.<br \/>\nCurrently a manager in the smart city area at the Wielkopolska Investment Support Center Ltd. He uses the acquired managerial experience to support the City of Pozna\u0144 in the field of testing and&nbsp;implementing solutions aimed at improving the quality of life in the city.<\/p>\n<\/div><\/div><\/div>\n\t\t\t\t\t\t<\/div>\r\n\t\t\t\t\t<\/div>\r\n\r\n\t\t\t\t\t<div style=\"clear: both;\">&nbsp;<\/div>\r\n\t\t\t\t<\/div>\r\n\t\t\t\t\t\t\t\t\t\t\t\t<div id=\"user-5248\" class=\"su-post-prelegent\">\r\n\r\n\t\t\t\t\t<div class=\"content-prelegent-image\">\r\n\t\t\t\t\t\t<img decoding=\"async\" class=\"prelegent-400\" src=\"https:\/\/forumrozwojumiast.poznan.pl\/2020\/wp-content\/uploads\/2020\/09\/3-1024x1024.jpg\" \/>\r\n\t\t\t\t\t<\/div>\r\n\r\n\t\t\t\t\t<div class=\"content-prelegent-text\">\r\n\t\t\t\t\t\t<h2 class=\"su-post-title\">Rennes M\u00e9tropole &#8211; day I &#8211; 4.11<\/h2>\r\n\t\t\t\t\t\t<div class=\"su-post-excerpt\">\r\n\t\t\t\t\t\t\t<div class=\"su-tabs su-tabs-style-default su-tabs-mobile-stack\" data-active=\"1\" data-scroll-offset=\"0\" data-anchor-in-url=\"no\"><div class=\"su-tabs-nav\"><span class=\"\" data-url=\"\" data-target=\"blank\" tabindex=\"0\" role=\"button\">bio<\/span><span class=\"\" data-url=\"\" data-target=\"blank\" tabindex=\"0\" role=\"button\">abstract<\/span><\/div><div class=\"su-tabs-panes\"><div class=\"su-tabs-pane su-u-clearfix su-u-trim\" data-title=\"bio\">\n<p>Gildas Bourven \u2013 project officer in the mobility department in Rennes MetropoleGildas Bourven is project officer in the mobility department in Rennes Metropole, in charge of traffic, traffic calming measures, meeting areas, and&nbsp;pedestrian areas.<br \/>\nGuillaume Porcher &#8211; project officer in the mobility department in Rennes Metropole<br \/>\nGuillaume Porcher is project officer in the mobility department, in charge of facilities for bicycles, sustainable mobility, connected mobility.<br \/>\nBoth are in charge of the strengthening of transitional facilities for bicycles and&nbsp;pedestrians in Rennes Metropole in spring 2020, in response of the health crisis.<\/p>\n<\/div>\n<div class=\"su-tabs-pane su-u-clearfix su-u-trim\" data-title=\"abstract\">\n<p>In Rennes M\u00e9tropole, tactical urban planning in response to the health crisis <br \/>\nSince the spring 2020, Rennes M\u00e9tropole has been strengthening its transitional facilities for bicycles and&nbsp;pedestrians: in anticipation of the end of the lock down in May 2020, several facilities have been added to the 570 km or so of cycle paths. Since then, the city has continued the transitional bicycle and&nbsp;pedestrian facilities. This&nbsp;transition period following the health crisis has been an&nbsp;opportunity to test facilities and&nbsp;to accelerate the reorganisation of public space in favour of pedestrian and&nbsp;cyclist movements and&nbsp;speed reduction.<\/p>\n<\/div><\/div><\/div>\n\t\t\t\t\t\t<\/div>\r\n\t\t\t\t\t<\/div>\r\n\r\n\t\t\t\t\t<div style=\"clear: both;\">&nbsp;<\/div>\r\n\t\t\t\t<\/div>\r\n\t\t\t\t\t\t\t\t\t\t\t\t<div id=\"user-5396\" class=\"su-post-prelegent\">\r\n\r\n\t\t\t\t\t<div class=\"content-prelegent-image\">\r\n\t\t\t\t\t\t<img decoding=\"async\" class=\"prelegent-400\" src=\"https:\/\/forumrozwojumiast.poznan.pl\/2020\/wp-content\/uploads\/2020\/09\/2-1.jpg\" \/>\r\n\t\t\t\t\t<\/div>\r\n\r\n\t\t\t\t\t<div class=\"content-prelegent-text\">\r\n\t\t\t\t\t\t<h2 class=\"su-post-title\">Dominika Sadowska &#8211; day II &#8211; 5.11<\/h2>\r\n\t\t\t\t\t\t<div class=\"su-post-excerpt\">\r\n\t\t\t\t\t\t\t<div class=\"su-tabs su-tabs-style-default su-tabs-mobile-stack\" data-active=\"1\" data-scroll-offset=\"0\" data-anchor-in-url=\"no\"><div class=\"su-tabs-nav\"><span class=\"\" data-url=\"\" data-target=\"blank\" tabindex=\"0\" role=\"button\">bio<\/span><span class=\"\" data-url=\"\" data-target=\"blank\" tabindex=\"0\" role=\"button\">abstract<\/span><\/div><div class=\"su-tabs-panes\"><div class=\"su-tabs-pane su-u-clearfix su-u-trim\" data-title=\"bio\">\n<p>Dominika Sadowska \u2013 expert in the field of anti-discrimination policy and&nbsp;law<br \/>\nShe is a mediator of conflicts in the area of D&amp;I (diversity and&nbsp;inclusion) and&nbsp;an initiator and&nbsp;founder of Strefa R\u00f3\u017cnorodno\u015bci (the Diversity Zone) and&nbsp;Divercity +. She specializes in designing and&nbsp;implementing diversity management and&nbsp;social inclusion strategies in enterprises, as well as in cities and&nbsp;metropolises (Diverse Warsaw, Gda\u0144sk Model for equal treatment).<br \/>\nShe currently works on a new diversity policy for Warsaw and&nbsp;an equality action plan for Pozna\u0144. She is the author of the National Program for Counteracting Racial Discrimination, Xenophobia and&nbsp;Related Intolerance.<br \/>\nEnthusiast of the issues of social responsibility of architecture and&nbsp;urban conflicts.<\/p>\n<\/div>\n<div class=\"su-tabs-pane su-u-clearfix su-u-trim\" data-title=\"abstract\">\n<p>How can modern cities and&nbsp;their residents settle in the world of VUCA?<br \/>\nWhat will be key knowledge, competences and&nbsp;skills of the new reality?<br \/>\nAn answer to that can be approach called \u201cVUCA Prime\u201d.<br \/>\nIt comprises action scheme which allows us to settle in the apparently unpredictable chaos. An answer to change is a vision \u2013 a direction, scenario or values which will unite in the times of turbulence. Instead of uncertainty, it suggests understanding which requires development of social skills and&nbsp;communication policies. As an&nbsp;answer to complexity, we would need clarity supported by&nbsp;tools connected with providing and&nbsp;synthesizing information. Equivocation could be replaced with resilience \u2013 ability of fast adaptation, prototyping and&nbsp;implementing the change. During the discussion we will talk more not only about this basic assumption but also indicate resulting from it key competences which relate to various aspects of life: personal and&nbsp;connected to relationships, organizational and&nbsp;social.<\/p>\n<p>&nbsp;<\/p>\n<\/div><\/div><\/div>\n\t\t\t\t\t\t<\/div>\r\n\t\t\t\t\t<\/div>\r\n\r\n\t\t\t\t\t<div style=\"clear: both;\">&nbsp;<\/div>\r\n\t\t\t\t<\/div>\r\n\t\t\t\t\t\t\t\t\t\t\t\t<div id=\"user-5260\" class=\"su-post-prelegent\">\r\n\r\n\t\t\t\t\t<div class=\"content-prelegent-image\">\r\n\t\t\t\t\t\t<img decoding=\"async\" class=\"prelegent-400\" src=\"https:\/\/forumrozwojumiast.poznan.pl\/2020\/wp-content\/uploads\/2020\/09\/Rick-11.png\" \/>\r\n\t\t\t\t\t<\/div>\r\n\r\n\t\t\t\t\t<div class=\"content-prelegent-text\">\r\n\t\t\t\t\t\t<h2 class=\"su-post-title\">Rick Schager &#8211; day I &#8211; 4.11<\/h2>\r\n\t\t\t\t\t\t<div class=\"su-post-excerpt\">\r\n\t\t\t\t\t\t\t<div class=\"su-tabs su-tabs-style-default su-tabs-mobile-stack\" data-active=\"1\" data-scroll-offset=\"0\" data-anchor-in-url=\"no\"><div class=\"su-tabs-nav\"><span class=\"\" data-url=\"\" data-target=\"blank\" tabindex=\"0\" role=\"button\">bio<\/span><span class=\"\" data-url=\"\" data-target=\"blank\" tabindex=\"0\" role=\"button\">Tytu\u0142 karty<\/span><\/div><div class=\"su-tabs-panes\"><div class=\"su-tabs-pane su-u-clearfix su-u-trim\" data-title=\"bio\">\n<p>Rick Schager &#8211; ICT Architect for Digital Innovation at the Municipality of Eindhoven, Netherlands<br \/>\nRick Schager has more than five years\u2019 experience in \u2018Making I(o)T work\u2019 in a Quadruple Helix ecosystem setting at local Eindhoven, regional Brainport, (Dutch) national and&nbsp;European levels. Living by&nbsp;the motto: \u2018Digital Innovation = City Knowledge Sharing\u2019 to improve quality of life, in close coordination with (other) governmental organizations, businesses, knowledge institutes and&nbsp;(foremost) citizens and&nbsp;visitors. Contributed substantially to project deliverables, dissemination and&nbsp;capacity building in various local, regional and&nbsp;H2020 projects; living, impact and&nbsp;scale labs; as well as network organizations. In the more than 30 years after graduation as MSc. Managerial Computer Science, gathered lots of experience in ICT &amp; IoT, architecture, business consultancy and&nbsp;project management together with an&nbsp;international network of fellows to be \u2018willing and&nbsp;able\u2019 to contribute in innovative projects in the area of technical automation\/IoT, Smart Societies, Smart Mobility, Open Urban Data Platforms, Reference Architectures, Minimal Interoperability Mechanisms &amp; associated specifications and&nbsp;Privacy by&nbsp;Design.<br \/>\nRick actively contributed to the H2020 Triangulum, SynchroniCity and&nbsp;UNaLAB projects during the last years on behalf of the Municipality of Eindhoven. Via the Dutch Institute for Technology, Safety &amp; Security (DITSS) participated(s) in the CityPulse, Trillion and&nbsp;PRoTECT projects.<br \/>\nRick has been instrumental in the establishment and&nbsp;proliferation of the Eindhoven Open Data Principles and&nbsp;IoT Charter as well as the Dutch Principles for the Digital Society; these are brought to European level via SynchroniCity deliverable D1.3 and&nbsp;the OASC, Eurocities and&nbsp;ENoLL network organizations to the Living in Europe (= LI.EU) \u2018Join, Boost, Sustain\u2019 declaration.<br \/>\nRick is a member of the IT Circle Netherland, the Urban Platform Work Group of the Standardization Advice Group for Smart Cities in the NEN (Dutch Standardization Development Organisation), the OASC and&nbsp;LI.EU Technology Council as well as the technology coordinator of the Dutch OASC Chapter. Rick is a co-author of the NEN NPR 8284:2020, the Dutch Practice Guideline for Open Urban Platforms.<br \/>\nRick is actively participating in the Eindhoven CityLab, previously known as Stratumseind Living Lab, which was honoured with Dutch IT Executive Strategic Sourcing Award for Most Inspirational Business Ecosystem.<\/p>\n<\/div>\n<div class=\"su-tabs-pane su-u-clearfix su-u-trim\" data-title=\"Tytu\u0142 karty\">\n<p>The power of Eindhoven is daring\u2026to innovate. Smart city technology his just another gadget, unless it creates sustainable, social added value with meaningful applications helping people. You need \u2018rules of engagement\u2019, multiple helix ecosystem at all levels, orchestrating this all with a tiered approach in innovation hubs, to cooperate (inter)nationally in order to scale-out and&nbsp;realize that digital trust is key! Rick will share the Eindhoven policy guidelines, experiences with network organization and&nbsp;projects at local, regional, Dutch and&nbsp;international level. He will explain how, based on earlier SynchroniCity project validation, we all can join the Open &amp; Agile Smart Cities and&nbsp;Living in EU initiatives (and EU funding) to set a giant step towards a European Digital Single Market, based on privacy by&nbsp;design and&nbsp;fair, explainable AI.<\/p>\n<\/div><\/div><\/div>\n\t\t\t\t\t\t<\/div>\r\n\t\t\t\t\t<\/div>\r\n\r\n\t\t\t\t\t<div style=\"clear: both;\">&nbsp;<\/div>\r\n\t\t\t\t<\/div>\r\n\t\t\t\t\t\t\t\t\t\t\t\t<div id=\"user-5678\" class=\"su-post-prelegent\">\r\n\r\n\t\t\t\t\t<div class=\"content-prelegent-image\">\r\n\t\t\t\t\t\t<img decoding=\"async\" class=\"prelegent-400\" src=\"https:\/\/forumrozwojumiast.poznan.pl\/2020\/wp-content\/uploads\/2020\/09\/1Pawel_Silbert-3-1024x1024.jpg\" \/>\r\n\t\t\t\t\t<\/div>\r\n\r\n\t\t\t\t\t<div class=\"content-prelegent-text\">\r\n\t\t\t\t\t\t<h2 class=\"su-post-title\">Pawe\u0142 Silbert &#8211; day I &#8211; 4.11<\/h2>\r\n\t\t\t\t\t\t<div class=\"su-post-excerpt\">\r\n\t\t\t\t\t\t\t<div class=\"su-tabs su-tabs-style-default su-tabs-mobile-stack\" data-active=\"1\" data-scroll-offset=\"0\" data-anchor-in-url=\"no\"><div class=\"su-tabs-nav\"><span class=\"\" data-url=\"\" data-target=\"blank\" tabindex=\"0\" role=\"button\">bio<\/span><\/div><div class=\"su-tabs-panes\"><div class=\"su-tabs-pane su-u-clearfix su-u-trim\" data-title=\"bio\">\n<p>Pawe\u0142 Silbert \u2013 Mayor of Jaworzno<br \/>\nHe holds a Master Degree in Economics and&nbsp;a postgraduate diploma in EU funds and&nbsp;projects management from AGH University of Science and&nbsp;Technology in Cracow. He also completed postgraduate studies in rhetoric at the Jagiellonian University and&nbsp;the John Paul II University in Krakow.<br \/>\nIn 1998, he obtained the mandate of a councilor, and&nbsp;since 2002, he is the Mayor of Jaworzno. He is a founder and&nbsp;a chairman of Jaworzno Moje Miasto Association. Professionally he was associated with the energy sector. In 2013, he was awarded the Golden Laurel of Skills and&nbsp;Competence for his merit for the city development. He also received numerous Polish state and&nbsp;ministerial awards.<br \/>\nUnder his leadership, Jaworzno changed significantly. In 2020, Jaworzno was nominated by&nbsp;the European Commission for the EU Urban Road Safety Award. The&nbsp;city has been recognized for the modernization of the road infrastructure to increase of safety, effective implementation of the ZERO Vision and&nbsp;for the support public transport. For many years, the Mayor has supported the development of smart technologies, electromobility and&nbsp;energy in Jaworzno, implemented with respect for environmental resources and&nbsp;the safety of residents. He is a blues-rock fun and&nbsp;he plays the electric guitar. He is fond of collecting minerals and&nbsp;photographing.<\/p>\n<\/div><\/div><\/div>\n\t\t\t\t\t\t<\/div>\r\n\t\t\t\t\t<\/div>\r\n\r\n\t\t\t\t\t<div style=\"clear: both;\">&nbsp;<\/div>\r\n\t\t\t\t<\/div>\r\n\t\t\t\t\t\t\t\t\t\t\t\t<div id=\"user-5347\" class=\"su-post-prelegent\">\r\n\r\n\t\t\t\t\t<div class=\"content-prelegent-image\">\r\n\t\t\t\t\t\t<img decoding=\"async\" class=\"prelegent-400\" src=\"https:\/\/forumrozwojumiast.poznan.pl\/2020\/wp-content\/uploads\/2020\/09\/1-4-1024x1024.jpg\" \/>\r\n\t\t\t\t\t<\/div>\r\n\r\n\t\t\t\t\t<div class=\"content-prelegent-text\">\r\n\t\t\t\t\t\t<h2 class=\"su-post-title\">David Sim &#8211; day II &#8211; 5.11<\/h2>\r\n\t\t\t\t\t\t<div class=\"su-post-excerpt\">\r\n\t\t\t\t\t\t\t<div class=\"su-tabs su-tabs-style-default su-tabs-mobile-stack\" data-active=\"1\" data-scroll-offset=\"0\" data-anchor-in-url=\"no\"><div class=\"su-tabs-nav\"><span class=\"\" data-url=\"\" data-target=\"blank\" tabindex=\"0\" role=\"button\">bio<\/span><span class=\"\" data-url=\"\" data-target=\"blank\" tabindex=\"0\" role=\"button\">abstract<\/span><\/div><div class=\"su-tabs-panes\"><div class=\"su-tabs-pane su-u-clearfix su-u-trim\" data-title=\"bio\">\n<p>David Sim \u2013 Creative Director at Gehl &#8211; Copenhagen<br \/>\nFrom more than ten years David Sim has been focusing on Masterplannig Frameworks and&nbsp;urban design working with other professionals in the planning and&nbsp;building process. He is a former lecturer at Lund university and&nbsp;currently works as a Creative Director at Gehl \u2013 Copenhagen. In his works he aims to apply Jan Gehl\u2019s theories to large-scale projects. In last years he created masterplan for a new neighbourhood at the foot of the Andes in Chile, created masterplan for development of the Saint-Sauveur district of Lille. David is also renowned as an&nbsp;inspiring educator and&nbsp;lecturer and&nbsp;has thought at architecture and&nbsp;design schools all over the world.<\/p>\n<\/div>\n<div class=\"su-tabs-pane su-u-clearfix su-u-trim\" data-title=\"abstract\">\n<p>What &nbsp;are the qualities that make a good city for people? And how do&nbsp;deliver those qualities in way that is affordable for as many as possible?<br \/>\nWhile many architects laugh at pastiche and&nbsp;slavish restorations of historical environments, we seem to ignore the fact that much of Modernism is now actually also historical. How can it be that so much of the education of architects and&nbsp;planners, as well as the legislation which steers the development of our cities, is based on theories which are a hundred years old? Today, our understanding of society, economics and&nbsp;environment, are very different from the 1920\u2019s and&nbsp;30\u2019s \u2013 as is our everyday way of life.<br \/>\nInspired by&nbsp;the research and&nbsp;teaching of Jan Gehl, the Gehl practice works to deliver places with a human scale, making cities FOR people, as well finding inclusive methodologies to improve planning processes, to make cities BY people.<\/p>\n<\/div><\/div><\/div>\n\t\t\t\t\t\t<\/div>\r\n\t\t\t\t\t<\/div>\r\n\r\n\t\t\t\t\t<div style=\"clear: both;\">&nbsp;<\/div>\r\n\t\t\t\t<\/div>\r\n\t\t\t\t\t\t\t\t\t\t\t\t<div id=\"user-5333\" class=\"su-post-prelegent\">\r\n\r\n\t\t\t\t\t<div class=\"content-prelegent-image\">\r\n\t\t\t\t\t\t<img decoding=\"async\" class=\"prelegent-400\" src=\"https:\/\/forumrozwojumiast.poznan.pl\/2020\/wp-content\/uploads\/2020\/09\/1-5-1024x1024.jpg\" \/>\r\n\t\t\t\t\t<\/div>\r\n\r\n\t\t\t\t\t<div class=\"content-prelegent-text\">\r\n\t\t\t\t\t\t<h2 class=\"su-post-title\">Christoffer Solstad Steen &#8211; day I &#8211; 4.11<\/h2>\r\n\t\t\t\t\t\t<div class=\"su-post-excerpt\">\r\n\t\t\t\t\t\t\t<div class=\"su-tabs su-tabs-style-default su-tabs-mobile-stack\" data-active=\"1\" data-scroll-offset=\"0\" data-anchor-in-url=\"no\"><div class=\"su-tabs-nav\"><span class=\"\" data-url=\"\" data-target=\"blank\" tabindex=\"0\" role=\"button\">bio<\/span><span class=\"\" data-url=\"\" data-target=\"blank\" tabindex=\"0\" role=\"button\">abstract<\/span><\/div><div class=\"su-tabs-panes\"><div class=\"su-tabs-pane su-u-clearfix su-u-trim\" data-title=\"bio\">\n<p>Christoffer Solstad Steen &#8211; senior advisor The&nbsp;Norwegian Council for Road Safety<br \/>\nIn recent years, I have worked with preventive road safety matters in Norway, mainly through communications, PR and&nbsp;public information with the aim on reaching zero deaths and&nbsp;severe injuries in traffic. Before I started working with road safety I worked in the television industry for ten years.<br \/>\nThe Norwegian Council for Road Safety (Trygg Trafikk) is an&nbsp;umbrella organization for the voluntary road safety work and&nbsp;serves as a link between voluntary associations and&nbsp;the road safety authorities.<br \/>\nThe organization shall, due to its statutes, promote the best possible road safety for all groups of road-users. The&nbsp;Norwegian Council for Road Safety is given a special responsibility for promoting traffic education in kindergarten and&nbsp;school, and&nbsp;providing information and&nbsp;knowledge about road safety to the broader population in Norway. The&nbsp;Norwegian Council for Road Safety was established in 1956 after an&nbsp;initiative from the Ministry of Transport, the Ministry of Education, the Ministry of Justice, the Norwegian Insurance Association and&nbsp;three motoring clubs.<\/p>\n<\/div>\n<div class=\"su-tabs-pane su-u-clearfix su-u-trim\" data-title=\"abstract\">\n<p>Norway has had the lowest rate of fatalities in Europe several years in a row. Why have Norway succeeded and&nbsp;how is this compared to Poland and&nbsp;Poznan? Like Norway, Poland has also had a positive decline in fatalities in traffic over time, but still Poland have a fatality rate higher than the average EU country. <br \/>\nHow do&nbsp;we use transportation in urban areas? The&nbsp;population is growing, especially in the bigger cities and&nbsp;more people will have to change their transportation habits from driving cars to using public transportation, cycling or walking. How will this change affect the road safety in urban areas? <\/p>\n<\/div><\/div><\/div>\n\t\t\t\t\t\t<\/div>\r\n\t\t\t\t\t<\/div>\r\n\r\n\t\t\t\t\t<div style=\"clear: both;\">&nbsp;<\/div>\r\n\t\t\t\t<\/div>\r\n\t\t\t\t\t\t\t\t\t\t\t\t<div id=\"user-5107\" class=\"su-post-prelegent\">\r\n\r\n\t\t\t\t\t<div class=\"content-prelegent-image\">\r\n\t\t\t\t\t\t<img decoding=\"async\" class=\"prelegent-400\" src=\"https:\/\/forumrozwojumiast.poznan.pl\/2020\/wp-content\/uploads\/2020\/07\/2-1024x1024.jpg\" \/>\r\n\t\t\t\t\t<\/div>\r\n\r\n\t\t\t\t\t<div class=\"content-prelegent-text\">\r\n\t\t\t\t\t\t<h2 class=\"su-post-title\">Przemys\u0142aw Staro\u0144 &#8211; day II &#8211; 5.11<\/h2>\r\n\t\t\t\t\t\t<div class=\"su-post-excerpt\">\r\n\t\t\t\t\t\t\t<div class=\"su-tabs su-tabs-style-default su-tabs-mobile-stack\" data-active=\"1\" data-scroll-offset=\"0\" data-anchor-in-url=\"no\"><div class=\"su-tabs-nav\"><span class=\"\" data-url=\"\" data-target=\"blank\" tabindex=\"0\" role=\"button\">bio<\/span><span class=\"\" data-url=\"\" data-target=\"blank\" tabindex=\"0\" role=\"button\">abstract<\/span><\/div><div class=\"su-tabs-panes\"><div class=\"su-tabs-pane su-u-clearfix su-u-trim\" data-title=\"bio\">\n<p>Przemys\u0142aw Staro\u0144 &#8211; lecturer at the University of Social Sciences and&nbsp;Humanities<br \/>\nPsychologist and&nbsp;cultural expert, lecturer at the University of Social Sciences and&nbsp;Humanities and&nbsp;the University of the Third Age in Sopot, and&nbsp;a co-founder of the Jump Development Center, under which he supports the development and&nbsp;stimulates the thinking skills of young people, adults and&nbsp;seniors.<br \/>\nAppointed teacher, creator of the Order of the Phoenix, awarded by&nbsp;the European Commission, advocate of generational meetings. Chosen the Man of the Year 2019 in the \u201cExemplary Behavior\u201d category in the poll of the readers of \u201cGazeta Wyborcza\u201d. Honored in the competition Irena Sendler \u201cFor Repairing the World\u201d. Awarded the LGBT + Diamond 2019 Polish Business Award, in 2020 he was among 50 teachers in the world nominated for the Nobel Teacher Prize \u2013 Global Teacher Prize.<br \/>\nTutor of almost 50 finalists and&nbsp;laureates of the Philosophy Olympiad, fan of creative teaching and&nbsp;creator of the #utrzy studio, as a precursor of Snapchat in education, known as Professor Snape. Teacher of the Year 2018. Education expert in the staff of the candidate for President of the Republic of Poland, Szymon Ho\u0142ownia.<\/p>\n<\/div>\n<div class=\"su-tabs-pane su-u-clearfix su-u-trim\" data-title=\"abstract\">\n<p>If you think that your child can cope with life, if you focus on fluency in digital competence, then you are probably wrong. The&nbsp;ability to learn new skills, the art of thinking and&nbsp;the ability to be with oneself and&nbsp;with others are increasingly valued. The&nbsp;Deathly Hallows, created by&nbsp;J. Rowling, are nothing but three artifacts of the magical world, which give unlimited and&nbsp;the most powerful power that a wizard can acquire, because thanks to them he becomes the master of death itself. And although the story created by&nbsp;the writer clearly shows that real power is the one that does not need insignia, they themselves in the 21st century pop culture have become a carrying metaphor, strongly influencing the imagination. They will also prove themselves in this role to indicate where a young person should look for strength today in order to set off on a journey to the future without fear. And without the ability to learn, the ability to think critically and&nbsp;creatively as well as intrapersonal and&nbsp;interpersonal communication, the future looks black. Therefore, in my speech, I will present the case study of the Order of the Phoenix to the participants of the conference as a community that promotes the skills of critical and&nbsp;creative thinking, communication and&nbsp;many others, and&nbsp;I will show how to gain the above-mentioned skills. Skills, without which there is no future. The&nbsp;better, brighter and&nbsp;more beautiful.<br \/>\nI invite you to my lecture, on a journey into yourself and&nbsp;laser in on other people. Because human service, however it sounds, is the foundation of our functioning in running modernity. And from it as if it is impossible to run away.<\/p>\n<\/div><\/div><\/div>\n\t\t\t\t\t\t<\/div>\r\n\t\t\t\t\t<\/div>\r\n\r\n\t\t\t\t\t<div style=\"clear: both;\">&nbsp;<\/div>\r\n\t\t\t\t<\/div>\r\n\t\t\t\t\t\t\t\t\t\t\t\t<div id=\"user-5289\" class=\"su-post-prelegent\">\r\n\r\n\t\t\t\t\t<div class=\"content-prelegent-image\">\r\n\t\t\t\t\t\t<img decoding=\"async\" class=\"prelegent-400\" src=\"https:\/\/forumrozwojumiast.poznan.pl\/2020\/wp-content\/uploads\/2020\/09\/1-1024x1024.jpeg\" \/>\r\n\t\t\t\t\t<\/div>\r\n\r\n\t\t\t\t\t<div class=\"content-prelegent-text\">\r\n\t\t\t\t\t\t<h2 class=\"su-post-title\">Eelco Thiellier &#8211; day I &#8211; 4.11<\/h2>\r\n\t\t\t\t\t\t<div class=\"su-post-excerpt\">\r\n\t\t\t\t\t\t\t<div class=\"su-tabs su-tabs-style-default su-tabs-mobile-stack\" data-active=\"1\" data-scroll-offset=\"0\" data-anchor-in-url=\"no\"><div class=\"su-tabs-nav\"><span class=\"\" data-url=\"\" data-target=\"blank\" tabindex=\"0\" role=\"button\">bio<\/span><span class=\"\" data-url=\"\" data-target=\"blank\" tabindex=\"0\" role=\"button\">abstract<\/span><\/div><div class=\"su-tabs-panes\"><div class=\"su-tabs-pane su-u-clearfix su-u-trim\" data-title=\"bio\">\n<p>Eelco Thieller \u2013 innovator and&nbsp;strategic advisor<br \/>\nHe works as a Program Manager, Innovator and&nbsp;Strategic Advisor. He has been involved in many data driven service &amp; product developments to optimize people flows. Resulting in effective ways to keep cities, buildings and&nbsp;public spaces safe, accessible and&nbsp;comfortable.<br \/>\nTo facilitate crowd management, Eelco also organizes crowd monitoring systems e.g. for the city of Amsterdam. To generate valuable insights in crowd dynamics. In order to optimize operational, tactical and&nbsp;strategic crowd management measures. To support a safe, accessible and&nbsp;comfortable city.<\/p>\n<\/div>\n<div class=\"su-tabs-pane su-u-clearfix su-u-trim\" data-title=\"abstract\">\n<p>As urban populations grow, keeping people moving around our cities is an&nbsp;ever-increasing priority. Crowd management is essential for moving safely and&nbsp;comfortably from origin to destination and&nbsp;keeping a city accessible and&nbsp;livable. The&nbsp;speech will be about the Crowd Monitoring System Amsterdam (CMSA), how it works and&nbsp;how the data helps to optimize people flows within Amsterdam. Achieving solutions by&nbsp;applying data science and&nbsp;domain knowledge to alleviate the bottlenecks in public space.<\/p>\n<\/div><\/div><\/div>\n\t\t\t\t\t\t<\/div>\r\n\t\t\t\t\t<\/div>\r\n\r\n\t\t\t\t\t<div style=\"clear: both;\">&nbsp;<\/div>\r\n\t\t\t\t<\/div>\r\n\t\t\t\t\t\t\t\t\t\t\t\t<div id=\"user-6032\" class=\"su-post-prelegent\">\r\n\r\n\t\t\t\t\t<div class=\"content-prelegent-image\">\r\n\t\t\t\t\t\t<img decoding=\"async\" class=\"prelegent-400\" src=\"https:\/\/forumrozwojumiast.poznan.pl\/2020\/wp-content\/uploads\/2020\/10\/1Va\u0308limaa1-2020-1024x1024.jpg\" \/>\r\n\t\t\t\t\t<\/div>\r\n\r\n\t\t\t\t\t<div class=\"content-prelegent-text\">\r\n\t\t\t\t\t\t<h2 class=\"su-post-title\">Jussi V\u00e4limaa &#8211; day II &#8211; 5.11<\/h2>\r\n\t\t\t\t\t\t<div class=\"su-post-excerpt\">\r\n\t\t\t\t\t\t\t<div class=\"su-tabs su-tabs-style-default su-tabs-mobile-stack\" data-active=\"1\" data-scroll-offset=\"0\" data-anchor-in-url=\"no\"><div class=\"su-tabs-nav\"><span class=\"\" data-url=\"\" data-target=\"blank\" tabindex=\"0\" role=\"button\">bio<\/span><\/div><div class=\"su-tabs-panes\"><div class=\"su-tabs-pane su-u-clearfix su-u-trim\" data-title=\"bio\">\n<p>Dr. Jussi V\u00e4limaa &#8211; Professor in Educational Studies and&nbsp;Director of the Finnish Institute for Educational Research at the University of Jyv\u00e4skyl\u00e4, Finland. <br \/>\nBeing trained as a historian and&nbsp;social scientist professor V\u00e4limaa has expertise in social and&nbsp;historical studies on higher education and&nbsp;education. His research profile is shaped by&nbsp;academic interest in the relationship between higher education and&nbsp;society. Dr. V\u00e4limaa also has studied the internal dynamics of higher education institutions from cultural, historical and&nbsp;sociological perspectives. Dr. V\u00e4limaa\u2019s latest book is \u2018A History of Finnish Higher Education from the Middle Ages to the Twenty-first Century\u2019 (Springer, 2019).<\/p>\n<\/div><\/div><\/div>\n\t\t\t\t\t\t<\/div>\r\n\t\t\t\t\t<\/div>\r\n\r\n\t\t\t\t\t<div style=\"clear: both;\">&nbsp;<\/div>\r\n\t\t\t\t<\/div>\r\n\t\t\t\t\t\t\t\t\t\t\t\t<div id=\"user-5799\" class=\"su-post-prelegent\">\r\n\r\n\t\t\t\t\t<div class=\"content-prelegent-image\">\r\n\t\t\t\t\t\t<img decoding=\"async\" class=\"prelegent-400\" src=\"https:\/\/forumrozwojumiast.poznan.pl\/2020\/wp-content\/uploads\/2020\/09\/1-8.jpg\" \/>\r\n\t\t\t\t\t<\/div>\r\n\r\n\t\t\t\t\t<div class=\"content-prelegent-text\">\r\n\t\t\t\t\t\t<h2 class=\"su-post-title\">Fran Vi\u00f1ez &#8211; day I &#8211; 4.11<\/h2>\r\n\t\t\t\t\t\t<div class=\"su-post-excerpt\">\r\n\t\t\t\t\t\t\t<div class=\"su-tabs su-tabs-style-default su-tabs-mobile-stack\" data-active=\"1\" data-scroll-offset=\"0\" data-anchor-in-url=\"no\"><div class=\"su-tabs-nav\"><span class=\"\" data-url=\"\" data-target=\"blank\" tabindex=\"0\" role=\"button\">bio<\/span><\/div><div class=\"su-tabs-panes\"><div class=\"su-tabs-pane su-u-clearfix su-u-trim\" data-title=\"bio\">\n<p>Fran Vi\u00f1ez &#8211; mayoral advisor on strategic projects<br \/>\nFran Vi\u00f1ez graduated in Law from the University of Deusto (Bilbao). He is a Legal Technician and&nbsp;career civil servant at Bilbao City Council since 2000, where he has developed his professional career until today.<br \/>\nHe became responsible for the promotion and&nbsp;improvement of the neighbourhoods, their facilities as well as their different administrative offices.<br \/>\nLater in 2003 he moved to the Department of Works and&nbsp;Services as Neighbourhood Relations Coordinator for the development of urban improvement projects, where he has held different positions of responsibility until he became the General Director of the Department of Work and&nbsp;Services, a position he held from 2009 to 2019. In this time he undertook the coordination, development and&nbsp;management of the comprehensive neighbourhoods regeneration, the universal accessibility by&nbsp;the use of mechanical elements, the opening of the Zorrotzaurre Canal, the new Intermodal bus station, etc. On&nbsp;the other hand, he also assumed for 4 years the direction of the Department of Environment, and&nbsp;for 8 years the Office of Public Space as responsible for the coordination of events\u2019 and&nbsp;occupations\u2019 authorizations in the city.<br \/>\nCurrently, since 2019, he is City Hall Advisor on Strategic Projects, where he defines the projects\u2019 objectives and&nbsp;roadmaps, and&nbsp;promotes their development through transversal teams between the different council areas of the Mayor&#8217;s Office, such as the activation model of Bilbao\u2019s estuary, Bilbao&#8217;s greenbelt, or the process of return to normality during the Covid 19 Crisis.<\/p>\n<\/div><\/div><\/div>\n\t\t\t\t\t\t<\/div>\r\n\t\t\t\t\t<\/div>\r\n\r\n\t\t\t\t\t<div style=\"clear: both;\">&nbsp;<\/div>\r\n\t\t\t\t<\/div>\r\n\t\t\t\t\t\t\t\t\t\t\t\t<div id=\"user-5444\" class=\"su-post-prelegent\">\r\n\r\n\t\t\t\t\t<div class=\"content-prelegent-image\">\r\n\t\t\t\t\t\t<img decoding=\"async\" class=\"prelegent-400\" src=\"https:\/\/forumrozwojumiast.poznan.pl\/2020\/wp-content\/uploads\/2020\/09\/MW-1-1024x1024.jpg\" \/>\r\n\t\t\t\t\t<\/div>\r\n\r\n\t\t\t\t\t<div class=\"content-prelegent-text\">\r\n\t\t\t\t\t\t<h2 class=\"su-post-title\">Mariusz Wi\u015bniewski &#8211; day II &#8211; 5.11<\/h2>\r\n\t\t\t\t\t\t<div class=\"su-post-excerpt\">\r\n\t\t\t\t\t\t\t<div class=\"su-tabs su-tabs-style-default su-tabs-mobile-stack\" data-active=\"1\" data-scroll-offset=\"0\" data-anchor-in-url=\"no\"><div class=\"su-tabs-nav\"><span class=\"\" data-url=\"\" data-target=\"blank\" tabindex=\"0\" role=\"button\">bio<\/span><\/div><div class=\"su-tabs-panes\"><div class=\"su-tabs-pane su-u-clearfix su-u-trim\" data-title=\"bio\">\n<p>Mariusz Wi\u015bniewski \u2013 Deputy Mayor of Pozna\u0144<br \/>\nHe graduated from the Faculty of Political Science and&nbsp;Journalism and&nbsp;the Faculty of Law of the Adam Mickiewicz University in Poznan as well from the School for Young Social and&nbsp;Political Leaders in Warsaw. Former Vice President of the Development and&nbsp;Promotion Fund of the Wielkopolskie Voivodship S.A and&nbsp;former member of the Advisory Team of the Voivod of the Wielkopolskie Voivodship \u2013 Piotr Florek.<\/p>\n<\/div><\/div><\/div>\n\t\t\t\t\t\t<\/div>\r\n\t\t\t\t\t<\/div>\r\n\r\n\t\t\t\t\t<div style=\"clear: both;\">&nbsp;<\/div>\r\n\t\t\t\t<\/div>\r\n\t\t\t\t<\/div>\r\n\n","protected":false},"excerpt":{"rendered":"<p>THE EVENT WILL TAKE PLACE AT A DIFFERENT TIME &nbsp;<\/p>\n","protected":false},"author":1,"featured_media":0,"parent":0,"menu_order":26,"comment_status":"closed","ping_status":"closed","template":"","meta":{"_acf_changed":false,"inline_featured_image":false,"ngg_post_thumbnail":0,"footnotes":""},"class_list":["post-3535","page","type-page","status-publish","hentry"],"acf":[],"yoast_head":"<!-- This site is optimized with the Yoast SEO plugin v27.4 - https:\/\/yoast.com\/product\/yoast-seo-wordpress\/ -->\n<title>speakers - Forum Rozwoju Miast<\/title>\n<meta name=\"robots\" content=\"index, follow, max-snippet:-1, max-image-preview:large, max-video-preview:-1\" \/>\n<link rel=\"canonical\" href=\"https:\/\/forumrozwojumiast.poznan.pl\/2020\/en\/speakers\/\" \/>\n<meta property=\"og:locale\" content=\"pl_PL\" \/>\n<meta property=\"og:type\" content=\"article\" \/>\n<meta property=\"og:title\" content=\"speakers - Forum Rozwoju Miast\" \/>\n<meta property=\"og:description\" content=\"THE EVENT WILL TAKE PLACE AT A DIFFERENT TIME &nbsp;\" \/>\n<meta property=\"og:url\" content=\"https:\/\/forumrozwojumiast.poznan.pl\/2020\/en\/speakers\/\" \/>\n<meta property=\"og:site_name\" content=\"Forum Rozwoju Miast\" \/>\n<meta property=\"article:modified_time\" content=\"2020-10-20T13:02:52+00:00\" \/>\n<meta name=\"twitter:card\" content=\"summary_large_image\" \/>\n<script type=\"application\/ld+json\" class=\"yoast-schema-graph\">{\"@context\":\"https:\\\/\\\/schema.org\",\"@graph\":[{\"@type\":\"WebPage\",\"@id\":\"https:\\\/\\\/forumrozwojumiast.poznan.pl\\\/2020\\\/en\\\/speakers\\\/\",\"url\":\"https:\\\/\\\/forumrozwojumiast.poznan.pl\\\/2020\\\/en\\\/speakers\\\/\",\"name\":\"speakers - Forum Rozwoju Miast\",\"isPartOf\":{\"@id\":\"https:\\\/\\\/forumrozwojumiast.poznan.pl\\\/2020\\\/#website\"},\"datePublished\":\"2019-08-02T12:41:20+00:00\",\"dateModified\":\"2020-10-20T13:02:52+00:00\",\"breadcrumb\":{\"@id\":\"https:\\\/\\\/forumrozwojumiast.poznan.pl\\\/2020\\\/en\\\/speakers\\\/#breadcrumb\"},\"inLanguage\":\"pl-PL\",\"potentialAction\":[{\"@type\":\"ReadAction\",\"target\":[\"https:\\\/\\\/forumrozwojumiast.poznan.pl\\\/2020\\\/en\\\/speakers\\\/\"]}]},{\"@type\":\"BreadcrumbList\",\"@id\":\"https:\\\/\\\/forumrozwojumiast.poznan.pl\\\/2020\\\/en\\\/speakers\\\/#breadcrumb\",\"itemListElement\":[{\"@type\":\"ListItem\",\"position\":1,\"name\":\"Strona g\u0142\u00f3wna\",\"item\":\"https:\\\/\\\/forumrozwojumiast.poznan.pl\\\/2020\\\/\"},{\"@type\":\"ListItem\",\"position\":2,\"name\":\"speakers\"}]},{\"@type\":\"WebSite\",\"@id\":\"https:\\\/\\\/forumrozwojumiast.poznan.pl\\\/2020\\\/#website\",\"url\":\"https:\\\/\\\/forumrozwojumiast.poznan.pl\\\/2020\\\/\",\"name\":\"Forum Rozwoju Miast\",\"description\":\"Obywatelski wymiar strategicznego zarz\u0105dzania miastem\",\"potentialAction\":[{\"@type\":\"SearchAction\",\"target\":{\"@type\":\"EntryPoint\",\"urlTemplate\":\"https:\\\/\\\/forumrozwojumiast.poznan.pl\\\/2020\\\/?s={search_term_string}\"},\"query-input\":{\"@type\":\"PropertyValueSpecification\",\"valueRequired\":true,\"valueName\":\"search_term_string\"}}],\"inLanguage\":\"pl-PL\"}]}<\/script>\n<!-- \/ Yoast SEO plugin. -->","yoast_head_json":{"title":"speakers - Forum Rozwoju Miast","robots":{"index":"index","follow":"follow","max-snippet":"max-snippet:-1","max-image-preview":"max-image-preview:large","max-video-preview":"max-video-preview:-1"},"canonical":"https:\/\/forumrozwojumiast.poznan.pl\/2020\/en\/speakers\/","og_locale":"pl_PL","og_type":"article","og_title":"speakers - Forum Rozwoju Miast","og_description":"THE EVENT WILL TAKE PLACE AT A DIFFERENT TIME &nbsp;","og_url":"https:\/\/forumrozwojumiast.poznan.pl\/2020\/en\/speakers\/","og_site_name":"Forum Rozwoju Miast","article_modified_time":"2020-10-20T13:02:52+00:00","twitter_card":"summary_large_image","schema":{"@context":"https:\/\/schema.org","@graph":[{"@type":"WebPage","@id":"https:\/\/forumrozwojumiast.poznan.pl\/2020\/en\/speakers\/","url":"https:\/\/forumrozwojumiast.poznan.pl\/2020\/en\/speakers\/","name":"speakers - Forum Rozwoju Miast","isPartOf":{"@id":"https:\/\/forumrozwojumiast.poznan.pl\/2020\/#website"},"datePublished":"2019-08-02T12:41:20+00:00","dateModified":"2020-10-20T13:02:52+00:00","breadcrumb":{"@id":"https:\/\/forumrozwojumiast.poznan.pl\/2020\/en\/speakers\/#breadcrumb"},"inLanguage":"pl-PL","potentialAction":[{"@type":"ReadAction","target":["https:\/\/forumrozwojumiast.poznan.pl\/2020\/en\/speakers\/"]}]},{"@type":"BreadcrumbList","@id":"https:\/\/forumrozwojumiast.poznan.pl\/2020\/en\/speakers\/#breadcrumb","itemListElement":[{"@type":"ListItem","position":1,"name":"Strona g\u0142\u00f3wna","item":"https:\/\/forumrozwojumiast.poznan.pl\/2020\/"},{"@type":"ListItem","position":2,"name":"speakers"}]},{"@type":"WebSite","@id":"https:\/\/forumrozwojumiast.poznan.pl\/2020\/#website","url":"https:\/\/forumrozwojumiast.poznan.pl\/2020\/","name":"Forum Rozwoju Miast","description":"Obywatelski wymiar strategicznego zarz\u0105dzania miastem","potentialAction":[{"@type":"SearchAction","target":{"@type":"EntryPoint","urlTemplate":"https:\/\/forumrozwojumiast.poznan.pl\/2020\/?s={search_term_string}"},"query-input":{"@type":"PropertyValueSpecification","valueRequired":true,"valueName":"search_term_string"}}],"inLanguage":"pl-PL"}]}},"_links":{"self":[{"href":"https:\/\/forumrozwojumiast.poznan.pl\/2020\/wp-json\/wp\/v2\/pages\/3535","targetHints":{"allow":["GET"]}}],"collection":[{"href":"https:\/\/forumrozwojumiast.poznan.pl\/2020\/wp-json\/wp\/v2\/pages"}],"about":[{"href":"https:\/\/forumrozwojumiast.poznan.pl\/2020\/wp-json\/wp\/v2\/types\/page"}],"author":[{"embeddable":true,"href":"https:\/\/forumrozwojumiast.poznan.pl\/2020\/wp-json\/wp\/v2\/users\/1"}],"replies":[{"embeddable":true,"href":"https:\/\/forumrozwojumiast.poznan.pl\/2020\/wp-json\/wp\/v2\/comments?post=3535"}],"version-history":[{"count":37,"href":"https:\/\/forumrozwojumiast.poznan.pl\/2020\/wp-json\/wp\/v2\/pages\/3535\/revisions"}],"predecessor-version":[{"id":6099,"href":"https:\/\/forumrozwojumiast.poznan.pl\/2020\/wp-json\/wp\/v2\/pages\/3535\/revisions\/6099"}],"wp:attachment":[{"href":"https:\/\/forumrozwojumiast.poznan.pl\/2020\/wp-json\/wp\/v2\/media?parent=3535"}],"curies":[{"name":"wp","href":"https:\/\/api.w.org\/{rel}","templated":true}]}}