{"id":41,"date":"2017-08-01T16:19:11","date_gmt":"2017-08-01T14:19:11","guid":{"rendered":"https:\/\/forumrozwojumiast.poznan.pl\/2020\/?page_id=41"},"modified":"2020-10-28T09:44:38","modified_gmt":"2020-10-28T08:44:38","slug":"prelegenci","status":"publish","type":"page","link":"https:\/\/forumrozwojumiast.poznan.pl\/2020\/prelegenci\/","title":{"rendered":"prelegentki i prelegenci"},"content":{"rendered":"<p>&nbsp;<\/p>\n<div class=\"su-posts su-posts-default-loop\">\r\n\t\t\t\t\t\t\t\t\t\t\t\t\t\t\t\t\t\t\t\t\t\t\t\t\t\t\t\t\t\t\t\t\t\t\t\t\t\t\t\t\t\t\t\t\t\t\t\t\t\t\t\t\t\t\t\t\t\t\t\t\t\t\t\t\t\t\t\t\t\t\t\t\t\t\t\t\t\t\t\t\t\t\t\t\t\t\t\t\t\t\t\t\t\t\t\t\t<div id=\"user-5217\" class=\"su-post-prelegent\">\r\n\r\n\t\t\t\t\t<div class=\"content-prelegent-image\">\r\n\t\t\t\t\t\t<img decoding=\"async\" class=\"prelegent-400\" src=\"https:\/\/forumrozwojumiast.poznan.pl\/2020\/wp-content\/uploads\/2020\/09\/Miguel-Fdez.-Lores-19-04-15-Para-imprimir-kwadrat-1024x1024.jpg\" \/>\r\n\t\t\t\t\t<\/div>\r\n\r\n\t\t\t\t\t<div class=\"content-prelegent-text\">\r\n\t\t\t\t\t\t<h2 class=\"su-post-title\">Miguel Anxo Fern\u00e1ndez Lores &#8211; dzie\u0144 I &#8211; 4.11<\/h2>\r\n\t\t\t\t\t\t<div class=\"su-post-excerpt\">\r\n\t\t\t\t\t\t\t<div class=\"su-tabs su-tabs-style-default su-tabs-mobile-stack\" data-active=\"1\" data-scroll-offset=\"0\" data-anchor-in-url=\"no\"><div class=\"su-tabs-nav\"><span class=\"\" data-url=\"\" data-target=\"blank\" tabindex=\"0\" role=\"button\">bio<\/span><span class=\"\" data-url=\"\" data-target=\"blank\" tabindex=\"0\" role=\"button\">abstrakt<\/span><\/div><div class=\"su-tabs-panes\"><div class=\"su-tabs-pane su-u-clearfix su-u-trim\" data-title=\"bio\">\n<p>Miguel Anxo Fern\u00e1ndez Lores &#8211; burmistrz Pontevedry w&nbsp;Hiszpanii. <br \/>\nZ wykszta\u0142cenia jest lekarzem, tytu\u0142 zdoby\u0142 na&nbsp;Uniwersytecie w&nbsp;Santiago de Compostela. Reprezentuje parti\u0119 Galicyjski Blok Nacjonalistyczny. Karier\u0119 polityczn\u0105 rozpocz\u0105\u0142 jako radny, a w&nbsp;1999 roku zosta\u0142 wybrany na&nbsp;burmistrza Pontevedry. Jego po\u015bwi\u0119cenie si\u0119 zar\u00f3wno medycynie, jak i&nbsp;polityce wi\u0105\u017ce si\u0119 z&nbsp;zami\u0142owaniem do&nbsp;kontakt\u00f3w z&nbsp;lud\u017ami i&nbsp;bycia u\u017cytecznym dla spo\u0142ecze\u0144stwa, zwr\u00f3ceniem spo\u0142ecze\u0144stwu tego, co otrzyma\u0142.<\/p>\n<p>&nbsp;<\/p>\n<\/div>\n<div class=\"su-tabs-pane su-u-clearfix su-u-trim\" data-title=\"abstrakt\">\n<p>Model urbanistyczny Pontevedry jest wzorem dla wielu miast w&nbsp;Hiszpanii i&nbsp;na \u015bwiecie, miasto zdoby\u0142o te\u017c wiele nagr\u00f3d. W\u015br\u00f3d nich znajduj\u0105 si\u0119 EU Urban Road Safety Award czy UN-Habitat and&nbsp;Dubai Municipality\u2019s Dubai International Award for Best Practices to Improve the Living Environment. Burmistrz Pontevedry opowie o strategii miasta, kt\u00f3ra doprowadzi\u0142a do&nbsp;pozytywnych zmian w&nbsp;mie\u015bcie: redukcji emisji gaz\u00f3w cieplarnianych o ponad 60% w&nbsp;ci\u0105gu ostatnich 15 lat, zwi\u0119kszonej mobilno\u015bci pieszych i&nbsp;rowerzyst\u00f3w czy redukcji liczby \u015bmiertelnych ofiar wypadk\u00f3w drogowych.<\/p>\n<\/div><\/div><\/div>\n\t\t\t\t\t\t<\/div>\r\n\t\t\t\t\t<\/div>\r\n\r\n\t\t\t\t\t<div style=\"clear: both;\">&nbsp;<\/div>\r\n\t\t\t\t<\/div>\r\n\t\t\t\t\t\t\t\t\t\t\t\t<div id=\"user-5363\" class=\"su-post-prelegent\">\r\n\r\n\t\t\t\t\t<div class=\"content-prelegent-image\">\r\n\t\t\t\t\t\t<img decoding=\"async\" class=\"prelegent-400\" src=\"https:\/\/forumrozwojumiast.poznan.pl\/2020\/wp-content\/uploads\/2020\/09\/2.jpg\" \/>\r\n\t\t\t\t\t<\/div>\r\n\r\n\t\t\t\t\t<div class=\"content-prelegent-text\">\r\n\t\t\t\t\t\t<h2 class=\"su-post-title\">Hubert Bara\u0144ski &#8211; dzie\u0144 I &#8211; 4.11<\/h2>\r\n\t\t\t\t\t\t<div class=\"su-post-excerpt\">\r\n\t\t\t\t\t\t\t<div class=\"su-tabs su-tabs-style-default su-tabs-mobile-stack\" data-active=\"1\" data-scroll-offset=\"0\" data-anchor-in-url=\"no\"><div class=\"su-tabs-nav\"><span class=\"\" data-url=\"\" data-target=\"blank\" tabindex=\"0\" role=\"button\">bio<\/span><\/div><div class=\"su-tabs-panes\"><div class=\"su-tabs-pane su-u-clearfix su-u-trim\" data-title=\"bio\">\n<p>Hubert Bara\u0144ski &#8211; prezes Fundacji Normalne Miasto Fenomen <br \/>\nCz\u0142onek pierwszej \u0141\u00f3dzkiej Rady Dzia\u0142alno\u015bci Po\u017cytku Publicznego oraz&nbsp;Miejskiej Rady Poprawy Bezpiecze\u0144stwa Ruchu Drogowego. Zaanga\u017cowany w&nbsp;sprawy transportu w&nbsp;mie\u015bcie, przestrzeni publicznej oraz&nbsp;rzecznictwa zmian w&nbsp;samorz\u0105dzie. G\u0142\u00f3wnym obszarem dzia\u0142a\u0144 Fundacji w&nbsp;\u0141odzi jest transport zr\u00f3wnowa\u017cony z&nbsp;ukierunkowaniem na&nbsp;pieszych i&nbsp;rowerzyst\u00f3w; przestrze\u0144 publiczna i&nbsp;anga\u017cowanie mieszka\u0144c\u00f3w. W&nbsp;2013 roku fundacja zainicjowa\u0142a utworzenie w&nbsp;\u0141odzi woonerfa na&nbsp;ul. 6 Sierpnia (opisanego w&nbsp;ksi\u0105\u017cce \u201eMiasto na&nbsp;Plus\u201d). <br \/>\nJest wsp\u00f3\u0142autorem koncepcji uspokojenia ruchu w&nbsp;centrum Olsztyna, strategii rozwoju dr\u00f3g rowerowych w&nbsp;\u0141odzi oraz&nbsp;cz\u0142onkiem komitetu steruj\u0105cego \u0141\u00f3dzkiego Roweru Publicznego. <br \/>\nAbsolwent Programu Liderzy PAFW (Polsko-Ameryka\u0144skiej Fundacji Wolno\u015bci).<\/p>\n<p>&nbsp;<\/p>\n<\/div><\/div><\/div>\n\t\t\t\t\t\t<\/div>\r\n\t\t\t\t\t<\/div>\r\n\r\n\t\t\t\t\t<div style=\"clear: both;\">&nbsp;<\/div>\r\n\t\t\t\t<\/div>\r\n\t\t\t\t\t\t\t\t\t\t\t\t<div id=\"user-5967\" class=\"su-post-prelegent\">\r\n\r\n\t\t\t\t\t<div class=\"content-prelegent-image\">\r\n\t\t\t\t\t\t<img decoding=\"async\" class=\"prelegent-400\" src=\"https:\/\/forumrozwojumiast.poznan.pl\/2020\/wp-content\/uploads\/2020\/10\/Pia_Barlund1-1024x1024.jpg\" \/>\r\n\t\t\t\t\t<\/div>\r\n\r\n\t\t\t\t\t<div class=\"content-prelegent-text\">\r\n\t\t\t\t\t\t<h2 class=\"su-post-title\">Pia B\u00e4rlund &#8211; dzie\u0144 II &#8211; 5.11<\/h2>\r\n\t\t\t\t\t\t<div class=\"su-post-excerpt\">\r\n\t\t\t\t\t\t\t<div class=\"su-tabs su-tabs-style-default su-tabs-mobile-stack\" data-active=\"1\" data-scroll-offset=\"0\" data-anchor-in-url=\"no\"><div class=\"su-tabs-nav\"><span class=\"\" data-url=\"\" data-target=\"blank\" tabindex=\"0\" role=\"button\">bio<\/span><\/div><div class=\"su-tabs-panes\"><div class=\"su-tabs-pane su-u-clearfix su-u-trim\" data-title=\"bio\">\n<p>Dr Pia B\u00e4rlund \u2013 kierownik dzia\u0142u rozwoju j\u0119zyka i&nbsp;uczenia si\u0119 wielokulturowego na&nbsp;Uniwersytecie Jyv\u00e4skyl\u00e4<br \/>\nStudiowa\u0142a j\u0119zyk i&nbsp;kultur\u0119 niemieck\u0105 (magister) na&nbsp;Uniwersytecie w&nbsp;Jyv\u00e4skyl\u00e4 w&nbsp;latach 2002-2006. Od tego czasu zajmuje si\u0119 kszta\u0142towaniem polityki j\u0119zykowej na&nbsp;Uniwersytecie w&nbsp;Jyv\u00e4skyl\u00e4. Obroni\u0142a doktorat 3 pa\u017adziernika 2020 r. Obecnie B\u00e4rlund pracuje jako kierownik us\u0142ug w&nbsp;zakresie kszta\u0142towania polityki edukacji j\u0119zykowej w&nbsp;mie\u015bcie Jyv\u00e4skyl\u00e4. Kieruje dzia\u0142em rozwoju j\u0119zyka i&nbsp;uczenia si\u0119 wielokulturowego. Jednostka zatrudniaj\u0105ca 42 pracownik\u00f3w \u015bwiadczy us\u0142ugi w&nbsp;zakresie nauki j\u0119zyk\u00f3w i&nbsp;edukacji migrant\u00f3w.<\/p>\n<\/div><\/div><\/div>\n\t\t\t\t\t\t<\/div>\r\n\t\t\t\t\t<\/div>\r\n\r\n\t\t\t\t\t<div style=\"clear: both;\">&nbsp;<\/div>\r\n\t\t\t\t<\/div>\r\n\t\t\t\t\t\t\t\t\t\t\t\t<div id=\"user-5769\" class=\"su-post-prelegent\">\r\n\r\n\t\t\t\t\t<div class=\"content-prelegent-image\">\r\n\t\t\t\t\t\t<img decoding=\"async\" class=\"prelegent-400\" src=\"https:\/\/forumrozwojumiast.poznan.pl\/2020\/wp-content\/uploads\/2020\/09\/1-7-1024x1024.jpg\" \/>\r\n\t\t\t\t\t<\/div>\r\n\r\n\t\t\t\t\t<div class=\"content-prelegent-text\">\r\n\t\t\t\t\t\t<h2 class=\"su-post-title\">Jan Fazlagi\u0107 \u2013 dzie\u0144 II \u2013 5.11<\/h2>\r\n\t\t\t\t\t\t<div class=\"su-post-excerpt\">\r\n\t\t\t\t\t\t\t<div class=\"su-tabs su-tabs-style-default su-tabs-mobile-stack\" data-active=\"1\" data-scroll-offset=\"0\" data-anchor-in-url=\"no\"><div class=\"su-tabs-nav\"><span class=\"\" data-url=\"\" data-target=\"blank\" tabindex=\"0\" role=\"button\">bio<\/span><span class=\"\" data-url=\"\" data-target=\"blank\" tabindex=\"0\" role=\"button\">abstrakt<\/span><\/div><div class=\"su-tabs-panes\"><div class=\"su-tabs-pane su-u-clearfix su-u-trim\" data-title=\"bio\">\n<p>Jan Fazlagi\u0107 \u2013 profesor zwyczajny Uniwersytetu Ekonomicznego w&nbsp;Poznaniu <br \/>\nAutor raportu \u201eSzko\u0142a dla innowatora\u201d na&nbsp;podstawie kt\u00f3rego powsta\u0142y rekomendacje Ministerstwa Edukacji Narodowej dla rozwoju kreatywno\u015bci u uczni\u00f3w. Autor raport\u00f3w m.in.&nbsp;dotycz\u0105cych reformy systemu kszta\u0142cenia i&nbsp;doskonalenia nauczycieli (MNiSzW 2017). Wsp\u00f3\u0142autor za\u0142o\u017ce\u0144 do&nbsp;nowej ustawy o szkolnictwie wy\u017cszym i&nbsp;nauce (Konstytucja dla nauki). Szkoleniowiec i&nbsp;konsultant (SCIENTA-VIS). Prowadzi szkolenia dla nauczycieli od 2001 roku. Wsp\u00f3\u0142tworzy\u0142 Ma\u0142opolskie Standardy Us\u0142ug edukacyjno-szkoleniowych. G\u0142\u00f3wny specjalista ds. edukacji w&nbsp;Narodowym Instytucie Samorz\u0105du Terytorialnego w&nbsp;\u0141odzi.<\/p>\n<p>&nbsp;<\/p>\n<p>&nbsp;<\/p>\n<\/div>\n<div class=\"su-tabs-pane su-u-clearfix su-u-trim\" data-title=\"abstrakt\">Edukacja ekologiczna jest jednym z&nbsp;wa\u017cnych warunk\u00f3w powodzenia program\u00f3w zapobiegania zmianom klimatycznym na&nbsp;ziemi. Stan wiedzy nauczycieli i&nbsp;tre\u015b\u0107 program\u00f3w nauczania nie nad\u0105\u017caj\u0105 za rozwojem wiedzy naukowej o zmianach klimatycznych. Z tego powodu potrzebne s\u0105 kompleksowe i&nbsp;systemowe dzia\u0142ania zmierzaj\u0105ce do&nbsp;podniesienia poziomu kompetencji os\u00f3b doros\u0142ych i&nbsp;m\u0142odzie\u017cy. Alfabetyzm klimatyczny podobnie jak alfabetyzm komputerowy stanie si\u0119 w&nbsp;najbli\u017cszych latach wa\u017cnym miernikiem rozwoju system\u00f3w Edukacji.<\/p>\n<\/div><\/div><\/div>\n\t\t\t\t\t\t<\/div>\r\n\t\t\t\t\t<\/div>\r\n\r\n\t\t\t\t\t<div style=\"clear: both;\">&nbsp;<\/div>\r\n\t\t\t\t<\/div>\r\n\t\t\t\t\t\t\t\t\t\t\t\t<div id=\"user-5130\" class=\"su-post-prelegent\">\r\n\r\n\t\t\t\t\t<div class=\"content-prelegent-image\">\r\n\t\t\t\t\t\t<img decoding=\"async\" class=\"prelegent-400\" src=\"https:\/\/forumrozwojumiast.poznan.pl\/2020\/wp-content\/uploads\/2020\/08\/1-1024x1024.jpg\" \/>\r\n\t\t\t\t\t<\/div>\r\n\r\n\t\t\t\t\t<div class=\"content-prelegent-text\">\r\n\t\t\t\t\t\t<h2 class=\"su-post-title\">Maciej Fr\u0105ckowiak &#8211; dzie\u0144 II &#8211; 5.11<\/h2>\r\n\t\t\t\t\t\t<div class=\"su-post-excerpt\">\r\n\t\t\t\t\t\t\t<div class=\"su-tabs su-tabs-style-default su-tabs-mobile-stack\" data-active=\"1\" data-scroll-offset=\"0\" data-anchor-in-url=\"no\"><div class=\"su-tabs-nav\"><span class=\"\" data-url=\"\" data-target=\"blank\" tabindex=\"0\" role=\"button\">bio<\/span><span class=\"\" data-url=\"\" data-target=\"blank\" tabindex=\"0\" role=\"button\">abstrakt<\/span><\/div><div class=\"su-tabs-panes\"><div class=\"su-tabs-pane su-u-clearfix su-u-trim\" data-title=\"bio\">\n<p>Maciej Fr\u0105ckowiak \u2013 socjolog, doktor nauk spo\u0142ecznych, badacz miasta i&nbsp;kultury wizualnej <br \/>\nAutor i&nbsp;redaktor tekst\u00f3w oraz&nbsp;ksi\u0105\u017cek naukowych i&nbsp;popularyzatorskich o tej tematyce, m.in.&nbsp;raportu Architektem si\u0119 bywa, przygotowanego wsp\u00f3lnie z&nbsp;Fundacj\u0105 B\u0119c Zmiana na&nbsp;zlecenie BAIPP m.st. Warszawa. Inicjator i&nbsp;kurator dzia\u0142a\u0144 animuj\u0105cych miejsk\u0105 przestrze\u0144 publiczn\u0105, a tak\u017ce debat\u0119 na&nbsp;jej temat. W&nbsp;latach 2016-2018 cz\u0142onek zespo\u0142u koordynuj\u0105cego program Bardzo M\u0142oda Kultura Narodowego Centrum Kultury. Wyk\u0142adowca School of Form.<\/p>\n<\/div>\n<div class=\"su-tabs-pane su-u-clearfix su-u-trim\" data-title=\"abstrakt\">\n<p>W jaki spos\u00f3b wsp\u00f3\u0142czesne miasta i&nbsp;ich mieszka\u0144cy mog\u0105 odnale\u017a\u0107 si\u0119 w&nbsp;<br \/>\n\u015bwiecie VUCA?<br \/>\nJaka wiedza, kompetencje i&nbsp;umiej\u0119tno\u015bci oka\u017c\u0105 si\u0119 kluczowe w&nbsp;nowej <br \/>\nrzeczywisto\u015bci?<br \/>\nOdpowiedzi\u0105 mo\u017ce by\u0107 podej\u015bcie okre\u015blane mianem \u201cVUCA Prime\u201d.<br \/>\nZak\u0142ada ono pewien schemat dzia\u0142ania, kt\u00f3ry pozwala odnale\u017a\u0107 si\u0119 w&nbsp;tym z&nbsp;<br \/>\npozoru nieprzewidywalnym chaosie. Odpowiedzi\u0105 na&nbsp;zmienno\u015b\u0107 jest w&nbsp;nim<br \/>\nwizja, czyli kierunek, scenariusz, albo warto\u015bci, kt\u00f3re b\u0119d\u0105<br \/>\nspoiwem w&nbsp;czasach turbulencji. Zamiast niepewno\u015bci, proponuje si\u0119<br \/>\nzrozumienie, kt\u00f3re wymaga rozwoju umiej\u0119tno\u015bci spo\u0142ecznych i<br \/>\npolityk dotycz\u0105cych komunikacji. W&nbsp;odpowiedzi na&nbsp;z\u0142o\u017cono\u015b\u0107<br \/>\npotrzebna b\u0119dzie jasno\u015b\u0107, wspomagana przez narz\u0119dzia zwi\u0105zane z<br \/>\ndostarczaniem i&nbsp;syntetyzowaniem informacji. Niejednoznaczno\u015b\u0107 warto<br \/>\nzast\u0105pi\u0107 zwinno\u015bci\u0105, a wiec zdolno\u015bci\u0105 szybkiej adaptacji,<br \/>\nprototypowania i&nbsp;przeprowadzania zmian. Podczas dyskusji powiemy<br \/>\nwi\u0119cej nie tylko o tym bazowym za\u0142o\u017ceniu, ale tak\u017ce wska\u017cemy na<br \/>\nwyrastaj\u0105ce z&nbsp;niego kluczowe kompetencje, kt\u00f3re odnosz\u0105 si\u0119 do<br \/>\nr\u00f3\u017cnych wymiar\u00f3w \u017cycia: osobistego i&nbsp;relacyjnego, organizacyjnego<br \/>\noraz spo\u0142ecznego.<\/p>\n<\/div><\/div><\/div>\n\t\t\t\t\t\t<\/div>\r\n\t\t\t\t\t<\/div>\r\n\r\n\t\t\t\t\t<div style=\"clear: both;\">&nbsp;<\/div>\r\n\t\t\t\t<\/div>\r\n\t\t\t\t\t\t\t\t\t\t\t\t<div id=\"user-5079\" class=\"su-post-prelegent\">\r\n\r\n\t\t\t\t\t<div class=\"content-prelegent-image\">\r\n\t\t\t\t\t\t<img decoding=\"async\" class=\"prelegent-400\" src=\"https:\/\/forumrozwojumiast.poznan.pl\/2020\/wp-content\/uploads\/2020\/07\/rg1.png\" \/>\r\n\t\t\t\t\t<\/div>\r\n\r\n\t\t\t\t\t<div class=\"content-prelegent-text\">\r\n\t\t\t\t\t\t<h2 class=\"su-post-title\">Richard Gerver &#8211; dzie\u0144 II &#8211; 5.11<\/h2>\r\n\t\t\t\t\t\t<div class=\"su-post-excerpt\">\r\n\t\t\t\t\t\t\t<div class=\"su-tabs su-tabs-style-default su-tabs-mobile-stack\" data-active=\"1\" data-scroll-offset=\"0\" data-anchor-in-url=\"no\"><div class=\"su-tabs-nav\"><span class=\"\" data-url=\"\" data-target=\"blank\" tabindex=\"0\" role=\"button\">bio<\/span><span class=\"\" data-url=\"\" data-target=\"blank\" tabindex=\"0\" role=\"button\">abstrakt<\/span><\/div><div class=\"su-tabs-panes\"><div class=\"su-tabs-pane su-u-clearfix su-u-trim\" data-title=\"bio\">\n<p>Richard Gerver \u2013 doradca i&nbsp;konsultant<br \/>\nKarier\u0119 w&nbsp;edukacji rozpocz\u0105\u0142 jako dyrektor podupadaj\u0105cej szko\u0142y podstawowej w&nbsp;Grange. W&nbsp;ci\u0105gu zaledwie dw\u00f3ch lat przeobrazi\u0142 plac\u00f3wk\u0119 w&nbsp;jedno z&nbsp;najbardziej uznanych \u015brodowisk nauczania na&nbsp;\u015bwiecie za co zosta\u0142 wyr\u00f3\u017cniony przez UNESCO i&nbsp;rz\u0105d Wielkiej Brytanii. Zdoby\u0142 \u015bwiatowe uznanie, otrzymuj\u0105c zaproszenia do&nbsp;wyst\u0105pie\u0144 w&nbsp;najbardziej znanych mediach, w&nbsp;tym w&nbsp;radiu TED, RSA i&nbsp;BBC.<br \/>\nTrzy podstawowe zasady le\u017c\u0105ce u podstaw jego filozofii to komunikacja, wzmocnienie pozycji i&nbsp;wp\u0142yw. Twierdzi, \u017ce wielkie przyw\u00f3dztwo polega przede wszystkim na&nbsp;zaspokajaniu potrzeb ludzi, kt\u00f3rzy dla ciebie pracuj\u0105. Wci\u0105\u017c powtarza, \u017ce systemy i&nbsp;struktury niczego nie zmieniaj\u0105; to ludzie tworz\u0105 zmiany.<br \/>\nDoradza\u0142 rz\u0105dom i&nbsp;du\u017cym globalnym korporacjom, w&nbsp;tym Google, Visa, Microsoft, Morgan Stanley, Deloitte, Harrods, Puig i&nbsp;Telefonica. Swoje do\u015bwiadczenie i&nbsp;spostrze\u017cenia z&nbsp;realizacji potencja\u0142u ludzkiego wykorzystuje tak\u017ce w&nbsp;pracy w&nbsp;elitarnym sporcie, z&nbsp;trenerami olimpijskimi i&nbsp;paraolimpijskimi, trenerami EPL Soccer, England Golf i&nbsp;profesjonalnymi dru\u017cynami krykieta. Niedawno rozpocz\u0105\u0142 wsp\u00f3\u0142prac\u0119 z&nbsp;brytyjskim przemys\u0142em muzycznym, aby&nbsp;wspiera\u0107 rozwijanie zdolno\u015bci do&nbsp;przysz\u0142ych, proaktywnych i&nbsp;zr\u00f3wnowa\u017conych zmian.<br \/>\nJest tak\u017ce autorem bestsellerowych ksi\u0105\u017cek. Jego pierwsza ksi\u0105\u017cka \u201eCreating Tomorrow\u2019s Schools Today\u201d (Tworzenie szk\u00f3\u0142 przysz\u0142o\u015bci ju\u017c dzi\u015b) sta\u0142a si\u0119 nowatorskim tekstem dla os\u00f3b zaanga\u017cowanych w&nbsp;transformacj\u0119 edukacji. W&nbsp;\u201eChange and&nbsp;Simple Thinking\u201d (Zmiana i&nbsp;proste my\u015blenie) prezentuje \u015bwiat pozaszkolny oczami nauczyciela. Obie pozycje odnios\u0142y sukces i&nbsp;sta\u0142y si\u0119 \u015bwiatowymi bestsellerami. Pozosta\u0142e ksi\u0105\u017cki odkrywaj\u0105 potencja\u0142 ludzki, przyw\u00f3dztwa i&nbsp;sukcesu. Jego ksi\u0105\u017cki zosta\u0142y przet\u0142umaczone na&nbsp;wiele j\u0119zyk\u00f3w, w&nbsp;tym hiszpa\u0144ski, chi\u0144ski i&nbsp;korea\u0144ski. Najnowsza pozycja \u201eEducation: A Manifesto for Change\u201d (Edukacja: manifest na&nbsp;rzecz zmiany) przedstawia, w&nbsp;jaki spos\u00f3b w&nbsp;niespokojnym XXI wieku, system szkolny mo\u017ce by\u0107 przystosowany do&nbsp;osi\u0105gni\u0119cie celu. <\/p>\n<\/div>\n<div class=\"su-tabs-pane su-u-clearfix su-u-trim\" data-title=\"abstrakt\">\n<p>Edukacja jest najwa\u017cniejszym czynnikiem determinuj\u0105cym przysz\u0142o\u015b\u0107 naszych dzieci, gospodarki, spo\u0142ecze\u0144stwa i&nbsp;finalnie naszej planety. Richard Graver wykorzystuje swoje spostrze\u017cenia oparte na&nbsp;do\u015bwiadczeniu, aby&nbsp;przedstawi\u0107 wizj\u0119, spos\u00f3b my\u015blenia i&nbsp;procesy, kt\u00f3re musimy przyj\u0105\u0107, gdy mamy opracowa\u0107 system, kt\u00f3ry przygotuje m\u0142odych ludzi na&nbsp;przysz\u0142o\u015b\u0107.<br \/>\nBazuj\u0105c na&nbsp;swoim do\u015bwiadczeniu wielokrotnie nagradzanego nauczyciela, dyrektora, cz\u0142onka zarz\u0105du szko\u0142y i&nbsp;uniwersytetu oraz&nbsp;doradcy ds. polityki rz\u0105dowej, Richard Graver precyzyjnie wska\u017ce, jakich umiej\u0119tno\u015bci, zachowa\u0144 i&nbsp;cech potrzebuj\u0105 nasze dzieci, aby&nbsp;odnie\u015b\u0107 sukces w&nbsp;nowoczesnym \u015bwiecie.<br \/>\n@richardgerver <a href=\"https:\/\/www.richardgerver.com\/\" target=\"_blank\" rel=\"noopener noreferrer\">www.richardgerver.com<\/a><\/p>\n<\/div><\/div><\/div>\n\t\t\t\t\t\t<\/div>\r\n\t\t\t\t\t<\/div>\r\n\r\n\t\t\t\t\t<div style=\"clear: both;\">&nbsp;<\/div>\r\n\t\t\t\t<\/div>\r\n\t\t\t\t\t\t\t\t\t\t\t\t<div id=\"user-5058\" class=\"su-post-prelegent\">\r\n\r\n\t\t\t\t\t<div class=\"content-prelegent-image\">\r\n\t\t\t\t\t\t<img decoding=\"async\" class=\"prelegent-400\" src=\"https:\/\/forumrozwojumiast.poznan.pl\/2020\/wp-content\/uploads\/2020\/07\/na-str-1024x1024.jpg\" \/>\r\n\t\t\t\t\t<\/div>\r\n\r\n\t\t\t\t\t<div class=\"content-prelegent-text\">\r\n\t\t\t\t\t\t<h2 class=\"su-post-title\">Tim Gill &#8211; dzie\u0144 I &#8211; 4.11<\/h2>\r\n\t\t\t\t\t\t<div class=\"su-post-excerpt\">\r\n\t\t\t\t\t\t\t<div class=\"su-tabs su-tabs-style-default su-tabs-mobile-stack\" data-active=\"1\" data-scroll-offset=\"0\" data-anchor-in-url=\"no\"><div class=\"su-tabs-nav\"><span class=\"\" data-url=\"\" data-target=\"blank\" tabindex=\"0\" role=\"button\">bio<\/span><span class=\"\" data-url=\"\" data-target=\"blank\" tabindex=\"0\" role=\"button\">abstrakt<\/span><\/div><div class=\"su-tabs-panes\"><div class=\"su-tabs-pane su-u-clearfix su-u-trim\" data-title=\"bio\">\n<p>Tim Gill \u2013 ekspert ds. \u015brodowiska zurbanizowanego <br \/>\n\u015awiatowy rzecznik zabaw na&nbsp;\u015bwie\u017cym powietrzu i&nbsp;ruchu dzieci, tak\u017ce autor ksi\u0105\u017cek No Fear: Growing up in a Risk-Averse Society (Bez obaw: dorastanie w&nbsp;spo\u0142ecze\u0144stwie niech\u0119tnym do&nbsp;ryzyka 2007) i&nbsp;Urban Playground: How child-friendly planning and&nbsp;design can save the cities (Miejski plac zabaw: jak planowanie i&nbsp;projektowanie przyjazne dzieciom mo\u017ce uratowa\u0107 miasta \u2013 do&nbsp;2021 r.). Jest&nbsp;ekspertem ds. \u015brodowiska zurbanizowanego Rady Wzornictwa i&nbsp;wizytuj\u0105cym pracownikiem naukowym w&nbsp;Szkole Psychologii i&nbsp;Nauk o J\u0119zyku Klinicznym na&nbsp;Uniwersytecie w&nbsp;Reading oraz&nbsp;cz\u0142onkiem Churchill Fellow. Uzyska\u0142 tytu\u0142y naukowe na&nbsp;uniwersytetach w&nbsp;Oksfordzie i&nbsp;Londynie oraz&nbsp;doktorat honoris causa Uniwersytetu Edge Hill. Jest&nbsp;by\u0142ym dyrektorem Children\u2019s Play Council (obecnie Play England). <br \/>\n<a href=\"https:\/\/rethinkingchildhood.com\/\" target=\"_blank\" rel=\"noopener noreferrer\"><span style=\"color: #333333;\">www.rethinkingchildhood.com<\/span><\/a>.<\/p>\n<\/div>\n<div class=\"su-tabs-pane su-u-clearfix su-u-trim\" data-title=\"abstrakt\">\n<p>Tim Gill odpowie na&nbsp;pytania: Dlaczego powinni\u015bmy patrze\u0107 na&nbsp;ulice oczami dzieci? Jak wygl\u0105daj\u0105 ulice przyjazne dzieciom? I dlaczego decydenci i&nbsp;szeroka opinia publiczna powinni zaj\u0105\u0107 si\u0119 t\u0105 ide\u0105?<br \/>\nUlice przyjazne dzieciom s\u0105 nie tylko dla dzieci. Dzi\u0119ki nim dzielnice i&nbsp;miasta staj\u0105 si\u0119 bardziej przyjazne dla wszystkich. Nie s\u0105 zdominowane przez ruch uliczny, nadaj\u0105 si\u0119 do&nbsp;spacer\u00f3w i&nbsp;jazdy na&nbsp;rowerze. \u0141\u0105cz\u0105 dzielnice i&nbsp;spo\u0142eczno\u015bci. Dzielnice z&nbsp;t\u0119tni\u0105cymi \u017cyciem, przyjaznymi i&nbsp;anga\u017cuj\u0105cymi ulicami przyci\u0105gn\u0105 i&nbsp;zatrzymaj\u0105 rodziny, co jest niezb\u0119dne dla d\u0142ugookresowego rozwoju ka\u017cdego miasta.<br \/>\nTim Gill podzieli si\u0119 do\u015bwiadczeniami i&nbsp;spostrze\u017ceniami z&nbsp;miast, kt\u00f3re wdro\u017cy\u0142y ide\u0119 przyjaznych dzieciom ulic i&nbsp;dzielnic: postindustrialnego Rotterdamu, postkomunistycznej Tirany i&nbsp;postmodernistycznego Vancouver. Wska\u017ce kluczowe zasady i&nbsp;praktyki, kt\u00f3re zmieni\u0105 miasta w&nbsp;miejsca odpowiednie dla dzieci i&nbsp;dostosowane do&nbsp;miejskich wyzwa\u0144 XXI wieku.<\/p>\n<\/div><\/div><\/div>\n\t\t\t\t\t\t<\/div>\r\n\t\t\t\t\t<\/div>\r\n\r\n\t\t\t\t\t<div style=\"clear: both;\">&nbsp;<\/div>\r\n\t\t\t\t<\/div>\r\n\t\t\t\t\t\t\t\t\t\t\t\t<div id=\"user-5071\" class=\"su-post-prelegent\">\r\n\r\n\t\t\t\t\t<div class=\"content-prelegent-image\">\r\n\t\t\t\t\t\t<img decoding=\"async\" class=\"prelegent-400\" src=\"https:\/\/forumrozwojumiast.poznan.pl\/2020\/wp-content\/uploads\/2020\/07\/Fotini-Ioannidou-EU-na-str.png\" \/>\r\n\t\t\t\t\t<\/div>\r\n\r\n\t\t\t\t\t<div class=\"content-prelegent-text\">\r\n\t\t\t\t\t\t<h2 class=\"su-post-title\">Fotini Ioannidou &#8211; dzie\u0144 II &#8211; 5.11<\/h2>\r\n\t\t\t\t\t\t<div class=\"su-post-excerpt\">\r\n\t\t\t\t\t\t\t<div class=\"su-tabs su-tabs-style-default su-tabs-mobile-stack\" data-active=\"1\" data-scroll-offset=\"0\" data-anchor-in-url=\"no\"><div class=\"su-tabs-nav\"><span class=\"\" data-url=\"\" data-target=\"blank\" tabindex=\"0\" role=\"button\">bio<\/span><span class=\"\" data-url=\"\" data-target=\"blank\" tabindex=\"0\" role=\"button\">abstrakt<\/span><\/div><div class=\"su-tabs-panes\"><div class=\"su-tabs-pane su-u-clearfix su-u-trim\" data-title=\"bio\">\n<p>Fotini Ioannidou &#8211; kierownik Zespo\u0142u ds. Bezpiecze\u0144stwa Ruchu Drogowego w&nbsp;Komisji Europejskiej <br \/>\nPracuje w&nbsp;KE od 1994 r. W&nbsp;latach 2012\u20132016 pe\u0142ni\u0142a funkcj\u0119 kierownika Dzia\u0142u Zasob\u00f3w Ludzkich, pracuj\u0105c zar\u00f3wno w&nbsp;Dyrekcji Generalnej ds. Mobilno\u015bci i&nbsp;Transportu, jak i&nbsp;w&nbsp;Dyrekcji Generalnej ds. Energii. Od 2017 r. jest kierownikiem Zespo\u0142u ds. Bezpiecze\u0144stwa Ruchu Drogowego. Zajmuje si\u0119 polityk\u0105 transportow\u0105, w&nbsp;tym koordynacj\u0105 mi\u0119dzyinstytucjonaln\u0105, bezpiecze\u0144stwem lotniczym i&nbsp;zarz\u0105dzaniem ruchem lotniczym. Przed 1994 r. by\u0142a konsultantem ds. informatyki i&nbsp;telekomunikacji w&nbsp;firmie CAP GEMINI w&nbsp;Pary\u017cu. Uko\u0144czy\u0142a in\u017cynieri\u0119 elektryczn\u0105 na&nbsp;Uniwersytecie Demokryta w&nbsp;Tracji, uzyska\u0142a tytu\u0142 magistra system\u00f3w informatycznych w&nbsp;Ecole Nationale Sup\u00e9rieure des Telecommunications w&nbsp;Pary\u017cu oraz&nbsp;tytu\u0142 magistra elektroniki na&nbsp;Uniwersytecie Paris XI-Orsay.<\/p>\n<\/div>\n<div class=\"su-tabs-pane su-u-clearfix su-u-trim\" data-title=\"abstrakt\">\n<p>Miasta s\u0105 punktami ogniskowymi w&nbsp;dzia\u0142aniach Unii Europejskiej na&nbsp;rzecz uczynienia mobilno\u015bci bezpieczniejsz\u0105 i&nbsp;bardziej zr\u00f3wnowa\u017con\u0105. W&nbsp;2019 r. na&nbsp;drogach UE zgin\u0119\u0142o 22800 os\u00f3b, ponad 60 dziennie. Blisko 40% tych zgon\u00f3w mia\u0142o miejsce na&nbsp;obszarach miejskich, a w\u015br\u00f3d ofiar s\u0105 najbardziej<br \/>\nnara\u017ceni u\u017cytkownicy dr\u00f3g, tacy jak rowerzy\u015bci i&nbsp;piesi. Do&nbsp;tego na&nbsp;ka\u017cd\u0105 \u015bmier\u0107 na&nbsp;drodze przypada oko\u0142o 5 os\u00f3b, kt\u00f3re s\u0105 powa\u017cnie ranne i&nbsp;cz\u0119sto ze zmieniaj\u0105cymi \u017cycie konsekwencjami. Celem UE jest \u201eWizja Zero\u201d, zero ofiar \u015bmiertelnych i&nbsp;zero powa\u017cnych obra\u017ce\u0144 do&nbsp;2050 r. Ramy polityki<br \/>\nbezpiecze\u0144stwa ruchu drogowego UE na&nbsp;lata 2021\u20132030, opublikowane w&nbsp;zesz\u0142ym roku, wyja\u015bniaj\u0105, w&nbsp;jaki spos\u00f3b chcemy to osi\u0105gn\u0105\u0107, a szereg ambitnych \u015brodk\u00f3w jest w&nbsp;trakcie realizacji. W&nbsp;przypadku miasteczek i&nbsp;miast kluczowe jest wi\u0119ksze bezpiecze\u0144stwo pojazd\u00f3w, poprawa infrastruktury, skuteczne zarz\u0105dzanie pr\u0119dko\u015bci\u0105 i&nbsp;ca\u0142o\u015bciowe podej\u015bcie do&nbsp;planowania zr\u00f3wnowa\u017conej mobilno\u015bci miejskiej. Istniej\u0105 wspania\u0142e przyk\u0142ady miast z&nbsp;ca\u0142ej Unii Europejskiej, kt\u00f3re osi\u0105gn\u0119\u0142y imponuj\u0105ce rezultaty, w&nbsp;tym zwyci\u0119zca zesz\u0142orocznej nagrody bezpiecze\u0144stwa na&nbsp;drogach miejskich UE, Pontevedra w&nbsp;Hiszpanii i&nbsp;wicemistrzostwo w&nbsp;Jaworznie. Miasta maj\u0105 dost\u0119p do&nbsp;r\u00f3\u017cnych \u017ar\u00f3de\u0142 finansowania z&nbsp;UE w&nbsp;zakresie \u015brodk\u00f3w bezpiecze\u0144stwa ruchu drogowego, a wymiany z&nbsp;partnerami w&nbsp;sieciach UE mog\u0105 stanowi\u0107 \u017ar\u00f3d\u0142o inspiracji i&nbsp;porad.<\/p>\n<\/div><\/div><\/div>\n\t\t\t\t\t\t<\/div>\r\n\t\t\t\t\t<\/div>\r\n\r\n\t\t\t\t\t<div style=\"clear: both;\">&nbsp;<\/div>\r\n\t\t\t\t<\/div>\r\n\t\t\t\t\t\t\t\t\t\t\t\t<div id=\"user-5403\" class=\"su-post-prelegent\">\r\n\r\n\t\t\t\t\t<div class=\"content-prelegent-image\">\r\n\t\t\t\t\t\t<img decoding=\"async\" class=\"prelegent-400\" src=\"https:\/\/forumrozwojumiast.poznan.pl\/2020\/wp-content\/uploads\/2019\/09\/JJ-1024x1024.jpg\" \/>\r\n\t\t\t\t\t<\/div>\r\n\r\n\t\t\t\t\t<div class=\"content-prelegent-text\">\r\n\t\t\t\t\t\t<h2 class=\"su-post-title\">Jacek Ja\u015bkowiak &#8211; dzie\u0144 I &#8211; 4.11<\/h2>\r\n\t\t\t\t\t\t<div class=\"su-post-excerpt\">\r\n\t\t\t\t\t\t\t<div class=\"su-tabs su-tabs-style-default su-tabs-mobile-stack\" data-active=\"1\" data-scroll-offset=\"0\" data-anchor-in-url=\"no\"><div class=\"su-tabs-nav\"><span class=\"\" data-url=\"\" data-target=\"blank\" tabindex=\"0\" role=\"button\">bio<\/span><\/div><div class=\"su-tabs-panes\"><div class=\"su-tabs-pane su-u-clearfix su-u-trim\" data-title=\"bio\">\n<p>Jacek Ja\u015bkowiak &#8211; Prezydent Miasta Poznania<br \/>\nPrezydent Miasta Poznania od 2014 roku. Spo\u0142ecznik, dzia\u0142acz sportowy, by\u0142y przedsi\u0119biorca. Uko\u0144czy\u0142 Wydzia\u0142 Prawa Uniwersytetu im. Adama Mickiewicza w&nbsp;Poznaniu, studia podyplomowe z&nbsp;zakresu rachunkowo\u015bci i&nbsp;finans\u00f3w oraz&nbsp;podatk\u00f3w. Stypendysta GFPS na&nbsp;Uniwersytecie w&nbsp;Bielefeld w&nbsp;Niemczech. W&nbsp;zarz\u0105dzaniu miastem jego priorytetami s\u0105: wdra\u017canie za\u0142o\u017ce\u0144 zr\u00f3wnowa\u017conego transportu, usprawnianie proces\u00f3w inwestycyjnych, kultura dost\u0119pna, polityka mieszkaniowa i&nbsp;senioralna oraz&nbsp;rewitalizacja centrum.<\/p>\n<\/div><\/div><\/div>\n\t\t\t\t\t\t<\/div>\r\n\t\t\t\t\t<\/div>\r\n\r\n\t\t\t\t\t<div style=\"clear: both;\">&nbsp;<\/div>\r\n\t\t\t\t<\/div>\r\n\t\t\t\t\t\t\t\t\t\t\t\t<div id=\"user-5038\" class=\"su-post-prelegent\">\r\n\r\n\t\t\t\t\t<div class=\"content-prelegent-image\">\r\n\t\t\t\t\t\t<img decoding=\"async\" class=\"prelegent-400\" src=\"https:\/\/forumrozwojumiast.poznan.pl\/2020\/wp-content\/uploads\/2020\/07\/petra-jens.jpg\" \/>\r\n\t\t\t\t\t<\/div>\r\n\r\n\t\t\t\t\t<div class=\"content-prelegent-text\">\r\n\t\t\t\t\t\t<h2 class=\"su-post-title\">Petra Jens &#8211; dzie\u0144 I &#8211; 4.11<\/h2>\r\n\t\t\t\t\t\t<div class=\"su-post-excerpt\">\r\n\t\t\t\t\t\t\t<div class=\"su-tabs su-tabs-style-default su-tabs-mobile-stack\" data-active=\"1\" data-scroll-offset=\"0\" data-anchor-in-url=\"no\"><div class=\"su-tabs-nav\"><span class=\"\" data-url=\"\" data-target=\"blank\" tabindex=\"0\" role=\"button\">bio<\/span><span class=\"\" data-url=\"\" data-target=\"blank\" tabindex=\"0\" role=\"button\">abstrakt<\/span><\/div><div class=\"su-tabs-panes\"><div class=\"su-tabs-pane su-u-clearfix su-u-trim\" data-title=\"bio\">\n<p>Petra Jens &#8211; przedstawiciel miasta ds. pieszych i&nbsp;zast\u0119pca kierownika Mobility Agency Vienna<br \/>\nPetra Jens mieszka i&nbsp;pracuje w&nbsp;Wiedniu. Jest&nbsp;przedstawicielem miasta ds. pieszych i&nbsp;zast\u0119pca kierownika Mobility Agency Vienna, sp\u00f3\u0142ki nale\u017c\u0105cej do&nbsp;Miasta Wiednia. Jest&nbsp;absolwentk\u0105 Boku \u2013 Uniwersytetu Zasob\u00f3w Naturalnych i&nbsp;Nauk Przyrodniczych oraz&nbsp;uzyska\u0142a dyplom z&nbsp;edukacji politycznej na&nbsp;Donau-University Krems. W&nbsp;2006 r., jako m\u0142oda matka tr\u00f3jki dzieci, rozpocz\u0119\u0142a zako\u0144czon\u0105 sukcesem inicjatyw\u0119 obywatelsk\u0105 na&nbsp;rzecz walki z&nbsp;nieporz\u0105dkiem pozostawionym przez psie odchody w&nbsp;miejscach publicznych. Jej petycja domagaj\u0105ca si\u0119 surowszych zasad dla w\u0142a\u015bcicieli ps\u00f3w i&nbsp;wi\u0119kszej dba\u0142o\u015bci o przestrze\u0144 publiczn\u0105 zosta\u0142a podpisana przez 160 tys. os\u00f3b i&nbsp;doprowadzi\u0142a do&nbsp;bardziej czystych ulic i&nbsp;lepszych warunk\u00f3w spacerowych w&nbsp;Wiedniu.<br \/>\nAktywno\u015b\u0107 spo\u0142eczno-polityczn\u0105 kontynuowa\u0142a jako dzia\u0142aczka jednej z&nbsp;najwi\u0119kszych austriackich organizacji charytatywnych \u201eDiakonie\u201d do&nbsp;czasu obj\u0119cia w&nbsp;2013 r. funkcji przedstawiciela Miasta Wiednia ds. pieszych. Pe\u0142ni\u0105c t\u0105 funkcj\u0119 zrealizowa\u0142a pierwsz\u0105 na&nbsp;\u015bwiecie kampani\u0119 \u201eRok chodzenia\u201d, w&nbsp;kt\u00f3rej kt\u00f3ra po raz pierwszy promowano w&nbsp;Wiedniu piesze spacery po mie\u015bcie. Przyk\u0142ady innych projekt\u00f3w to: \u201eraport pieszy\u201d czyli badanie i&nbsp;monitoring ruchu pieszego; uruchomienie systemu naprowadzania pieszych w&nbsp;mie\u015bcie i&nbsp;oznakowania przej\u015b\u0107 publicznych; projekty pilota\u017cowe, np. wdra\u017canie zarz\u0105dzania mobilno\u015bci\u0105 dzieci i&nbsp;rodzin w&nbsp;Wiedniu, tworzenie i&nbsp;udost\u0119pnianie skrzynek mobilno\u015bci wykorzystywanych do&nbsp;nauczania w&nbsp;przedszkolu; utworzenie \u201eStreetlife Festival\u201d, najwi\u0119kszego publicznego wydarzenia w&nbsp;Wiedniu na&nbsp;temat mobilno\u015bci i&nbsp;przestrzeni publicznej.<\/p>\n<\/div>\n<div class=\"su-tabs-pane su-u-clearfix su-u-trim\" data-title=\"abstrakt\">\n<p>Miasta, po kt\u00f3rych mo\u017cna spacerowa\u0107, to miasta dla dzieci, poniewa\u017c chodzenie jest ich g\u0142\u00f3wnym \u015brodkiem transportu. Wiede\u0144 to miasto dla pieszych. 28% wszystkich podr\u00f3\u017cy po mie\u015bcie odbywa si\u0119 pieszo. Chodzenie jest cz\u0119\u015bci\u0105 zdrowego stylu \u017cycia. Doro\u015bli powinni by\u0107 aktywni co najmniej 150 minut tygodniowo, dzieci &#8211; 60 minut dziennie (wed\u0142ug WHO).<br \/>\nDroga do&nbsp;szko\u0142y mo\u017ce zapewni\u0107 jedn\u0105 trzeci\u0105 wymaganej codziennej aktywno\u015bci fizycznej, je\u015bli odbywa si\u0119 ona na&nbsp;piechot\u0119 lub na&nbsp;rowerze. Niemniej jednak 20 % wszystkich uczni\u00f3w szk\u00f3\u0142 podstawowych doje\u017cd\u017ca do&nbsp;szko\u0142y samochodem. Niekt\u00f3rzy rodzice uwa\u017caj\u0105, \u017ce jest to wygodniejsze, a niekt\u00f3rzy, \u017ce bezpieczniejsze. Jednak nawet kilka samochod\u00f3w w&nbsp;tym samym czasie przed szko\u0142\u0105 mo\u017ce powodowa\u0107 korki, zanieczyszczenie powietrza i&nbsp;niebezpieczne sytuacje dla dzieci pieszych i&nbsp;tych na&nbsp;rowerach. Przede wszystkim odwiezienie dzieci do&nbsp;szko\u0142y powoduje zmniejszenie aktywno\u015bci fizycznej, kontakt\u00f3w spo\u0142ecznych i&nbsp;niezb\u0119dnych prze\u017cy\u0107 w&nbsp;przestrzeni publicznej.<br \/>\nW Wiedniu istnieje szeroki wachlarz \u015brodk\u00f3w pozwalaj\u0105cych unikn\u0105\u0107 podr\u00f3\u017cy samochodem do&nbsp;szko\u0142y &#8211; od informacji dla rodzic\u00f3w po miejsca wolne od aut przed szko\u0142ami, zaplanowane z&nbsp;s\u0105siadami, rodzicami i&nbsp;dzie\u0107mi. Jesieni\u0105 2018 r. Miasto Wiede\u0144 rozpocz\u0119\u0142o projekt pilota\u017cowy maj\u0105cy na&nbsp;celu wprowadzenie zakazu jazdy samochodem po szkolnej ulicy w&nbsp;okresie, gdy dzieci przyje\u017cd\u017caj\u0105 lub ko\u0144cz\u0105 szko\u0142\u0119.<br \/>\nOd tego czasu powsta\u0142o kilka ulic szkolnych. Powoli zmienia si\u0119 opinia publiczna na&nbsp;temat tzw. Dowo\u017cenia dzieci przez rodzic\u00f3w.<br \/>\nAgencja Mobilno\u015bci Vienna zosta\u0142a za\u0142o\u017cona w&nbsp;2013 roku w&nbsp;celu promowania ruchu pieszego i&nbsp;rowerowego w&nbsp;Wiedniu. Firma nale\u017cy do&nbsp;Miasta Wiede\u0144.<br \/>\n<a href=\"https:\/\/www.mobilitaetsagentur.at\">https:\/\/www.mobilitaetsagentur.at<\/a><br \/>\n<a href=\"https:\/\/www.wienzufuss.at\/schulstrasse\">https:\/\/www.wienzufuss.at\/schulstrasse<\/a> <br \/>\n<a href=\"https:\/\/www.fahrradwien.at\">https:\/\/www.fahrradwien.at<\/a><\/p>\n<\/div><\/div><\/div>\n\t\t\t\t\t\t<\/div>\r\n\t\t\t\t\t<\/div>\r\n\r\n\t\t\t\t\t<div style=\"clear: both;\">&nbsp;<\/div>\r\n\t\t\t\t<\/div>\r\n\t\t\t\t\t\t\t\t\t\t\t\t<div id=\"user-6049\" class=\"su-post-prelegent\">\r\n\r\n\t\t\t\t\t<div class=\"content-prelegent-image\">\r\n\t\t\t\t\t\t<img decoding=\"async\" class=\"prelegent-400\" src=\"https:\/\/forumrozwojumiast.poznan.pl\/2020\/wp-content\/uploads\/2020\/10\/1-1-1024x1024.jpg\" \/>\r\n\t\t\t\t\t<\/div>\r\n\r\n\t\t\t\t\t<div class=\"content-prelegent-text\">\r\n\t\t\t\t\t\t<h2 class=\"su-post-title\">Franti\u0161ek Kube\u0161 &#8211; dzie\u0144 II &#8211; 5.11<\/h2>\r\n\t\t\t\t\t\t<div class=\"su-post-excerpt\">\r\n\t\t\t\t\t\t\t<div class=\"su-tabs su-tabs-style-default su-tabs-mobile-stack\" data-active=\"1\" data-scroll-offset=\"0\" data-anchor-in-url=\"no\"><div class=\"su-tabs-nav\"><span class=\"\" data-url=\"\" data-target=\"blank\" tabindex=\"0\" role=\"button\">bio<\/span><span class=\"\" data-url=\"\" data-target=\"blank\" tabindex=\"0\" role=\"button\">abstrakt<\/span><\/div><div class=\"su-tabs-panes\"><div class=\"su-tabs-pane su-u-clearfix su-u-trim\" data-title=\"bio\">\n<p>Franti\u0161ek Kube\u0161 &#8211; ekspert w&nbsp;dziedzinie rozwoju regionalnego i<br \/>\nlokalnego, planowania strategicznego, rozwoju zintegrowanego, wsp\u00f3\u0142pracy<br \/>\nmetropolitalnej oraz&nbsp;inteligentnych miast, czyli tzw. \u201csmart cities\u201d<br \/>\n(wyk\u0142ady w&nbsp;Czechach i&nbsp;za granic\u0105). <br \/>\nOd 2019 roku pe\u0142ni funkcj\u0119 dyrektora Departamentu Rozwoju Strategicznego i&nbsp;Wsp\u00f3\u0142pracy. Posiada do\u015bwiadczenie zdobyte w&nbsp;czeskim Ministerstwie Rozwoju Regionalnego, gdzie by\u0142 odpowiedzialny za strategi\u0119 i&nbsp;polityk\u0119 regionaln\u0105 oraz&nbsp;polityk\u0119 miejsk\u0105. Jest&nbsp;absolwentem wydzia\u0142u nauk \u015bcis\u0142ych Uniwersytetu Ostrawskiego na&nbsp;kierunku geografia spo\u0142eczna i&nbsp;rozw\u00f3j regionalny. Otrzyma\u0142 tytu\u0142 doktora z&nbsp;zakresu geografii kulturowej i&nbsp;politycznej.<\/p>\n<\/div>\n<div class=\"su-tabs-pane su-u-clearfix su-u-trim\" data-title=\"abstrakt\">\n<p>Na pocz\u0105tku XX wieku ciep\u0142ownia \u0160pit\u00e1lka by\u0142a przyk\u0142adem post\u0119pu<br \/>\nenergetycznego jako pierwsza w&nbsp;tamtym czasie ciep\u0142ownia w&nbsp;Czechos\u0142owacji.<br \/>\nObecnie zachodnia cz\u0119\u015b\u0107 terenu jest nieu\u017cytkowana i&nbsp;dost\u0119pna do&nbsp;dalszego<br \/>\nzagopodarowania. Miasto Brno jest zatem zainteresowane wykorzystaniem tego<br \/>\nmiejsca do&nbsp;przysz\u0142ej budowy inteligentnej dzielnicy \u0160pit\u00e1lka, kt\u00f3ra pos\u0142u\u017cy<br \/>\njako projekt pilota\u017cowy do&nbsp;weryfikacji wykorzystania nowoczesnych<br \/>\ntechnologii i&nbsp;metod do&nbsp;ich ewentualnego rozwoju w&nbsp;ca\u0142ym mie\u015bcie. Dla<br \/>\nprzysz\u0142ej inteligentnej dzielnicy przewiduje si\u0119 okre\u015blonych u\u017cytkownik\u00f3w<br \/>\n(miejskich).<\/p>\n<\/div><\/div><\/div>\n\t\t\t\t\t\t<\/div>\r\n\t\t\t\t\t<\/div>\r\n\r\n\t\t\t\t\t<div style=\"clear: both;\">&nbsp;<\/div>\r\n\t\t\t\t<\/div>\r\n\t\t\t\t\t\t\t\t\t\t\t\t<div id=\"user-5279\" class=\"su-post-prelegent\">\r\n\r\n\t\t\t\t\t<div class=\"content-prelegent-image\">\r\n\t\t\t\t\t\t<img decoding=\"async\" class=\"prelegent-400\" src=\"https:\/\/forumrozwojumiast.poznan.pl\/2020\/wp-content\/uploads\/2020\/09\/1-1-1024x1024.jpg\" \/>\r\n\t\t\t\t\t<\/div>\r\n\r\n\t\t\t\t\t<div class=\"content-prelegent-text\">\r\n\t\t\t\t\t\t<h2 class=\"su-post-title\">Taavi Kotka &#8211; dzie\u0144 II &#8211; 5.11<\/h2>\r\n\t\t\t\t\t\t<div class=\"su-post-excerpt\">\r\n\t\t\t\t\t\t\t<div class=\"su-tabs su-tabs-style-default su-tabs-mobile-stack\" data-active=\"1\" data-scroll-offset=\"0\" data-anchor-in-url=\"no\"><div class=\"su-tabs-nav\"><span class=\"\" data-url=\"\" data-target=\"blank\" tabindex=\"0\" role=\"button\">bio<\/span><span class=\"\" data-url=\"\" data-target=\"blank\" tabindex=\"0\" role=\"button\">abstrakt<\/span><\/div><div class=\"su-tabs-panes\"><div class=\"su-tabs-pane su-u-clearfix su-u-trim\" data-title=\"bio\">\n<p>Taavi Kotka \u2013 doradca i&nbsp;konsultant w&nbsp;zakresie cyfrowej transformacji <br \/>\nOd 2013 r. by\u0142 pierwszym w&nbsp;Estonii dyrektorem ds. informacji nadzoruj\u0105cym cyfrowy rozw\u00f3j kraju. Karier\u0119 rozpocz\u0105\u0142 w&nbsp;sektorze prywatnym jako programista, nast\u0119pnie zosta\u0142 dyrektorem generalnym najwi\u0119kszej firmy programistycznej w&nbsp;regionie, Webmedia (obecnie Nortal). Uzyska\u0142 w\u00f3wczas tytu\u0142 Ernst &amp; Young\u2019s Entrepreneur of the Year. Jako CIO Estonii, wdro\u017cy\u0142 nowe pomys\u0142y, kt\u00f3re sprawi\u0142y, \u017ce \u201ee-Estonia\u201d definiuje poj\u0119cie cyfrowego kraju a jego najlepsze praktyki s\u0105 obecnie wdra\u017cane przez rz\u0105dy na&nbsp;ca\u0142ym \u015bwiecie. S\u0105 to: program e-Residency, kt\u00f3ry wprowadzi\u0142 Estoni\u0119 w&nbsp;epicentrum globalnej spo\u0142eczno\u015bci technologicznej, a tak\u017ce innowacje, takie jak: ambasady danych, kraj jako us\u0142uga (CAAS), polityka no-legacy, wykrywanie oszustw zwi\u0105zanych z&nbsp;VAT i&nbsp;inne. Za swoje osi\u0105gni\u0119cia zosta\u0142 w\u00f3wczas wyr\u00f3\u017cniony tytu\u0142em European CIO of the Year 2014 s w&nbsp;2016 roku otrzyma\u0142 presti\u017cowe odznaczenie esto\u0144skie White Star III Class Order. Computerworld uzna\u0142 go za jednego ze 100 lider\u00f3w technologicznych w&nbsp;2016 r., znalaz\u0142 si\u0119 te\u017c w\u015br\u00f3d 100 najbardziej wp\u0142ywowych ludzi \u015bwiata Apolitical\u2019s World w&nbsp;2018 roku. Financial Times umie\u015bci\u0142 go w&nbsp;gronie 12 czo\u0142owych os\u00f3b w\u015br\u00f3d 100 europejskich lider\u00f3w cyfrowych 2018.<br \/>\nObecnie znowu pracuje w&nbsp;sektorze prywatnym, wspomagaj\u0105c rozw\u00f3j startup\u00f3w i&nbsp;doradzaj\u0105c du\u017cym firmom i&nbsp;rz\u0105dom kraj\u00f3w w&nbsp;obszarze cyfrowej transformacji. Jest&nbsp;tak\u017ce bardzo popularnym i&nbsp;wizjonerskim prelegentem na&nbsp;du\u017cych konferencjach organizowanych na&nbsp;ca\u0142ym \u015bwiecie.<br \/>\nDo jesieni 2018 r. by\u0142 tak\u017ce specjalnym doradc\u0105 Wiceprzewodnicz\u0105cego Komisji Europejskiej Andrusa Ansipa w&nbsp;obszarze europejskiego jednolitego rynku cyfrowego. <br \/>\nPrywatnie pasjonuje si\u0119 gr\u0105 na&nbsp;pianinie, szachami, snowboardem i&nbsp;rodzin\u0105. Z wykszta\u0142cenia jest magistrem in\u017cynierii o specjalizacji technologie teleinformatyczne, kt\u00f3r\u0105 uko\u0144czy\u0142 z&nbsp;wyr\u00f3\u017cnieniem. Uko\u0144czy\u0142 tak\u017ce studia doktoranckie na&nbsp;Politechnice w&nbsp;Tallinnie.<\/p>\n<\/div>\n<div class=\"su-tabs-pane su-u-clearfix su-u-trim\" data-title=\"abstrakt\">\n<p>Estonia zajmuje pierwsze miejsce w&nbsp;mi\u0119dzynarodowym te\u015bcie PISA. W&nbsp;swoim wyst\u0105pieniu Taavi wyja\u015bni, co stoi za tym sukcesem, jakie my\u015blenie, procesy i&nbsp;narz\u0119dzia by\u0142y wykorzystywane przez ostatnie 20 lat i&nbsp;jakie s\u0105 dalsze plany. Ponadto uczestnicy forum otrzymaj\u0105 zakulisowe informacje na&nbsp;temat ostatniego sukcesu w&nbsp;Estonii: jak przyci\u0105gn\u0105\u0107 wi\u0119cej dziewcz\u0105t do&nbsp;technologii i&nbsp;robotyki.<\/p>\n<\/div><\/div><\/div>\n\t\t\t\t\t\t<\/div>\r\n\t\t\t\t\t<\/div>\r\n\r\n\t\t\t\t\t<div style=\"clear: both;\">&nbsp;<\/div>\r\n\t\t\t\t<\/div>\r\n\t\t\t\t\t\t\t\t\t\t\t\t<div id=\"user-5884\" class=\"su-post-prelegent\">\r\n\r\n\t\t\t\t\t<div class=\"content-prelegent-image\">\r\n\t\t\t\t\t\t<img decoding=\"async\" class=\"prelegent-400\" src=\"https:\/\/forumrozwojumiast.poznan.pl\/2020\/wp-content\/uploads\/2020\/10\/pl.png\" \/>\r\n\t\t\t\t\t<\/div>\r\n\r\n\t\t\t\t\t<div class=\"content-prelegent-text\">\r\n\t\t\t\t\t\t<h2 class=\"su-post-title\">Piotr Libicki &#8211; I dzie\u0144 &#8211; 4.11<\/h2>\r\n\t\t\t\t\t\t<div class=\"su-post-excerpt\">\r\n\t\t\t\t\t\t\t<div class=\"su-tabs su-tabs-style-default su-tabs-mobile-stack\" data-active=\"1\" data-scroll-offset=\"0\" data-anchor-in-url=\"no\"><div class=\"su-tabs-nav\"><span class=\"\" data-url=\"\" data-target=\"blank\" tabindex=\"0\" role=\"button\">bio<\/span><span class=\"\" data-url=\"\" data-target=\"blank\" tabindex=\"0\" role=\"button\">abstrakt<\/span><\/div><div class=\"su-tabs-panes\"><div class=\"su-tabs-pane su-u-clearfix su-u-trim\" data-title=\"bio\">\n<p>Piotr Libicki &#8211; historyk sztuki, autor i&nbsp;wsp\u00f3\u0142autor przewodnik\u00f3w i&nbsp;ksi\u0105\u017cek krajoznawczych<br \/>\nW latach 1999-2009 wsp\u00f3\u0142pracownik Telewizji Polskiej w&nbsp;Poznaniu. Od 2004 roku ekspert Instytutu Sobieskiego w&nbsp;Warszawie z&nbsp;zakresu miasta. Aktywista miejski, wsp\u00f3\u0142za\u0142o\u017cyciel letniego, plenerowego Kina Grunwald oraz&nbsp;inicjatywy Otwarte. W&nbsp;latach 2013-2015 wyk\u0142adowca w&nbsp;Instytucie Geografii Spo\u0142eczno-Ekonomicznej i&nbsp;Gospodarki Przestrzennej UAM, a w&nbsp;latach 2018-2019 w&nbsp;Instytucie Historii Sztuki UAM. Od 2013 roku pe\u0142nomocnik Prezydenta Miasta Poznania ds. estetyki miasta (plastyk miejski), a od 2019 roku tak\u017ce zast\u0119pca dyrektora Zarz\u0105du Dr\u00f3g Miejskich w&nbsp;Poznaniu ds. Przestrzeni publicznej. <\/p>\n<\/div>\n<div class=\"su-tabs-pane su-u-clearfix su-u-trim\" data-title=\"abstrakt\">\n<p>Bezpiecze\u0144stwo nie powinno by\u0107 celem, do&nbsp;kt\u00f3rego d\u0105\u017cymy. Bezpiecze\u0144stwo powinno by\u0107 efektem, kt\u00f3ry osi\u0105gamy, tworz\u0105c dobrej jako\u015bci przestrze\u0144. A przestrze\u0144 dobrej jako\u015bci to miejsce, w&nbsp;kt\u00f3rym ludzie chc\u0105 przebywa\u0107. Najwi\u0119kszym wyzwaniem w&nbsp;tworzeniu dobrych przestrzeni publicznych, od najmniejszych osiedlowych uliczek po \u015br\u00f3dmiejskie place nie jest szukanie odpowiedniego jej kszta\u0142tu, ale przekonanie jak najwi\u0119kszej ilo\u015bci mieszka\u0144c\u00f3w do&nbsp;zmiany. \u0141atwiej postulowa\u0107 kolejny patrol policji ni\u017c przej\u015b\u0107 do&nbsp;zaparkowanego samochodu dodatkowe sto metr\u00f3w.<\/p>\n<\/div><\/div><\/div>\n\t\t\t\t\t\t<\/div>\r\n\t\t\t\t\t<\/div>\r\n\r\n\t\t\t\t\t<div style=\"clear: both;\">&nbsp;<\/div>\r\n\t\t\t\t<\/div>\r\n\t\t\t\t\t\t\t\t\t\t\t\t<div id=\"user-5453\" class=\"su-post-prelegent\">\r\n\r\n\t\t\t\t\t<div class=\"content-prelegent-image\">\r\n\t\t\t\t\t\t<img decoding=\"async\" class=\"prelegent-400\" src=\"https:\/\/forumrozwojumiast.poznan.pl\/2020\/wp-content\/uploads\/2020\/10\/111-1024x1024.jpg\" \/>\r\n\t\t\t\t\t<\/div>\r\n\r\n\t\t\t\t\t<div class=\"content-prelegent-text\">\r\n\t\t\t\t\t\t<h2 class=\"su-post-title\">Iwona Matuszczak-Szulc<\/h2>\r\n\t\t\t\t\t\t<div class=\"su-post-excerpt\">\r\n\t\t\t\t\t\t\t<div class=\"su-tabs su-tabs-style-default su-tabs-mobile-stack\" data-active=\"1\" data-scroll-offset=\"0\" data-anchor-in-url=\"no\"><div class=\"su-tabs-nav\"><span class=\"\" data-url=\"\" data-target=\"blank\" tabindex=\"0\" role=\"button\">bio<\/span><\/div><div class=\"su-tabs-panes\"><div class=\"su-tabs-pane su-u-clearfix su-u-trim\" data-title=\"bio\">\n<p>Iwona Matuszczak-Szulc \u2013 dyrektor Wydzia\u0142u Rozwoju Miasta i&nbsp;Wsp\u00f3\u0142pracy Mi\u0119dzynarodowej Urz\u0119du Miasta Poznania <br \/>\nOdpowiada za kontakty z&nbsp;partnerami zagranicznymi, proces uaktualniania i&nbsp;monitoringu Strategii Rozwoju Miasta. Nadzoruje prace zwi\u0105zane z&nbsp;ratingiem miasta Poznania i&nbsp;wsp\u00f3\u0142prac\u0105 z&nbsp;mi\u0119dzynarodowymi agencjami ratingowymi Fitch Ratings i&nbsp;Moody\u2019s Investors Service, prac\u0119 think-tank\u00f3w przy Prezydencie Miasta, przygotowanie innowacyjnych koncepcji, modeli, struktur oraz&nbsp;rozwi\u0105za\u0144\u0301 sytuacji problemowych a tak\u017ce realizacj\u0119 mi\u0119dzynarodowych konferencji i&nbsp;projekt\u00f3w. Koordynuje strategiczne zarz\u0105dzanie w&nbsp;mie\u015bcie i&nbsp;udzia\u0142 Poznania w&nbsp;Agendzie Miejskiej UE. Koordynator europejskiego projektu \u201eGet into the swing of the City\u201d skierowanego do&nbsp;kreatywnego pokolenia Y. Wyk\u0142adowca akademicki. Interesuje si\u0119 zastosowaniem innowacyjnych metod w&nbsp;rozwi\u0105zywaniu z\u0142o\u017conych problem\u00f3w oraz&nbsp;projekt\u00f3w badawczych oraz&nbsp;bieganiem d\u0142ugodystansowym. Jest&nbsp;pomys\u0142odawczyni\u0105 i&nbsp;g\u0142\u00f3wn\u0105 organizatork\u0105 Forum Rozwoju Miast.<\/p>\n<\/div><\/div><\/div>\n\t\t\t\t\t\t<\/div>\r\n\t\t\t\t\t<\/div>\r\n\r\n\t\t\t\t\t<div style=\"clear: both;\">&nbsp;<\/div>\r\n\t\t\t\t<\/div>\r\n\t\t\t\t\t\t\t\t\t\t\t\t<div id=\"user-5544\" class=\"su-post-prelegent\">\r\n\r\n\t\t\t\t\t<div class=\"content-prelegent-image\">\r\n\t\t\t\t\t\t<img decoding=\"async\" class=\"prelegent-400\" src=\"https:\/\/forumrozwojumiast.poznan.pl\/2020\/wp-content\/uploads\/2020\/09\/1CezaryMazurek.jpg\" \/>\r\n\t\t\t\t\t<\/div>\r\n\r\n\t\t\t\t\t<div class=\"content-prelegent-text\">\r\n\t\t\t\t\t\t<h2 class=\"su-post-title\">Cezary Mazurek &#8211; dzie\u0144 II &#8211; 5.11<\/h2>\r\n\t\t\t\t\t\t<div class=\"su-post-excerpt\">\r\n\t\t\t\t\t\t\t<div class=\"su-tabs su-tabs-style-default su-tabs-mobile-stack\" data-active=\"1\" data-scroll-offset=\"0\" data-anchor-in-url=\"no\"><div class=\"su-tabs-nav\"><span class=\"\" data-url=\"\" data-target=\"blank\" tabindex=\"0\" role=\"button\">bio<\/span><\/div><div class=\"su-tabs-panes\"><div class=\"su-tabs-pane su-u-clearfix su-u-trim\" data-title=\"bio\">\n<p>Cezary Mazurek &#8211; Pe\u0142nomocnik Dyrektora ICHB PAN ds. Pozna\u0144skiego Centrum Superkomputerowo-Sieciowego<br \/>\nOd ponad 20 lat zaanga\u017cowany w&nbsp;budow\u0119 infrastruktury informatycznej nauki w&nbsp;Polsce i&nbsp;rozw\u00f3j us\u0142ug dla spo\u0142ecze\u0144stwa informacyjnego. Do&nbsp;najwi\u0119kszych wdro\u017ce\u0144, kt\u00f3rymi kierowa\u0142 nale\u017c\u0105: Miejski Informator Multimedialny o Poznaniu, system bibliotek cyfrowych dLibra, system rekrutacji NAB\u00d3R, telewizja naukowa PLATON TV. Prezes Stowarzyszenia Wielkopolski Klaster Teleinformatyczny. Autor ponad 100 publikacji.<\/p>\n<\/div><\/div><\/div>\n\t\t\t\t\t\t<\/div>\r\n\t\t\t\t\t<\/div>\r\n\r\n\t\t\t\t\t<div style=\"clear: both;\">&nbsp;<\/div>\r\n\t\t\t\t<\/div>\r\n\t\t\t\t\t\t\t\t\t\t\t\t<div id=\"user-5906\" class=\"su-post-prelegent\">\r\n\r\n\t\t\t\t\t<div class=\"content-prelegent-image\">\r\n\t\t\t\t\t\t<img decoding=\"async\" class=\"prelegent-400\" src=\"https:\/\/forumrozwojumiast.poznan.pl\/2020\/wp-content\/uploads\/2020\/10\/1-1024x768.jpg\" \/>\r\n\t\t\t\t\t<\/div>\r\n\r\n\t\t\t\t\t<div class=\"content-prelegent-text\">\r\n\t\t\t\t\t\t<h2 class=\"su-post-title\">Playstreets w Berlinie &#8211; dzie\u0144 I &#8211; 4.11<\/h2>\r\n\t\t\t\t\t\t<div class=\"su-post-excerpt\">\r\n\t\t\t\t\t\t\t<div class=\"su-tabs su-tabs-style-default su-tabs-mobile-stack\" data-active=\"1\" data-scroll-offset=\"0\" data-anchor-in-url=\"no\"><div class=\"su-tabs-nav\"><span class=\"\" data-url=\"\" data-target=\"blank\" tabindex=\"0\" role=\"button\">bio<\/span><span class=\"\" data-url=\"\" data-target=\"blank\" tabindex=\"0\" role=\"button\">abstrakt<\/span><\/div><div class=\"su-tabs-panes\"><div class=\"su-tabs-pane su-u-clearfix su-u-trim\" data-title=\"bio\">\n<p>Constanze Siedenburg<br \/>\nRzecznik prasowy Wydzia\u0142u Senackiego ds. Ruchu Drogowego w&nbsp;Berlinie <br \/>\nWcze\u015bniej osobisty asystent sekretarza stanu ds. transportu. Planuje projekty s\u0105siedzkie w&nbsp;Berlinie od 1995 roku, a od 2012 roku jest aktywnym lokalnym politykiem Partii Zielonych w&nbsp;dzielnicy Pankow.<br \/>\nCornelia Dittrich<br \/>\nDzia\u0142acz Playstreet od 2008 roku<br \/>\nJako architekt i&nbsp;matka tr\u00f3jki dzieci mieszkaj\u0105cych w&nbsp;Berlinie, szczeg\u00f3lnie \u015bwiadoma ogromnego marnotrawstwa cennej przestrzeni publicznej na&nbsp;rzecz samochod\u00f3w. Koordynator Berliner B\u00fcndnis Tempor\u00e4re Spielstra\u00dfen (Berlin Playstreet Alliance), kt\u00f3re zosta\u0142o za\u0142o\u017cone w&nbsp;marcu 2019 roku przez kilka organizacji zajmuj\u0105cych si\u0119 prawami dziecka i&nbsp;kwestiami ekologicznymi (Dachverband Berliner Kinder- und Sch\u00fclerl\u00e4den, Deutsches Kinderhilfswerk, BUND Berlin, autofrei leben!). Od 2020 roku prace Sojuszu s\u0105 oficjalnie wspierane przez rz\u0105d berli\u0144ski.<\/p>\n<\/div>\n<div class=\"su-tabs-pane su-u-clearfix su-u-trim\" data-title=\"abstrakt\">\n<p>Ulica jako miejsce pobytu i&nbsp;spotka\u0144 z&nbsp;lud\u017ami &#8211; to, co przez wieki uwa\u017cane by\u0142o za oczywiste, przepad\u0142o w&nbsp;ostatnich kilkudziesi\u0119ciu latach. Constanze Siedenburg i&nbsp;Cornelia Dittrich poka\u017c\u0105 nam, w&nbsp;jaki spos\u00f3b mo\u017cna to z&nbsp;powodzeniem zmieni\u0107, tak, aby&nbsp;miasta sta\u0142y si\u0119 jeszcze lepsze do&nbsp;\u017cycia. Berli\u0144skie ulice do&nbsp;tymczasowych zabaw s\u0105 prostym narz\u0119dziem do&nbsp;okazjonalnego korzystania z&nbsp;ulicy w&nbsp;nowy spos\u00f3b. Powstaj\u0105 z&nbsp;inicjatywy mieszka\u0144c\u00f3w, przy ich udziale, dzia\u0142aj\u0105c na&nbsp;rzecz lepszego s\u0105siedztwa. Zobaczmy, jak uda\u0142o im si\u0119 przeprowadzi\u0107 ma\u0142\u0105 rewolucj\u0119 w&nbsp;dzielnicy Friedrichshain-Kreuzberg i&nbsp;zorganizowa\u0107 Dzie\u0144 bez Samochodu 2020 uwalniaj\u0105c od aut 24 ulice i&nbsp;przywracaj\u0105c je tymczasowo mieszka\u0144com.<\/p>\n<\/div><\/div><\/div>\n\t\t\t\t\t\t<\/div>\r\n\t\t\t\t\t<\/div>\r\n\r\n\t\t\t\t\t<div style=\"clear: both;\">&nbsp;<\/div>\r\n\t\t\t\t<\/div>\r\n\t\t\t\t\t\t\t\t\t\t\t\t<div id=\"user-5275\" class=\"su-post-prelegent\">\r\n\r\n\t\t\t\t\t<div class=\"content-prelegent-image\">\r\n\t\t\t\t\t\t<img decoding=\"async\" class=\"prelegent-400\" src=\"https:\/\/forumrozwojumiast.poznan.pl\/2020\/wp-content\/uploads\/2020\/09\/1.jpg\" \/>\r\n\t\t\t\t\t<\/div>\r\n\r\n\t\t\t\t\t<div class=\"content-prelegent-text\">\r\n\t\t\t\t\t\t<h2 class=\"su-post-title\">POLIS Network &#8211; dzie\u0144 I &#8211; 4.11<\/h2>\r\n\t\t\t\t\t\t<div class=\"su-post-excerpt\">\r\n\t\t\t\t\t\t\t<div class=\"su-tabs su-tabs-style-default su-tabs-mobile-stack\" data-active=\"1\" data-scroll-offset=\"0\" data-anchor-in-url=\"no\"><div class=\"su-tabs-nav\"><span class=\"\" data-url=\"\" data-target=\"blank\" tabindex=\"0\" role=\"button\">bio<\/span><span class=\"\" data-url=\"\" data-target=\"blank\" tabindex=\"0\" role=\"button\">abstrakt<\/span><\/div><div class=\"su-tabs-panes\"><div class=\"su-tabs-pane su-u-clearfix su-u-trim\" data-title=\"bio\">\n<p>Bal\u00e1zs N\u00e9meth &#8211; urz\u0119dnik ds. projekt\u00f3w w&nbsp;Polis Network<br \/>\nZaanga\u017cowany w&nbsp;projekty UE zwi\u0105zane z&nbsp;transportem miejskim, takie jak WeCount, LEVITATE, ELTIS i&nbsp;kampani\u0119 EUROPEANMOBILITYWEEK. Posiada du\u017ce do\u015bwiadczenie w&nbsp;zr\u00f3wnowa\u017conej mobilno\u015bci i&nbsp;planowaniu miejskim. Uzyska\u0142 tytu\u0142 Master of Engineering Sustainable Cities w&nbsp;Kopenhadze. W&nbsp;Brukseli poprzednio pracowa\u0142 dla EUROCITIES jako cz\u0142onek zespo\u0142u ds. mobilno\u015bci miejskiej oraz&nbsp;odby\u0142 sta\u017c w&nbsp;Komisji Europejskiej.<br \/>\nIvo Cr\u00e9 &#8211; Dyrektor sieci Polis<br \/>\nZaanga\u017cowany w&nbsp;koordynacj\u0119 polityki Polis i&nbsp;dzia\u0142ania w&nbsp;zakresie rozwoju projekt\u00f3w UE. Kieruje filarem tematycznym sieci dotycz\u0105cym dost\u0119pno\u015bci, w&nbsp;tym grupami roboczymi ds. parkowania i&nbsp;dost\u0119pno\u015bci miast. Koordynowa\u0142 tworzenie polityki Polis dotycz\u0105cej inteligentnych miast. Obecnie zaanga\u017cowany w&nbsp;projekty: European Projects Future Radar, CIVITAS SATELLITE, REVEAL, PARK4SUMP. Posiada du\u017ce do\u015bwiadczenie w&nbsp;zakresie sieci miejskich i&nbsp;polityki mobilno\u015bci.<\/p>\n<p>&nbsp;<\/p>\n<\/div>\n<div class=\"su-tabs-pane su-u-clearfix su-u-trim\" data-title=\"abstrakt\">\n<p>Polis, sie\u0107 miast i&nbsp;region\u00f3w na&nbsp;rzecz innowacji transportowych, jest w&nbsp;bliskim kontakcie ze swoimi 84 cz\u0142onkami, aby&nbsp;zrozumie\u0107, jak radz\u0105 sobie w&nbsp;obecnym kryzysie, kt\u00f3ry w&nbsp;du\u017cym stopniu wp\u0142ywa na&nbsp;zachowania ludzi zwi\u0105zane z&nbsp;mobilno\u015bci\u0105. Rozwi\u0105zania mobilne staj\u0105 si\u0119 inteligentne tylko wtedy, gdy zyskuj\u0105 szerok\u0105 akceptacj\u0119 w\u015br\u00f3d u\u017cytkownik\u00f3w. Jak mo\u017cemy zwi\u0119kszy\u0107 t\u0119 akceptacj\u0119? Wyci\u0105gaj\u0105c wnioski z&nbsp;ich opinii i&nbsp;uwa\u017cnie monitoruj\u0105c kilka wspieranych przez UE projekt\u00f3w innowacyjnych w&nbsp;dziedzinie transportu, uzyskamy wyja\u015bnienie wyzwa\u0144 i&nbsp;rozwi\u0105za\u0144 dotycz\u0105cych tego, jak \u017cy\u0107 z&nbsp;nowym standardem w&nbsp;mobilno\u015bci miejskiej.<\/p>\n<\/div><\/div><\/div>\n\t\t\t\t\t\t<\/div>\r\n\t\t\t\t\t<\/div>\r\n\r\n\t\t\t\t\t<div style=\"clear: both;\">&nbsp;<\/div>\r\n\t\t\t\t<\/div>\r\n\t\t\t\t\t\t\t\t\t\t\t\t<div id=\"user-5431\" class=\"su-post-prelegent\">\r\n\r\n\t\t\t\t\t<div class=\"content-prelegent-image\">\r\n\t\t\t\t\t\t<img decoding=\"async\" class=\"prelegent-400\" src=\"https:\/\/forumrozwojumiast.poznan.pl\/2020\/wp-content\/uploads\/2020\/09\/1-6-1024x1024.jpg\" \/>\r\n\t\t\t\t\t<\/div>\r\n\r\n\t\t\t\t\t<div class=\"content-prelegent-text\">\r\n\t\t\t\t\t\t<h2 class=\"su-post-title\">Rafa\u0142 Ratajczak &#8211; dzie\u0144 I &#8211; 4.11<\/h2>\r\n\t\t\t\t\t\t<div class=\"su-post-excerpt\">\r\n\t\t\t\t\t\t\t<div class=\"su-tabs su-tabs-style-default su-tabs-mobile-stack\" data-active=\"1\" data-scroll-offset=\"0\" data-anchor-in-url=\"no\"><div class=\"su-tabs-nav\"><span class=\"\" data-url=\"\" data-target=\"blank\" tabindex=\"0\" role=\"button\">bio<\/span><span class=\"\" data-url=\"\" data-target=\"blank\" tabindex=\"0\" role=\"button\">abstrakt<\/span><\/div><div class=\"su-tabs-panes\"><div class=\"su-tabs-pane su-u-clearfix su-u-trim\" data-title=\"bio\">\n<p>Rafa\u0142 Ratajczak &#8211; manager w&nbsp;obszarze smart city w&nbsp;Wielkopolskim Centrum Wspierania Inwestycji Sp. z&nbsp;o.o.<br \/>\nAbsolwent prawa i&nbsp;stosunk\u00f3w mi\u0119dzynarodowych na&nbsp;Wydziale Nauk Politycznych Uniwersytetu Adama Mickiewicza oraz&nbsp;Zarz\u0105dzania i&nbsp;Ekonomii Uniwersytetu Ekonomicznego w&nbsp;Poznaniu. Przez kilkana\u015bcie lat zwi\u0105zany z&nbsp;bran\u017c\u0105 ochrony \u015brodowiska i&nbsp;gospodark\u0105 odpadami. W&nbsp;tym czasie prowadzi\u0142 szereg projekt\u00f3w logistycznych i&nbsp;wdro\u017ceniowych zwi\u0105zanych instalacjami przetwarzania odpad\u00f3w.<br \/>\nAktualnie manager w&nbsp;obszarze smart city w&nbsp;Wielkopolskim Centrum Wspierania Inwestycji Sp. z&nbsp;o.o.. Zdobyte do\u015bwiadczenie menad\u017cerskie wykorzystuje do&nbsp;wspierania Miasta Poznania w&nbsp;zakresie testowania i&nbsp;wdra\u017cania rozwi\u0105za\u0144 maj\u0105cych na&nbsp;celu popraw\u0119 jako\u015bci \u017cycia w&nbsp;mie\u015bcie.<\/p>\n<p>&nbsp;<\/p>\n<\/div>\n<div class=\"su-tabs-pane su-u-clearfix su-u-trim\" data-title=\"abstrakt\">\n<p>Wykorzystywanie danych i&nbsp;wyci\u0105ganie z&nbsp;nich wniosk\u00f3w staje si\u0119 naturalnym elementem dzisiejszej rzeczywisto\u015bci. Coraz cz\u0119\u015bciej nie tylko w&nbsp;biznesie ale r\u00f3wnie\u017c w&nbsp;zarz\u0105dzaniu miastami du\u017ce zbiory danych odgrywaj\u0105 znacz\u0105c\u0105 rol\u0119. Miasta posiadaj\u0105 ogromne ilo\u015bci danych. Nie zawsze jednak s\u0105 one wykorzystywane optymalnie m.in.&nbsp;ze wzgl\u0119du na&nbsp;spos\u00f3b i&nbsp;form\u0119 ich gromadzenia oraz&nbsp;mo\u017cliwo\u015bci analityczne. <br \/>\nWyobra\u017amy sobie jednak sytuacj\u0119, w&nbsp;kt\u00f3rej miasta posiadaj\u0105c odpowiedni\u0105 architektur\u0119 danych (gromadzenie, przechowywanie, integracja, analityka i&nbsp;wykorzystanie danych), potrafi\u0105 przewidywa\u0107 np. wypadki drogowe, b\u00f3jki uliczne, kradzie\u017ce. Id\u0105c dalej, wyobra\u017amy sobie miasta, w&nbsp;kt\u00f3rych analityka danych w&nbsp;czasie rzeczywistym we wsparciu sztucznej inteligencji pozwala zapobiega\u0107 kolizjom drogowym czy wypadkom. <br \/>\nO prawdziwej skuteczno\u015b\u0107 wykorzystania Big Data przekonamy si\u0119 jednak wtedy, gdy stworzymy kompleksowy plan zarz\u0105dzania i&nbsp;analizy danych. Jest&nbsp;to du\u017ce wyzwanie tak dla biznesu jak i&nbsp;samorz\u0105d\u00f3w.<br \/>\nPoszukuj\u0105c odpowiedzi na&nbsp;pytanie, czy Big Data i&nbsp;bezpiecze\u0144stwo na&nbsp;ulicach w&nbsp;mie\u015bcie to niedaleka przysz\u0142o\u015b\u0107 czy ju\u017c tera\u017aniejszo\u015b\u0107, spr\u00f3buj\u0119 odpowiedzie\u0107 bazuj\u0105c na&nbsp;do\u015bwiadczeniach i&nbsp;projektach \u015bwiata nauki, biznesu i&nbsp;samorz\u0105du.<\/p>\n<\/div><\/div><\/div>\n\t\t\t\t\t\t<\/div>\r\n\t\t\t\t\t<\/div>\r\n\r\n\t\t\t\t\t<div style=\"clear: both;\">&nbsp;<\/div>\r\n\t\t\t\t<\/div>\r\n\t\t\t\t\t\t\t\t\t\t\t\t<div id=\"user-5236\" class=\"su-post-prelegent\">\r\n\r\n\t\t\t\t\t<div class=\"content-prelegent-image\">\r\n\t\t\t\t\t\t<img decoding=\"async\" class=\"prelegent-400\" src=\"https:\/\/forumrozwojumiast.poznan.pl\/2020\/wp-content\/uploads\/2020\/09\/3-1024x1024.jpg\" \/>\r\n\t\t\t\t\t<\/div>\r\n\r\n\t\t\t\t\t<div class=\"content-prelegent-text\">\r\n\t\t\t\t\t\t<h2 class=\"su-post-title\">Rennes-Metropolia &#8211; dzie\u0144 I &#8211; 4.11<\/h2>\r\n\t\t\t\t\t\t<div class=\"su-post-excerpt\">\r\n\t\t\t\t\t\t\t<div class=\"su-tabs su-tabs-style-default su-tabs-mobile-stack\" data-active=\"1\" data-scroll-offset=\"0\" data-anchor-in-url=\"no\"><div class=\"su-tabs-nav\"><span class=\"\" data-url=\"\" data-target=\"blank\" tabindex=\"0\" role=\"button\">bio<\/span><span class=\"\" data-url=\"\" data-target=\"blank\" tabindex=\"0\" role=\"button\">abstrakt<\/span><\/div><div class=\"su-tabs-panes\"><div class=\"su-tabs-pane su-u-clearfix su-u-trim\" data-title=\"bio\">\n<p>Gildas Bourven<br \/>\npracuje w&nbsp;dziale mobilno\u015bci w&nbsp;Metropolii Rennes. Jest&nbsp;odpowiedzialny za ruch uliczny, \u015brodki uspokajania ruchu, obszary spotka\u0144 i&nbsp;strefy dla pieszych.<br \/>\nGuillaume Porcher<br \/>\npracuje w&nbsp;dziale mobilno\u015bci w&nbsp;Metropolii Rennes. Jest&nbsp;odpowiedzialny za infrastruktur\u0119 rowerow\u0105, zr\u00f3wnowa\u017con\u0105 mobilno\u015b\u0107, mobilno\u015b\u0107 \u0142\u0105czon\u0105.<\/p>\n<p>Obaj odpowiadaj\u0105 za rozw\u00f3j udogodnie\u0144 dla rower\u00f3w i&nbsp;pieszych w&nbsp;Metropolii Rennes po zniesieniu blokad zwi\u0105zanych z&nbsp;pandemi\u0105 wiosn\u0105 2020 r.<\/p>\n<\/div>\n<div class=\"su-tabs-pane su-u-clearfix su-u-trim\" data-title=\"abstrakt\">\n<p>Taktyczne planowanie miejskie w&nbsp;Metropolii Rennes w&nbsp;odpowiedzi na&nbsp;kryzys zdrowotny zwi\u0105zany z&nbsp;pandemi\u0105.<br \/>\nOd wiosny 2020 roku Metropolia Rennes ulepsza udogodnienia dla rower\u00f3w i&nbsp;pieszych. Po zniesieniu w&nbsp;maju 2020 r. blokad zwi\u0105zanych z&nbsp;pandemi\u0105 udogodnienia wprowadzono na&nbsp;drogach rowerowych o d\u0142ugo\u015bci oko\u0142o 570 km. Od tego czasu miasto kontynuuje polityk\u0119 intensywnego rozwoju infrastruktury rowerowej i&nbsp;pieszej. Okres zmian po kryzysie zdrowotnym zwi\u0105zanym z&nbsp;pandemi\u0105 by\u0142 okazj\u0105 do&nbsp;przetestowania udogodnie\u0144 i&nbsp;przyspieszenia reorganizacji przestrzeni publicznej na&nbsp;rzecz ruchu pieszych i&nbsp;rowerzyst\u00f3w oraz&nbsp;ograniczenia pr\u0119dko\u015bci.<\/p>\n<\/div><\/div><\/div>\n\t\t\t\t\t\t<\/div>\r\n\t\t\t\t\t<\/div>\r\n\r\n\t\t\t\t\t<div style=\"clear: both;\">&nbsp;<\/div>\r\n\t\t\t\t<\/div>\r\n\t\t\t\t\t\t\t\t\t\t\t\t<div id=\"user-5388\" class=\"su-post-prelegent\">\r\n\r\n\t\t\t\t\t<div class=\"content-prelegent-image\">\r\n\t\t\t\t\t\t<img decoding=\"async\" class=\"prelegent-400\" src=\"https:\/\/forumrozwojumiast.poznan.pl\/2020\/wp-content\/uploads\/2020\/09\/2-1.jpg\" \/>\r\n\t\t\t\t\t<\/div>\r\n\r\n\t\t\t\t\t<div class=\"content-prelegent-text\">\r\n\t\t\t\t\t\t<h2 class=\"su-post-title\">Dominika Sadowska &#8211; dzie\u0144 II &#8211; 5.11<\/h2>\r\n\t\t\t\t\t\t<div class=\"su-post-excerpt\">\r\n\t\t\t\t\t\t\t<div class=\"su-tabs su-tabs-style-default su-tabs-mobile-stack\" data-active=\"1\" data-scroll-offset=\"0\" data-anchor-in-url=\"no\"><div class=\"su-tabs-nav\"><span class=\"\" data-url=\"\" data-target=\"blank\" tabindex=\"0\" role=\"button\">bio<\/span><span class=\"\" data-url=\"\" data-target=\"blank\" tabindex=\"0\" role=\"button\">abstrakt<\/span><\/div><div class=\"su-tabs-panes\"><div class=\"su-tabs-pane su-u-clearfix su-u-trim\" data-title=\"bio\">\n<p>Dominika Sadowska \u2013 ekspertka z&nbsp;obszaru polityki i&nbsp;prawa antydyskryminacyjnego<br \/>\nMediatorka spor\u00f3w i&nbsp;konflikt\u00f3w w&nbsp;obszarze D&amp;I (r\u00f3\u017cnorodno\u015bci i&nbsp;w\u0142\u0105czenia), inicjatorka i&nbsp;za\u0142o\u017cycielka Strefy r\u00f3\u017cnorodno\u015bci i&nbsp;Divercity+ . Specjalizuje si\u0119 w&nbsp;projektowaniu i&nbsp;wdra\u017caniu strategii zarz\u0105dzania r\u00f3\u017cnorodno\u015bci\u0105 i&nbsp;inkluzji spo\u0142ecznej w&nbsp;przedsi\u0119biorstwach, a tak\u017ce w&nbsp;miastach i&nbsp;metropoliach (Warszawa r\u00f3\u017cnorodna, gda\u0144ski Model na&nbsp;rzecz r\u00f3wnego traktowania).<br \/>\nAktualnie pracuje nad&nbsp;now\u0105 polityk\u0105 r\u00f3\u017cnorodno\u015bci dla Warszawy i&nbsp;r\u00f3wno\u015bciowym planem dzia\u0142a\u0144 dla Poznania. Jest&nbsp;autork\u0105 Krajowego programu przeciwdzia\u0142ania dyskryminacji rasowej, ksenofobii i&nbsp;zwi\u0105zanej z&nbsp;nimi nietolerancji.<br \/>\nEntuzjastka problematyki spo\u0142ecznej odpowiedzialno\u015bci architektury i&nbsp;konflikt\u00f3w miejskich.<\/p>\n<\/div>\n<div class=\"su-tabs-pane su-u-clearfix su-u-trim\" data-title=\"abstrakt\">\n<p>W jaki spos\u00f3b wsp\u00f3\u0142czesne miasta i&nbsp;ich mieszka\u0144cy mog\u0105 odnale\u017a\u0107 si\u0119 w&nbsp;<br \/>\n\u015bwiecie VUCA?<br \/>\nJaka wiedza, kompetencje i&nbsp;umiej\u0119tno\u015bci oka\u017c\u0105 si\u0119 kluczowe w&nbsp;nowej <br \/>\nrzeczywisto\u015bci?<br \/>\nOdpowiedzi\u0105 mo\u017ce by\u0107 podej\u015bcie okre\u015blane mianem \u201cVUCA Prime\u201d.<br \/>\nZak\u0142ada ono pewien schemat dzia\u0142ania, kt\u00f3ry pozwala odnale\u017a\u0107 si\u0119 w&nbsp;tym z&nbsp;<br \/>\npozoru nieprzewidywalnym chaosie. Odpowiedzi\u0105 na&nbsp;zmienno\u015b\u0107 jest w&nbsp;nim<br \/>\nwizja, czyli kierunek, scenariusz, albo warto\u015bci, kt\u00f3re b\u0119d\u0105<br \/>\nspoiwem w&nbsp;czasach turbulencji. Zamiast niepewno\u015bci, proponuje si\u0119<br \/>\nzrozumienie, kt\u00f3re wymaga rozwoju umiej\u0119tno\u015bci spo\u0142ecznych i<br \/>\npolityk dotycz\u0105cych komunikacji. W&nbsp;odpowiedzi na&nbsp;z\u0142o\u017cono\u015b\u0107<br \/>\npotrzebna b\u0119dzie jasno\u015b\u0107, wspomagana przez narz\u0119dzia zwi\u0105zane z<br \/>\ndostarczaniem i&nbsp;syntetyzowaniem informacji. Niejednoznaczno\u015b\u0107 warto<br \/>\nzast\u0105pi\u0107 zwinno\u015bci\u0105, a wiec zdolno\u015bci\u0105 szybkiej adaptacji,<br \/>\nprototypowania i&nbsp;przeprowadzania zmian. Podczas dyskusji powiemy<br \/>\nwi\u0119cej nie tylko o tym bazowym za\u0142o\u017ceniu, ale tak\u017ce wska\u017cemy na<br \/>\nwyrastaj\u0105ce z&nbsp;niego kluczowe kompetencje, kt\u00f3re odnosz\u0105 si\u0119 do<br \/>\nr\u00f3\u017cnych wymiar\u00f3w \u017cycia: osobistego i&nbsp;relacyjnego, organizacyjnego<br \/>\noraz spo\u0142ecznego.<\/p>\n<\/div><\/div><\/div>\n\t\t\t\t\t\t<\/div>\r\n\t\t\t\t\t<\/div>\r\n\r\n\t\t\t\t\t<div style=\"clear: both;\">&nbsp;<\/div>\r\n\t\t\t\t<\/div>\r\n\t\t\t\t\t\t\t\t\t\t\t\t<div id=\"user-5257\" class=\"su-post-prelegent\">\r\n\r\n\t\t\t\t\t<div class=\"content-prelegent-image\">\r\n\t\t\t\t\t\t<img decoding=\"async\" class=\"prelegent-400\" src=\"https:\/\/forumrozwojumiast.poznan.pl\/2020\/wp-content\/uploads\/2020\/09\/Rick-11.png\" \/>\r\n\t\t\t\t\t<\/div>\r\n\r\n\t\t\t\t\t<div class=\"content-prelegent-text\">\r\n\t\t\t\t\t\t<h2 class=\"su-post-title\">Rick Schager &#8211; dzie\u0144 I &#8211; 4.11<\/h2>\r\n\t\t\t\t\t\t<div class=\"su-post-excerpt\">\r\n\t\t\t\t\t\t\t<div class=\"su-tabs su-tabs-style-default su-tabs-mobile-stack\" data-active=\"1\" data-scroll-offset=\"0\" data-anchor-in-url=\"no\"><div class=\"su-tabs-nav\"><span class=\"\" data-url=\"\" data-target=\"blank\" tabindex=\"0\" role=\"button\">bio<\/span><span class=\"\" data-url=\"\" data-target=\"blank\" tabindex=\"0\" role=\"button\">abstrakt<\/span><\/div><div class=\"su-tabs-panes\"><div class=\"su-tabs-pane su-u-clearfix su-u-trim\" data-title=\"bio\">\n<p>Rick Schager &#8211; architekt ICT ds. innowacji cyfrowych w&nbsp;Eindhoven, Holandia<br \/>\nRick Schlager posiada ponad pi\u0119cioletnie do\u015bwiadczenie w&nbsp;realizacji projektu \u201eMake I(o)T work\u201d Quadruple Helix na&nbsp;poziomie lokalnym Eindhoven, regionu Brainport oraz&nbsp;krajowym i&nbsp;europejskim. Jego motto to: \u201eInnowacje cyfrowe = dzielenie si\u0119 wiedz\u0105 w&nbsp;mie\u015bcie\u201d aby&nbsp;polepszy\u0107 jako\u015b\u0107 \u017cycia w&nbsp;\u015bcis\u0142ej wsp\u00f3\u0142pracy z&nbsp;organizacjami rz\u0105dowymi, biznesem, instytutami naukowymi oraz&nbsp;(przede wszystkim) mieszka\u0144cami i&nbsp;odwiedzaj\u0105cymi miasto. Znacz\u0105co przyczyni\u0142 si\u0119 do&nbsp;osi\u0105gni\u0119cia efekt\u00f3w projektowych, rozpowszechniania i&nbsp;budowania potencja\u0142u w&nbsp;r\u00f3\u017cnych projektach lokalnych, regionalnych i&nbsp;z Horyzontu 2020; skalowalnych Living Labs; a tak\u017ce organizacji sieciowych.<br \/>\nW ci\u0105gu ponad 30 lat od uko\u0144czenia studi\u00f3w z&nbsp;tytu\u0142em mgr in\u017c. zarz\u0105dzania informatyk\u0105, zyska\u0142 wraz z&nbsp;grup\u0105 os\u00f3b z&nbsp;r\u00f3\u017cnych kraj\u00f3w du\u017ce do\u015bwiadczenie w&nbsp;zakresie ICT i&nbsp;Internetu Rzeczy, architektury, doradztwa biznesowego i&nbsp;zarz\u0105dzania projektami, co pozwala uczestniczy\u0107 w&nbsp;innowacyjnych projektach z&nbsp;obszaru automatyzacji technicznej\/Internetu Rzeczy, Inteligentnego Spo\u0142ecze\u0144stwa, Inteligentnej Mobilno\u015bci, platform otwartych danych miejskich, architektury referencyjnej, mininalnych mechanizm\u00f3w interoperacyjnych wraz z&nbsp;powi\u0105zanymi specyfikacjami oraz&nbsp;ochrony danych osobowych w&nbsp;fazie projektowania. <br \/>\nW ostatnich latach z&nbsp;ramienia miasta Eindhoven aktywnie uczestniczy\u0142 w&nbsp;projektach z&nbsp;Horyzontu 2020 Triangulum, SynchroniCity i&nbsp;UNaLAB a za po\u015brednictwem Holenderskiego Instytutu Technologii, Bezpiecze\u0144stwa i&nbsp;Ochrony w&nbsp;projektach CityPulse, Trillion i&nbsp;PRoTECT.<br \/>\nOdegra\u0142 kluczow\u0105 rol\u0119 w&nbsp;ustanowieniu i&nbsp;rozpowszechnianiu Zasad Otwartych Danych w&nbsp;Eindhoven i&nbsp;Karty Internetu Rzeczy oraz&nbsp;Holenderskich Zasad Spo\u0142ecze\u0144stwa Cyfrowego. S\u0105 one implementowane na&nbsp;poziom europejski za po\u015brednictwem produktu D1.3 SynchroniCity oraz&nbsp;deklaracji Living in Europe \u201eJoin, Boost, Sustain\u201d organizacji sieciowych OASC, Eurocities i&nbsp;ENoLL. <br \/>\nJest cz\u0142onkiem IT Circle Netherland, Roboczej Grupy Platformy Miejskiej Standaryzacyjnej Grupy Doradczej ds. Smart Cities w&nbsp;Holenderskiej Organizacji Standaryzacji Rozwoju, OASC i&nbsp;Rady Technologii Living in Europe oraz&nbsp;koordynatorem technologii holenderskiej Karty OASC. Jest&nbsp;tak\u017ce wsp\u00f3\u0142autorem holenderskich wytycznych dla otwartych platform miejskich NEN NPR 8284:2020. <br \/>\nAktywnie uczestniczy w&nbsp;Eindhoven CityLab, wcze\u015bniej znanym jako Stratumseind Living Lab, kt\u00f3re otrzyma\u0142o nagrod\u0105 holenderskiego Dutch IT Executive Strategic Sourcing dla najbardziej inspiruj\u0105cego ekosystemu biznesowego. <\/p>\n<\/div>\n<div class=\"su-tabs-pane su-u-clearfix su-u-trim\" data-title=\"abstrakt\">\n<p>Si\u0142a Eindhoven to \u015bmia\u0142o\u015b\u0107\u2026 innowacji. Technologia inteligentnego miasta to tylko kolejny gad\u017cet, chyba \u017ce tworzy trwa\u0142\u0105, spo\u0142eczn\u0105 warto\u015b\u0107 dodan\u0105 dzi\u0119ki znacz\u0105cym aplikacjom pomagaj\u0105cym ludziom. Potrzebujesz \u201ezasad zaanga\u017cowania\u201d, ekosystemu wielu helis na&nbsp;wszystkich poziomach, koordynuj\u0105cego wszystko z&nbsp;wielopoziomowym podej\u015bciem w&nbsp;centrach innowacji, aby&nbsp;wsp\u00f3\u0142pracowa\u0107 na&nbsp;szczeblu krajowym i&nbsp;mi\u0119dzynarodowym, aby&nbsp;skalowa\u0107 i&nbsp;zda\u0107 sobie spraw\u0119, \u017ce cyfrowe zaufanie jest kluczowe! Rick podzieli si\u0119 wytycznymi dotycz\u0105cymi polityki Eindhoven, do\u015bwiadczeniami z&nbsp;organizacj\u0105 sieci i&nbsp;projektami na&nbsp;poziomie lokalnym, regionalnym, holenderskim i&nbsp;mi\u0119dzynarodowym. Wyja\u015bni, w&nbsp;jaki spos\u00f3b, w&nbsp;oparciu o wcze\u015bniejsz\u0105 walidacj\u0119 projektu SynchroniCity, wszyscy mo\u017cemy do\u0142\u0105czy\u0107 do&nbsp;inicjatyw Open &amp; Agile Smart Cities and&nbsp;Living in UE (i funduszy UE), aby&nbsp;zrobi\u0107 gigantyczny krok w&nbsp;kierunku europejskiego jednolitego rynku cyfrowego, opartego na&nbsp;poszanowaniu prywatno\u015bci od samego pocz\u0105tku i&nbsp;uczciwej, mo\u017cliwej do&nbsp;wyja\u015bnienia sztucznej inteligencji.<\/p>\n<\/div><\/div><\/div>\n\t\t\t\t\t\t<\/div>\r\n\t\t\t\t\t<\/div>\r\n\r\n\t\t\t\t\t<div style=\"clear: both;\">&nbsp;<\/div>\r\n\t\t\t\t<\/div>\r\n\t\t\t\t\t\t\t\t\t\t\t\t<div id=\"user-5666\" class=\"su-post-prelegent\">\r\n\r\n\t\t\t\t\t<div class=\"content-prelegent-image\">\r\n\t\t\t\t\t\t<img decoding=\"async\" class=\"prelegent-400\" src=\"https:\/\/forumrozwojumiast.poznan.pl\/2020\/wp-content\/uploads\/2020\/09\/1Pawel_Silbert-3-1024x1024.jpg\" \/>\r\n\t\t\t\t\t<\/div>\r\n\r\n\t\t\t\t\t<div class=\"content-prelegent-text\">\r\n\t\t\t\t\t\t<h2 class=\"su-post-title\">Pawe\u0142 Silbert &#8211; I dzie\u0144 &#8211; 4.11<\/h2>\r\n\t\t\t\t\t\t<div class=\"su-post-excerpt\">\r\n\t\t\t\t\t\t\t<div class=\"su-tabs su-tabs-style-default su-tabs-mobile-stack\" data-active=\"1\" data-scroll-offset=\"0\" data-anchor-in-url=\"no\"><div class=\"su-tabs-nav\"><span class=\"\" data-url=\"\" data-target=\"blank\" tabindex=\"0\" role=\"button\">bio<\/span><\/div><div class=\"su-tabs-panes\"><div class=\"su-tabs-pane su-u-clearfix su-u-trim\" data-title=\"bio\">\n<p>Pawe\u0142 Silbert \u2013 Prezydent Jaworzna<br \/>\nZ wykszta\u0142cenia magister ekonomii. Uko\u0144czy\u0142 studia podyplomowe w&nbsp;zakresie zarz\u0105dzania funduszami UE oraz&nbsp;zarz\u0105dzania projektami na&nbsp;AGH w&nbsp;Krakowie. Uko\u0144czy\u0142 r\u00f3wnie\u017c studia podyplomowe z&nbsp;retoryki na&nbsp;UJ, UP Jana Paw\u0142a II w&nbsp;Krakowie.<br \/>\nW 1998 r. uzyska\u0142 mandat radnego, od 2002 r. prezydent Jaworzna. By\u0142 inicjatorem powstania i&nbsp;jest obecnym prezesem Stowarzyszenia Jaworzno Moje Miasto. Zawodowo by\u0142 zwi\u0105zany z&nbsp;energetyk\u0105. Za zas\u0142ugi dla rozwoju miasta zosta\u0142 w&nbsp;2013 r. uhonorowany Z\u0142otym Laurem Umiej\u0119tno\u015bci i&nbsp;Kompetencji. Otrzyma\u0142 r\u00f3wnie\u017c liczne odznaczenia pa\u0144stwowe i&nbsp;resortowe.<br \/>\nPod jego kierownictwem Jaworzno mocno si\u0119 przeobrazi\u0142o, czego nast\u0119pstwem s\u0105 wyr\u00f3\u017cnienia w&nbsp;licznych konkursach i&nbsp;rankingach. Jaworzno zosta\u0142o nominowane do&nbsp;\u201eEuropejskiej Nagrody Bezpiecze\u0144stwa Drogowego w&nbsp;Miastach\u201d wr\u0119czanej przez Komisj\u0119 Europejsk\u0105. Miasto zosta\u0142o docenione za modernizacje infrastruktury drogowej, tak by&nbsp;sprzyja\u0142a wzrostowi bezpiecze\u0144stwa, skuteczne wdra\u017canie Wizji ZERO oraz&nbsp;wspieranie transportu publicznego. Prezydent od wielu lat wspiera rozw\u00f3j nowoczesnych technologii, elektromobilno\u015bci oraz&nbsp;energetyki w&nbsp;Jaworznie, realizowanych z&nbsp;poszanowaniem zasob\u00f3w \u015brodowiska i&nbsp;bezpiecze\u0144stwa mieszka\u0144c\u00f3w. Prywatnie jest wielbicielem muzyki blues-rockowej, gra na&nbsp;gitarze elektrycznej. Z pasj\u0105 kolekcjonuje minera\u0142y i&nbsp;fotografuje.<\/p>\n<\/div><\/div><\/div>\n\t\t\t\t\t\t<\/div>\r\n\t\t\t\t\t<\/div>\r\n\r\n\t\t\t\t\t<div style=\"clear: both;\">&nbsp;<\/div>\r\n\t\t\t\t<\/div>\r\n\t\t\t\t\t\t\t\t\t\t\t\t<div id=\"user-5341\" class=\"su-post-prelegent\">\r\n\r\n\t\t\t\t\t<div class=\"content-prelegent-image\">\r\n\t\t\t\t\t\t<img decoding=\"async\" class=\"prelegent-400\" src=\"https:\/\/forumrozwojumiast.poznan.pl\/2020\/wp-content\/uploads\/2020\/09\/1-4-1024x1024.jpg\" \/>\r\n\t\t\t\t\t<\/div>\r\n\r\n\t\t\t\t\t<div class=\"content-prelegent-text\">\r\n\t\t\t\t\t\t<h2 class=\"su-post-title\">David Sim &#8211; dzie\u0144 II &#8211; 5.11<\/h2>\r\n\t\t\t\t\t\t<div class=\"su-post-excerpt\">\r\n\t\t\t\t\t\t\t<div class=\"su-tabs su-tabs-style-default su-tabs-mobile-stack\" data-active=\"1\" data-scroll-offset=\"0\" data-anchor-in-url=\"no\"><div class=\"su-tabs-nav\"><span class=\"\" data-url=\"\" data-target=\"blank\" tabindex=\"0\" role=\"button\">bio<\/span><span class=\"\" data-url=\"\" data-target=\"blank\" tabindex=\"0\" role=\"button\">abstrakt<\/span><\/div><div class=\"su-tabs-panes\"><div class=\"su-tabs-pane su-u-clearfix su-u-trim\" data-title=\"bio\">\n<p>David Sim \u2013 Dyrektor Kreatywny w&nbsp;Gehl \u2013 Copenhagen<br \/>\nPrzez ponad dziesi\u0119\u0107 lat zajmowa\u0142 si\u0119 og\u00f3lnym planowaniem przestrzennym i&nbsp;projektowaniem urbanistycznym, pracuj\u0105c z&nbsp;innymi profesjonalistami planowania i&nbsp;budowania. Jest&nbsp;by\u0142ym wyk\u0142adowc\u0105 na&nbsp;Uniwersytecie w&nbsp;Lund, a obecnie pracuje jako Dyrektor Kreatywny w&nbsp;Gehl \u2013 Copenhagen. W&nbsp;swojej pracy w&nbsp;projektach na&nbsp;du\u017ca skal\u0119 d\u0105\u017cy do&nbsp;stosowania teorii Jana Gehla. W&nbsp;ostatnich latach tworzy\u0142 plan og\u00f3lny nowego osiedla u st\u00f3p And w&nbsp;Chile i&nbsp;plan og\u00f3lny rozbudowy dzielnicy Saint-Saveur w&nbsp;Lille. Jest&nbsp;cenionym, inspiruj\u0105cym nauczycielem i&nbsp;wyk\u0142adowc\u0105 w&nbsp;szko\u0142ach architektury i&nbsp;designu na&nbsp;ca\u0142ym \u015bwiecie.<\/p>\n<\/div>\n<div class=\"su-tabs-pane su-u-clearfix su-u-trim\" data-title=\"abstrakt\">\n<p>Jakie cechy sprawiaj\u0105, \u017ce miasto jest dobre dla ludzi? Jak zapewni\u0107 te cechy w&nbsp;spos\u00f3b przyst\u0119pny dla jak najwi\u0119kszej liczby os\u00f3b?<br \/>\nPodczas gdy wielu architekt\u00f3w \u015bmieje si\u0119 z&nbsp;pastiszu i&nbsp;niewolniczej renowacji historycznych miejsc, wydaje si\u0119, \u017ce ignorujemy fakt, \u017ce znaczna cz\u0119\u015b\u0107 modernizmu jest obecnie r\u00f3wnie\u017c historyczna. Jak to mo\u017cliwe, \u017ce tak du\u017ca cz\u0119\u015b\u0107 edukacji architekt\u00f3w i&nbsp;planist\u00f3w, a tak\u017ce ustawodawstwo steruj\u0105ce rozwojem naszych miast opiera si\u0119 na&nbsp;stuletnich teoriach? Dzi\u015b nasze rozumienie spo\u0142ecze\u0144stwa, ekonomii i&nbsp;\u015brodowiska bardzo r\u00f3\u017cni si\u0119 od lat dwudziestych i&nbsp;trzydziestych XX wieku &#8211; podobnie jak nasz codzienny styl \u017cycia.<br \/>\nZainspirowana badaniami i&nbsp;nauczaniem Jana Gehla, praktyka Gehl opracowuje metody tworzenia miejsc na&nbsp;skal\u0119 ludzk\u0105, tworz\u0105c miasta DLA ludzi, a tak\u017ce znajduj\u0105c integracyjne metodologie w&nbsp;celu ulepszenia proces\u00f3w planowania, aby&nbsp;miasta by\u0142y tworzone PRZEZ ludzi.<\/p>\n<\/div><\/div><\/div>\n\t\t\t\t\t\t<\/div>\r\n\t\t\t\t\t<\/div>\r\n\r\n\t\t\t\t\t<div style=\"clear: both;\">&nbsp;<\/div>\r\n\t\t\t\t<\/div>\r\n\t\t\t\t\t\t\t\t\t\t\t\t<div id=\"user-5327\" class=\"su-post-prelegent\">\r\n\r\n\t\t\t\t\t<div class=\"content-prelegent-image\">\r\n\t\t\t\t\t\t<img decoding=\"async\" class=\"prelegent-400\" src=\"https:\/\/forumrozwojumiast.poznan.pl\/2020\/wp-content\/uploads\/2020\/09\/1-5-1024x1024.jpg\" \/>\r\n\t\t\t\t\t<\/div>\r\n\r\n\t\t\t\t\t<div class=\"content-prelegent-text\">\r\n\t\t\t\t\t\t<h2 class=\"su-post-title\">Christoffer Solstad Steen &#8211; dzie\u0144 I &#8211; 4.11<\/h2>\r\n\t\t\t\t\t\t<div class=\"su-post-excerpt\">\r\n\t\t\t\t\t\t\t<div class=\"su-tabs su-tabs-style-default su-tabs-mobile-stack\" data-active=\"1\" data-scroll-offset=\"0\" data-anchor-in-url=\"no\"><div class=\"su-tabs-nav\"><span class=\"\" data-url=\"\" data-target=\"blank\" tabindex=\"0\" role=\"button\">bio<\/span><span class=\"\" data-url=\"\" data-target=\"blank\" tabindex=\"0\" role=\"button\">abstract<\/span><\/div><div class=\"su-tabs-panes\"><div class=\"su-tabs-pane su-u-clearfix su-u-trim\" data-title=\"bio\">\n<p>Christoff Solstad Steen, starszy doradca Norweskiej Rady Bezpiecze\u0144stwa Drogowego (Trygg Trafikk).<br \/>\nW ostatnich latach zajmowa\u0142 si\u0119 bezpiecze\u0144stwem prewencyjnym na&nbsp;drogach w&nbsp;Norwegii, wykorzystuj\u0105c g\u0142ownie kana\u0142y komunikacyjne, PR i&nbsp;informacje publiczn\u0105. Celem mia\u0142o by\u0107 osi\u0105gniecie zero przypadk\u00f3w \u015bmiertelnych i&nbsp;z ci\u0119\u017ckimi obra\u017ceniami w&nbsp;wypadkach drogowych. Przed rozpocz\u0119ciem pracy nad&nbsp;bezpiecze\u0144stwem dr\u00f3g przez 10 lat pracowa\u0142 w&nbsp;przemy\u015ble telewizyjnym. <br \/>\nNorweska Rada Bezpiecze\u0144stwa Drogowego (Trygg Traffik) jest organizacj\u0105 patronack\u0105 nad&nbsp;wolontariatem na&nbsp;rzecz bezpiecze\u0144stwa dr\u00f3g i&nbsp;jest \u0142\u0105cznikiem pomi\u0119dzy organizacjami pozarz\u0105dowymi a w\u0142adzami odpowiedzialnymi za bezpiecze\u0144stwo na&nbsp;drogach. Zgodnie ze swoim statutem, promuje najlepsze mo\u017cliwe rozwi\u0105zania w&nbsp;zakresie bezpiecze\u0144stwa na&nbsp;drogach dla wszystkich uczestnik\u00f3w ruchu drogowego. Norweska Rada Bezpiecze\u0144stwa Drogowego jest odpowiedzialna za promowania edukacji drogowej w&nbsp;przedszkolach i&nbsp;szko\u0142ach oraz&nbsp;szerzenie wiedzy na&nbsp;temat bezpiecze\u0144stwa na&nbsp;drogach w\u015br\u00f3d mieszka\u0144c\u00f3w ca\u0142ego kraju. Norweska Rada Bezpiecze\u0144stwa Drogowego zosta\u0142a utworzona w&nbsp;1956 roku z&nbsp;inicjatywy Ministerstwa Transportu, Ministerstwa Edukacji, Ministerstwa Sprawiedliwo\u015bci, Norweskiej Izby Ubezpiecze\u0144 oraz&nbsp;trzech klub\u00f3w motoryzacyjnych.<\/p>\n<\/div>\n<div class=\"su-tabs-pane su-u-clearfix su-u-trim\" data-title=\"abstract\">\n<p>Norwegia ma najni\u017cszy wsp\u00f3\u0142czynnik ofiar \u015bmiertelnych w&nbsp;wypadkach drogowych w&nbsp;Europie ju\u017c kilkana\u015bcie lat z&nbsp;rz\u0119du. Jak Norwegia osi\u0105gn\u0119\u0142a ten sukces? Jak mo\u017cna to por\u00f3wna\u0107 do&nbsp;Polski i&nbsp;Poznania? Podobnie jak w&nbsp;Norwegii, w&nbsp;Polsce liczba wypadk\u00f3w \u015bmiertelnych na&nbsp;drogach spada, ale jej wsp\u00f3\u0142czynnik jest nadal wy\u017cszy ni\u017c \u015brednia w&nbsp;UE.<br \/>\nJak powinni\u015bmy u\u017cywa\u0107 transportu w&nbsp;przestrzeni miejskiej? Liczba ludno\u015bci zwi\u0119ksza si\u0119 i&nbsp;szczeg\u00f3lnie w&nbsp;wi\u0119kszych miastach coraz wi\u0119cej os\u00f3b b\u0119dzie musia\u0142a zmieni\u0107 przyzwyczajenia transportowe i&nbsp;przesi\u0105\u015b\u0107 si\u0119 z&nbsp;samochod\u00f3w osobowych na&nbsp;transport publiczny, rower lub chodzi\u0107 pieszo. Jak ta zmiana wp\u0142ynie na&nbsp;bezpiecze\u0144stwo w&nbsp;przestrzeni miejskiej?<\/p>\n<\/div><\/div><\/div>\n\t\t\t\t\t\t<\/div>\r\n\t\t\t\t\t<\/div>\r\n\r\n\t\t\t\t\t<div style=\"clear: both;\">&nbsp;<\/div>\r\n\t\t\t\t<\/div>\r\n\t\t\t\t\t\t\t\t\t\t\t\t<div id=\"user-5084\" class=\"su-post-prelegent\">\r\n\r\n\t\t\t\t\t<div class=\"content-prelegent-image\">\r\n\t\t\t\t\t\t<img decoding=\"async\" class=\"prelegent-400\" src=\"https:\/\/forumrozwojumiast.poznan.pl\/2020\/wp-content\/uploads\/2020\/07\/2-1024x1024.jpg\" \/>\r\n\t\t\t\t\t<\/div>\r\n\r\n\t\t\t\t\t<div class=\"content-prelegent-text\">\r\n\t\t\t\t\t\t<h2 class=\"su-post-title\">Przemys\u0142aw Staro\u0144 &#8211; dzie\u0144 II &#8211; 5.11<\/h2>\r\n\t\t\t\t\t\t<div class=\"su-post-excerpt\">\r\n\t\t\t\t\t\t\t<div class=\"su-tabs su-tabs-style-default su-tabs-mobile-stack\" data-active=\"1\" data-scroll-offset=\"0\" data-anchor-in-url=\"no\"><div class=\"su-tabs-nav\"><span class=\"\" data-url=\"\" data-target=\"blank\" tabindex=\"0\" role=\"button\">bio<\/span><span class=\"\" data-url=\"\" data-target=\"blank\" tabindex=\"0\" role=\"button\">abstrakt<\/span><\/div><div class=\"su-tabs-panes\"><div class=\"su-tabs-pane su-u-clearfix su-u-trim\" data-title=\"bio\">\n<p>Przemys\u0142aw Staro\u0144 &#8211; wyk\u0142adowca Uniwersytetu SWPS<br \/>\nPsycholog i&nbsp;kulturoznawca, wyk\u0142adowca Uniwersytetu SWPS i&nbsp;Uniwersytetu Trzeciego Wieku w&nbsp;Sopocie oraz&nbsp;wsp\u00f3\u0142za\u0142o\u017cyciel Centrum Rozwoju Jump, w&nbsp;ramach kt\u00f3rego wspiera rozw\u00f3j i&nbsp;stymuluje umiej\u0119tno\u015b\u0107 my\u015blenia m\u0142odzie\u017cy, doros\u0142ych i&nbsp;senior\u00f3w.<br \/>\nNauczyciel mianowany, tw\u00f3rca Zakonu Feniksa, nagrodzony przez Komisj\u0119 Europejsk\u0105 or\u0119downik spotka\u0144 pokole\u0144. W&nbsp;plebiscycie czytelnik\u00f3w \u201cGazety Wyborczej\u201d zosta\u0142 wybrany Cz\u0142owiekiem Roku 2019 w&nbsp;kategorii \u201cWzorowe sprawowanie\u201d. Wyr\u00f3\u017cniony w&nbsp;konkursie im. Ireny Sendlerowej \u201eZa naprawianie \u015bwiata\u201d. Nagrodzony LGBT+ Diamond 2019 Polish Business Award. W&nbsp;2020 roku znalaz\u0142 si\u0119 w&nbsp;gronie 50 nauczycieli na&nbsp;\u015bwiecie nominowanych do&nbsp;Nauczycielskiego Nobla \u2013 Global Teacher Prize.<br \/>\nWychowawca niemal 50 finalist\u00f3w i&nbsp;laureat\u00f3w Olimpiady Filozoficznej, fan kreatywnego nauczania i&nbsp;tw\u00f3rca pracowni #utrzy. Jako prekursor wykorzystania Snapchata w&nbsp;edukacji nazywany profesorem Snapem. Nauczyciel Roku 2018.<br \/>\nEkspert ds. edukacji w&nbsp;sztabie Kandydata na&nbsp;Prezydenta RP Szymona Ho\u0142owni.<\/p>\n<\/div>\n<div class=\"su-tabs-pane su-u-clearfix su-u-trim\" data-title=\"abstrakt\">\n<p>Je\u015bli my\u015blisz, \u017ce twoje dziecko poradzi sobie w&nbsp;\u017cyciu, je\u015bli postawisz na&nbsp;bieg\u0142o\u015b\u0107 w&nbsp;kompetencjach cyfrowych, to chyba si\u0119 mylisz. Coraz bardziej w&nbsp;cenie s\u0105 umiej\u0119tno\u015b\u0107 zdobywania nowych umiej\u0119tno\u015bci, sztuka my\u015blenia i&nbsp;zdolno\u015b\u0107 bycia ze sob\u0105 i&nbsp;z innymi. Insygnia \u015amierci, stworzone przez J. Rowling, to nic innego jak trzy artefakty magicznego \u015bwiata, kt\u00f3re daj\u0105 nieograniczon\u0105 i&nbsp;najpot\u0119\u017cniejsz\u0105 moc, jak\u0105 mo\u017ce zdoby\u0107 czarodziej, bo dzi\u0119ki nim staje si\u0119 panem samej \u015bmierci. I chocia\u017c z&nbsp;historii stworzonej przez pisark\u0119 jasno wynika, \u017ce prawdziwa pot\u0119ga to ta, kt\u00f3ra insygni\u00f3w nie potrzebuje, one same w&nbsp;popkulturze XXI w. jednak sta\u0142y si\u0119 no\u015bn\u0105 metafor\u0105, silnie dzia\u0142aj\u0105c\u0105 na&nbsp;wyobra\u017ani\u0119. Sprawdz\u0105 si\u0119 r\u00f3wnie\u017c w&nbsp;tej roli, by&nbsp;wskaza\u0107, gdzie dzisiaj powinien szuka\u0107 mocy m\u0142ody cz\u0142owiek, by&nbsp;bez obaw wyruszy\u0107 w&nbsp;podr\u00f3\u017c do&nbsp;przysz\u0142o\u015bci. A przysz\u0142o\u015b\u0107 bez umiej\u0119tno\u015bci uczenia si\u0119, umiej\u0119tno\u015bci my\u015blenia krytycznego i&nbsp;my\u015blenia kreatywnego oraz&nbsp;komunikacji intrapersonalnej i&nbsp;interpersonalnej jawi si\u0119 w&nbsp;czarnych barwach. Dlatego w&nbsp;swoim wyst\u0105pieniu przedstawi\u0119 uczestnikom konferencji case study Zakonu Feniksa, jako wsp\u00f3lnoty szerz\u0105cej umiej\u0119tno\u015bci krytycznego i&nbsp;kreatywnego my\u015blenia, komunikacji i&nbsp;wielu innych oraz&nbsp;wska\u017c\u0119 sposoby na&nbsp;zdobycie ww. umiej\u0119tno\u015bci. Umiej\u0119tno\u015bci, bez kt\u00f3rych nie ma przysz\u0142o\u015bci. Tej lepszej, ja\u015bniejszej i&nbsp;pi\u0119kniejszej.<br \/>\nZapraszam serdecznie na&nbsp;m\u00f3j wyk\u0142ad, w&nbsp;podr\u00f3\u017c w&nbsp;g\u0142\u0105b samego siebie i&nbsp;pochylenie si\u0119 nad&nbsp;drugim cz\u0142owiekiem. Bo obs\u0142uga cz\u0142owieka, jakkolwiek to brzmi, jest fundamentem naszego funkcjonowania w&nbsp;p\u0142ynnej nowoczesno\u015bci. A od niej jakby nie mo\u017cna ju\u017c uciec.<\/p>\n<\/div><\/div><\/div>\n\t\t\t\t\t\t<\/div>\r\n\t\t\t\t\t<\/div>\r\n\r\n\t\t\t\t\t<div style=\"clear: both;\">&nbsp;<\/div>\r\n\t\t\t\t<\/div>\r\n\t\t\t\t\t\t\t\t\t\t\t\t<div id=\"user-5295\" class=\"su-post-prelegent\">\r\n\r\n\t\t\t\t\t<div class=\"content-prelegent-image\">\r\n\t\t\t\t\t\t<img decoding=\"async\" class=\"prelegent-400\" src=\"https:\/\/forumrozwojumiast.poznan.pl\/2020\/wp-content\/uploads\/2020\/09\/1-1024x1024.jpeg\" \/>\r\n\t\t\t\t\t<\/div>\r\n\r\n\t\t\t\t\t<div class=\"content-prelegent-text\">\r\n\t\t\t\t\t\t<h2 class=\"su-post-title\">Eelco Thiellier &#8211; dzie\u0144 I &#8211; 4.11<\/h2>\r\n\t\t\t\t\t\t<div class=\"su-post-excerpt\">\r\n\t\t\t\t\t\t\t<div class=\"su-tabs su-tabs-style-default su-tabs-mobile-stack\" data-active=\"1\" data-scroll-offset=\"0\" data-anchor-in-url=\"no\"><div class=\"su-tabs-nav\"><span class=\"\" data-url=\"\" data-target=\"blank\" tabindex=\"0\" role=\"button\">bio<\/span><span class=\"\" data-url=\"\" data-target=\"blank\" tabindex=\"0\" role=\"button\">abstrakt<\/span><\/div><div class=\"su-tabs-panes\"><div class=\"su-tabs-pane su-u-clearfix su-u-trim\" data-title=\"bio\">\n<p>Eelco Thieller \u2013 innowator i&nbsp;doradca strategiczny<br \/>\nMened\u017cer programu, innowator i&nbsp;doradca strategiczny. Zaanga\u017cowany w&nbsp;rozw\u00f3j wielu us\u0142ug i&nbsp;produkt\u00f3w opartych na&nbsp;danych w&nbsp;celu optymalizacji przep\u0142ywu ludzi. Ich rezultatem s\u0105 skuteczne sposoby, aby&nbsp;miasta, zabudowa i&nbsp;przestrze\u0144 publiczna by\u0142y bezpieczne, dost\u0119pne i&nbsp;wygodne.<br \/>\nAby u\u0142atwi\u0107 zarz\u0105dzanie przep\u0142ywem os\u00f3b, organizuje r\u00f3wnie\u017c systemy monitorowania bardzo du\u017cej liczby ludzi, np. dla miasta Amsterdam. Aby generowa\u0107 cenne spostrze\u017cenia na&nbsp;temat dynamiki rzeszy ludzi. W&nbsp;celu optymalizacji operacyjnych, taktycznych i&nbsp;strategicznych \u015brodk\u00f3w zarz\u0105dzania bardzo du\u017c\u0105 liczb\u0105 ludzi. Aby wspiera\u0107 bezpieczne, dost\u0119pne i&nbsp;wygodne miasto.<\/p>\n<p>&nbsp;<\/p>\n<\/div>\n<div class=\"su-tabs-pane su-u-clearfix su-u-trim\" data-title=\"abstrakt\">\n<p>Wraz ze wzrostem liczby ludno\u015bci miejskiej zapewnienie przemieszczania si\u0119 ludzi w&nbsp;naszych miastach jest coraz wi\u0119kszym priorytetem. Zarz\u0105dzanie du\u017c\u0105 liczb\u0105 os\u00f3b ma zasadnicze znaczenie dla bezpiecznego i&nbsp;wygodnego przemieszczania si\u0119 oraz&nbsp;utrzymania dost\u0119pno\u015bci i&nbsp;warunk\u00f3w do&nbsp;\u017cycia w&nbsp;mie\u015bcie. Wyst\u0105pienie b\u0119dzie dotyczy\u0142o systemu Crowd Monitoring System Amsterdam (CMSA), jego dzia\u0142ania oraz&nbsp;tego, jak dane pomagaj\u0105 zoptymalizowa\u0107 przep\u0142ywy ludzi wewn\u0105trz Amsterdamu. Uzyskania rozwi\u0105za\u0144 poprzez zastosowanie nauki o danych i&nbsp;wiedzy dziedzinowej w&nbsp;celu z\u0142agodzenia w\u0105skich garde\u0142 w&nbsp;przestrzeni publicznej.<\/p>\n<\/div><\/div><\/div>\n\t\t\t\t\t\t<\/div>\r\n\t\t\t\t\t<\/div>\r\n\r\n\t\t\t\t\t<div style=\"clear: both;\">&nbsp;<\/div>\r\n\t\t\t\t<\/div>\r\n\t\t\t\t\t\t\t\t\t\t\t\t<div id=\"user-6027\" class=\"su-post-prelegent\">\r\n\r\n\t\t\t\t\t<div class=\"content-prelegent-image\">\r\n\t\t\t\t\t\t<img decoding=\"async\" class=\"prelegent-400\" src=\"https:\/\/forumrozwojumiast.poznan.pl\/2020\/wp-content\/uploads\/2020\/10\/1Va\u0308limaa1-2020-1024x1024.jpg\" \/>\r\n\t\t\t\t\t<\/div>\r\n\r\n\t\t\t\t\t<div class=\"content-prelegent-text\">\r\n\t\t\t\t\t\t<h2 class=\"su-post-title\">Jussi V\u00e4limaa &#8211; dzie\u0144 II &#8211; 5.11<\/h2>\r\n\t\t\t\t\t\t<div class=\"su-post-excerpt\">\r\n\t\t\t\t\t\t\t<div class=\"su-tabs su-tabs-style-default su-tabs-mobile-stack\" data-active=\"1\" data-scroll-offset=\"0\" data-anchor-in-url=\"no\"><div class=\"su-tabs-nav\"><span class=\"\" data-url=\"\" data-target=\"blank\" tabindex=\"0\" role=\"button\">bio<\/span><\/div><div class=\"su-tabs-panes\"><div class=\"su-tabs-pane su-u-clearfix su-u-trim\" data-title=\"bio\">\n<p>Doktor Jussi V\u00e4limaa &#8211; wyk\u0142adowca na&nbsp;Wydziale Studi\u00f3w Edukacyjnych i&nbsp;dyrektor Fi\u0144skiego Instytutu Bada\u0144 Edukacyjnych na&nbsp;Uniwersytecie w&nbsp;Jyv\u00e4skyl\u00e4 w&nbsp;Finlandii. <br \/>\nJako historyk i&nbsp;socjolog ma wiedz\u0119 dotycz\u0105c\u0105 edukacji w&nbsp;aspekcie spo\u0142ecznym i&nbsp;historycznym. Jego zainteresowania badawcze skupiaj\u0105 si\u0119 ma zwi\u0105zku pomi\u0119dzy spo\u0142ecze\u0144stwem a szkolnictwem wy\u017cszym. Doktor V\u00e4limaa bada\u0142 r\u00f3wnie\u017c wewn\u0119trzn\u0105 dynamik\u0119 instytucji szkolnictwa wy\u017cszego z&nbsp;perspektywy kulturalnej, historycznej i&nbsp;socjologicznej. Jego ostatnio ksi\u0105\u017cka nosi tytu\u0142 \u201eHistoria fi\u0144skiego szkolnictwa wy\u017cszego od \u015bredniowiecza do&nbsp;XXI wieku\u201d (Springer, 2019).<\/p>\n<p>&nbsp;<\/p>\n<\/div><\/div><\/div>\n\t\t\t\t\t\t<\/div>\r\n\t\t\t\t\t<\/div>\r\n\r\n\t\t\t\t\t<div style=\"clear: both;\">&nbsp;<\/div>\r\n\t\t\t\t<\/div>\r\n\t\t\t\t\t\t\t\t\t\t\t\t<div id=\"user-5794\" class=\"su-post-prelegent\">\r\n\r\n\t\t\t\t\t<div class=\"content-prelegent-image\">\r\n\t\t\t\t\t\t<img decoding=\"async\" class=\"prelegent-400\" src=\"https:\/\/forumrozwojumiast.poznan.pl\/2020\/wp-content\/uploads\/2020\/09\/1-8.jpg\" \/>\r\n\t\t\t\t\t<\/div>\r\n\r\n\t\t\t\t\t<div class=\"content-prelegent-text\">\r\n\t\t\t\t\t\t<h2 class=\"su-post-title\">Fran Vi\u00f1ez &#8211; dzie\u0144 I &#8211; 4.11<\/h2>\r\n\t\t\t\t\t\t<div class=\"su-post-excerpt\">\r\n\t\t\t\t\t\t\t<div class=\"su-tabs su-tabs-style-default su-tabs-mobile-stack\" data-active=\"1\" data-scroll-offset=\"0\" data-anchor-in-url=\"no\"><div class=\"su-tabs-nav\"><span class=\"\" data-url=\"\" data-target=\"blank\" tabindex=\"0\" role=\"button\">bio<\/span><\/div><div class=\"su-tabs-panes\"><div class=\"su-tabs-pane su-u-clearfix su-u-trim\" data-title=\"bio\">\n<p>Fran Vi\u00f1ez &#8211; doradca burmistrza ds. projekt\u00f3w strategicznych. <br \/>\nUko\u0144czy\u0142 prawo na&nbsp;Uniwersytecie Deusto w&nbsp;Bilbao. Od 2000 roku pracuje w&nbsp;Urz\u0119dzie Miasta Bilbao. By\u0142 odpowiedzialny za promocj\u0119 oraz&nbsp;rozw\u00f3j dzielnic. Nast\u0119pnie w&nbsp;2003 roku przeni\u00f3s\u0142 si\u0119 do&nbsp;Wydzia\u0142u Prac i&nbsp;Us\u0142ug jako koordynator relacji przy rozwoju projekt\u00f3w miejskich. W&nbsp;latach 2009-2019 by\u0142 generalnym dyrektorem Wydzia\u0142u Prac i&nbsp;Us\u0142ug. W&nbsp;tym czasie zajmowa\u0142 si\u0119 koordynacj\u0105, rozwojem i&nbsp;zarz\u0105dzaniem kompleksow\u0105 regeneracj\u0105 dzielnic, dost\u0119pno\u015bci\u0105 infrastruktury, otwarciem kana\u0142u Zorrotzaurre czy nowym dworcem autobusowym Intermodal. Przez 4 lata pracowa\u0142 r\u00f3wnie\u017c w&nbsp;Wydziale Ochrony \u015arodowiska, a przez 8 lat w&nbsp;Biurze Przestrzeni Publicznej.<br \/>\nObecnie od 2019 roku jest doradc\u0105 do&nbsp;spraw projekt\u00f3w strategicznych. Zajmuje si\u0119 definiowaniem cel\u00f3w projekt\u00f3w oraz&nbsp;wspiera ich rozw\u00f3j poprzez wsp\u00f3\u0142prac\u0119 przedstawicieli r\u00f3\u017cnych dziedzin. Przyk\u0142adem takich dzia\u0142a\u0144 s\u0105: rozw\u00f3j estuarium Bilbao, zielony pier\u015bcie\u0144 czy proces powrotu do&nbsp;normalno\u015bci po kryzysie Covid-19. <\/p>\n<\/div><\/div><\/div>\n\t\t\t\t\t\t<\/div>\r\n\t\t\t\t\t<\/div>\r\n\r\n\t\t\t\t\t<div style=\"clear: both;\">&nbsp;<\/div>\r\n\t\t\t\t<\/div>\r\n\t\t\t\t\t\t\t\t\t\t\t\t<div id=\"user-5439\" class=\"su-post-prelegent\">\r\n\r\n\t\t\t\t\t<div class=\"content-prelegent-image\">\r\n\t\t\t\t\t\t<img decoding=\"async\" class=\"prelegent-400\" src=\"https:\/\/forumrozwojumiast.poznan.pl\/2020\/wp-content\/uploads\/2020\/09\/MW-1-1024x1024.jpg\" \/>\r\n\t\t\t\t\t<\/div>\r\n\r\n\t\t\t\t\t<div class=\"content-prelegent-text\">\r\n\t\t\t\t\t\t<h2 class=\"su-post-title\">Mariusz Wi\u015bniewski &#8211; dzie\u0144 II &#8211; 5.11<\/h2>\r\n\t\t\t\t\t\t<div class=\"su-post-excerpt\">\r\n\t\t\t\t\t\t\t<div class=\"su-tabs su-tabs-style-default su-tabs-mobile-stack\" data-active=\"1\" data-scroll-offset=\"0\" data-anchor-in-url=\"no\"><div class=\"su-tabs-nav\"><span class=\"\" data-url=\"\" data-target=\"blank\" tabindex=\"0\" role=\"button\">bio<\/span><\/div><div class=\"su-tabs-panes\"><div class=\"su-tabs-pane su-u-clearfix su-u-trim\" data-title=\"bio\">\n<p>Mariusz Wi\u015bniewski \u2013 Zast\u0119pca Prezydenta Miasta Poznania<br \/>\nUko\u0144czy\u0142 Wydzia\u0142 Nauk Politycznych i&nbsp;Dziennikarstwa oraz&nbsp;Wydzia\u0142 Prawa Uniwersytetu im. Adama Mickiewicza w&nbsp;Poznaniu. Absolwent Szko\u0142y dla M\u0142odych Lider\u00f3w Spo\u0142ecznych i&nbsp;Politycznych w&nbsp;Warszawie. By\u0142y Wiceprezes Funduszu Rozwoju i&nbsp;Promocji Wojew\u00f3dztwa Wielkopolskiego S.A oraz&nbsp;by\u0142y cz\u0142onek Zespo\u0142u Doradc\u00f3w Wojewody Wielkopolskiego \u2013 Piotra Florka.<\/p>\n<\/div><\/div><\/div>\n\t\t\t\t\t\t<\/div>\r\n\t\t\t\t\t<\/div>\r\n\r\n\t\t\t\t\t<div style=\"clear: both;\">&nbsp;<\/div>\r\n\t\t\t\t<\/div>\r\n\t\t\t\t<\/div>\r\n\n","protected":false},"excerpt":{"rendered":"<p>&nbsp;<\/p>\n","protected":false},"author":1,"featured_media":0,"parent":0,"menu_order":26,"comment_status":"closed","ping_status":"closed","template":"","meta":{"_acf_changed":false,"inline_featured_image":false,"ngg_post_thumbnail":0,"footnotes":""},"class_list":["post-41","page","type-page","status-publish","hentry"],"acf":[],"yoast_head":"<!-- This site is optimized with the Yoast SEO plugin v27.4 - https:\/\/yoast.com\/product\/yoast-seo-wordpress\/ -->\n<title>prelegentki i prelegenci - Forum Rozwoju Miast<\/title>\n<meta name=\"robots\" content=\"index, follow, max-snippet:-1, max-image-preview:large, max-video-preview:-1\" \/>\n<link rel=\"canonical\" href=\"https:\/\/forumrozwojumiast.poznan.pl\/2020\/prelegenci\/\" \/>\n<meta property=\"og:locale\" content=\"pl_PL\" \/>\n<meta property=\"og:type\" content=\"article\" \/>\n<meta property=\"og:title\" content=\"prelegentki i prelegenci - Forum Rozwoju Miast\" \/>\n<meta property=\"og:description\" content=\"&nbsp;\" \/>\n<meta property=\"og:url\" content=\"https:\/\/forumrozwojumiast.poznan.pl\/2020\/prelegenci\/\" \/>\n<meta property=\"og:site_name\" content=\"Forum Rozwoju Miast\" \/>\n<meta property=\"article:modified_time\" content=\"2020-10-28T08:44:38+00:00\" \/>\n<meta name=\"twitter:card\" content=\"summary_large_image\" \/>\n<script type=\"application\/ld+json\" class=\"yoast-schema-graph\">{\"@context\":\"https:\\\/\\\/schema.org\",\"@graph\":[{\"@type\":\"WebPage\",\"@id\":\"https:\\\/\\\/forumrozwojumiast.poznan.pl\\\/2020\\\/prelegenci\\\/\",\"url\":\"https:\\\/\\\/forumrozwojumiast.poznan.pl\\\/2020\\\/prelegenci\\\/\",\"name\":\"prelegentki i prelegenci - Forum Rozwoju Miast\",\"isPartOf\":{\"@id\":\"https:\\\/\\\/forumrozwojumiast.poznan.pl\\\/2020\\\/#website\"},\"datePublished\":\"2017-08-01T14:19:11+00:00\",\"dateModified\":\"2020-10-28T08:44:38+00:00\",\"breadcrumb\":{\"@id\":\"https:\\\/\\\/forumrozwojumiast.poznan.pl\\\/2020\\\/prelegenci\\\/#breadcrumb\"},\"inLanguage\":\"pl-PL\",\"potentialAction\":[{\"@type\":\"ReadAction\",\"target\":[\"https:\\\/\\\/forumrozwojumiast.poznan.pl\\\/2020\\\/prelegenci\\\/\"]}]},{\"@type\":\"BreadcrumbList\",\"@id\":\"https:\\\/\\\/forumrozwojumiast.poznan.pl\\\/2020\\\/prelegenci\\\/#breadcrumb\",\"itemListElement\":[{\"@type\":\"ListItem\",\"position\":1,\"name\":\"Strona g\u0142\u00f3wna\",\"item\":\"https:\\\/\\\/forumrozwojumiast.poznan.pl\\\/2020\\\/\"},{\"@type\":\"ListItem\",\"position\":2,\"name\":\"prelegentki i prelegenci\"}]},{\"@type\":\"WebSite\",\"@id\":\"https:\\\/\\\/forumrozwojumiast.poznan.pl\\\/2020\\\/#website\",\"url\":\"https:\\\/\\\/forumrozwojumiast.poznan.pl\\\/2020\\\/\",\"name\":\"Forum Rozwoju Miast\",\"description\":\"Obywatelski wymiar strategicznego zarz\u0105dzania miastem\",\"potentialAction\":[{\"@type\":\"SearchAction\",\"target\":{\"@type\":\"EntryPoint\",\"urlTemplate\":\"https:\\\/\\\/forumrozwojumiast.poznan.pl\\\/2020\\\/?s={search_term_string}\"},\"query-input\":{\"@type\":\"PropertyValueSpecification\",\"valueRequired\":true,\"valueName\":\"search_term_string\"}}],\"inLanguage\":\"pl-PL\"}]}<\/script>\n<!-- \/ Yoast SEO plugin. -->","yoast_head_json":{"title":"prelegentki i prelegenci - Forum Rozwoju Miast","robots":{"index":"index","follow":"follow","max-snippet":"max-snippet:-1","max-image-preview":"max-image-preview:large","max-video-preview":"max-video-preview:-1"},"canonical":"https:\/\/forumrozwojumiast.poznan.pl\/2020\/prelegenci\/","og_locale":"pl_PL","og_type":"article","og_title":"prelegentki i prelegenci - Forum Rozwoju Miast","og_description":"&nbsp;","og_url":"https:\/\/forumrozwojumiast.poznan.pl\/2020\/prelegenci\/","og_site_name":"Forum Rozwoju Miast","article_modified_time":"2020-10-28T08:44:38+00:00","twitter_card":"summary_large_image","schema":{"@context":"https:\/\/schema.org","@graph":[{"@type":"WebPage","@id":"https:\/\/forumrozwojumiast.poznan.pl\/2020\/prelegenci\/","url":"https:\/\/forumrozwojumiast.poznan.pl\/2020\/prelegenci\/","name":"prelegentki i prelegenci - Forum Rozwoju Miast","isPartOf":{"@id":"https:\/\/forumrozwojumiast.poznan.pl\/2020\/#website"},"datePublished":"2017-08-01T14:19:11+00:00","dateModified":"2020-10-28T08:44:38+00:00","breadcrumb":{"@id":"https:\/\/forumrozwojumiast.poznan.pl\/2020\/prelegenci\/#breadcrumb"},"inLanguage":"pl-PL","potentialAction":[{"@type":"ReadAction","target":["https:\/\/forumrozwojumiast.poznan.pl\/2020\/prelegenci\/"]}]},{"@type":"BreadcrumbList","@id":"https:\/\/forumrozwojumiast.poznan.pl\/2020\/prelegenci\/#breadcrumb","itemListElement":[{"@type":"ListItem","position":1,"name":"Strona g\u0142\u00f3wna","item":"https:\/\/forumrozwojumiast.poznan.pl\/2020\/"},{"@type":"ListItem","position":2,"name":"prelegentki i prelegenci"}]},{"@type":"WebSite","@id":"https:\/\/forumrozwojumiast.poznan.pl\/2020\/#website","url":"https:\/\/forumrozwojumiast.poznan.pl\/2020\/","name":"Forum Rozwoju Miast","description":"Obywatelski wymiar strategicznego zarz\u0105dzania miastem","potentialAction":[{"@type":"SearchAction","target":{"@type":"EntryPoint","urlTemplate":"https:\/\/forumrozwojumiast.poznan.pl\/2020\/?s={search_term_string}"},"query-input":{"@type":"PropertyValueSpecification","valueRequired":true,"valueName":"search_term_string"}}],"inLanguage":"pl-PL"}]}},"_links":{"self":[{"href":"https:\/\/forumrozwojumiast.poznan.pl\/2020\/wp-json\/wp\/v2\/pages\/41","targetHints":{"allow":["GET"]}}],"collection":[{"href":"https:\/\/forumrozwojumiast.poznan.pl\/2020\/wp-json\/wp\/v2\/pages"}],"about":[{"href":"https:\/\/forumrozwojumiast.poznan.pl\/2020\/wp-json\/wp\/v2\/types\/page"}],"author":[{"embeddable":true,"href":"https:\/\/forumrozwojumiast.poznan.pl\/2020\/wp-json\/wp\/v2\/users\/1"}],"replies":[{"embeddable":true,"href":"https:\/\/forumrozwojumiast.poznan.pl\/2020\/wp-json\/wp\/v2\/comments?post=41"}],"version-history":[{"count":22,"href":"https:\/\/forumrozwojumiast.poznan.pl\/2020\/wp-json\/wp\/v2\/pages\/41\/revisions"}],"predecessor-version":[{"id":6159,"href":"https:\/\/forumrozwojumiast.poznan.pl\/2020\/wp-json\/wp\/v2\/pages\/41\/revisions\/6159"}],"wp:attachment":[{"href":"https:\/\/forumrozwojumiast.poznan.pl\/2020\/wp-json\/wp\/v2\/media?parent=41"}],"curies":[{"name":"wp","href":"https:\/\/api.w.org\/{rel}","templated":true}]}}