{"id":5164,"date":"2020-08-17T14:04:50","date_gmt":"2020-08-17T12:04:50","guid":{"rendered":"https:\/\/forumrozwojumiast.poznan.pl\/2020\/?page_id=5164"},"modified":"2020-11-03T14:48:02","modified_gmt":"2020-11-03T13:48:02","slug":"program","status":"publish","type":"page","link":"https:\/\/forumrozwojumiast.poznan.pl\/2020\/program\/","title":{"rendered":"Program"},"content":{"rendered":"<div class=\"frm-ag-dates\">\n<div id=\"frm-day-1\" class=\"frm-date-title frm-date-title-link shake\">dzie\u0144 I &#8211; 4 | 11 | 2020<\/div>\n<div id=\"frm-day-2\" class=\"frm-date-title frm-date-title-link shake\">dzie\u0144 II &#8211; 5 | 11 | 2020<\/div>\n<\/div>\n<div style=\"text-align: center; font-size: 120%;\">Pobierz <a href=\"https:\/\/forumrozwojumiast.poznan.pl\/2020\/wp-content\/uploads\/2020\/10\/Forum_Rozwoju_Miast_2020_pl.pdf\">program<\/a> w&nbsp;wersji PL.<\/div>\n<p><!-- DAY 1 --><\/p>\n<div id=\"frm-day1-bl\">\n<div class=\"frm-date-title frm-date-title-l\">dzie\u0144 I &#8211; 4 | 11 | 2020<\/div>\n<table class=\"frm-agenda\" style=\"width: 100%; height: 1435px;\">\n<tbody>\n<tr style=\"height: 26px;\">\n<td style=\"height: 26px; text-align: center; font-size: 30px;\" colspan=\"2\"><strong>BEZPIECZNE PRZESTRZENIE MIEJSKIE<br \/>\n<\/strong><\/td>\n<\/tr>\n<tr style=\"height: 79px;\">\n<td class=\"frm-time\" style=\"width: 49px; height: 49px;\">10.15 \u2013 10.30<\/td>\n<td class=\"frm-ag-content\" style=\"height: 49px;\">\n<div class=\"frm-author\"><span class=\"frm-author-s\"><a href=\"\/2020\/prelegenci\/#user-5403\" target=\"_blank\" rel=\"noopener noreferrer\">Jacek Ja\u015bkowiak (Prezydent Miasta Poznania)<\/a><\/span><\/div>\n<div class=\"frm-title\">Otwarcie konferencji i&nbsp;powitanie uczestnik\u00f3w<\/div>\n<div class=\"frm-a-last\">&nbsp;<\/div>\n<\/td>\n<\/tr>\n<tr style=\"height: 106px;\">\n<td class=\"frm-time\" style=\"width: 49px; height: 106px;\">10.30 &#8211; 11.00<\/td>\n<td class=\"frm-ag-content\" style=\"height: 106px;\">\n<div class=\"frm-author\"><span class=\"frm-author-s\"><a href=\"\/2020\/prelegenci\/#user-5327\" target=\"_blank\" rel=\"noopener noreferrer\">Christoffer Solstad Steen<\/a><\/span><\/div>\n<div class=\"frm-title\">Bezpieczne ulice w&nbsp;Norwegii<\/div>\n<div class=\"frm-a-last\">&nbsp;<\/div>\n<\/td>\n<\/tr>\n<tr style=\"height: 79px;\">\n<td class=\"frm-time\" style=\"width: 49px; height: 49px;\">11.00 &#8211; 11.20<\/td>\n<td class=\"frm-ag-content\" style=\"height: 49px;\">\n<div class=\"frm-author\"><span class=\"frm-author-s\"><a href=\"\/2020\/prelegenci\/#user-5038\" target=\"_blank\" rel=\"noopener noreferrer\">Miguel Anxo Fernandez Lores<\/a><\/span><\/div>\n<div class=\"frm-title\">Zintegrowane podej\u015bcie do&nbsp;miasta zaprojektowanego dla ludzi<\/div>\n<div class=\"frm-a-last\">&nbsp;<\/div>\n<\/td>\n<\/tr>\n<tr style=\"height: 106px;\">\n<td class=\"frm-time\" style=\"width: 49px; height: 106px;\">11.20 \u2013 11.50<\/td>\n<td class=\"frm-ag-content\" style=\"height: 106px;\">\n<div class=\"frm-author\"><span class=\"frm-author-s\"><a href=\"\/2020\/prelegenci\/#user-5236\">Guillaume Porcher (Rennes)<\/a> &amp; <a href=\"\/2020\/prelegenci\/#user-5794\">Fran Vi\u00f1ez (Bilbao)<\/a><\/span><\/div>\n<div class=\"frm-blue\"><span class=\"frm-blue-s\">mini debata: Jak zmieni\u0107 miasto s\u0142uchaj\u0105c mieszka\u0144c\u00f3w?<br \/>\n<\/span><\/div>\n<div class=\"frm-a-last\">&nbsp;<\/div>\n<\/td>\n<\/tr>\n<tr style=\"height: 79px;\">\n<td class=\"frm-time\" style=\"width: 49px; height: 79px;\">11.50 \u2013 12.10<\/td>\n<td class=\"frm-ag-content frm-break\" style=\"height: 79px;\">\n<div class=\"frm-author\"><span class=\"frm-author-s\"><a href=\"\/2020\/prelegenci\/#user-5058\" target=\"_blank\" rel=\"noopener noreferrer\">Tim Gill<\/a><\/span><\/div>\n<div class=\"frm-title\">Ulice przyjazne dzieciom: jak wygl\u0105daj\u0105 i&nbsp;dlaczego s\u0105 wa\u017cne?<\/div>\n<div class=\"frm-a-last\">&nbsp;<\/div>\n<\/td>\n<\/tr>\n<tr style=\"height: 132px;\">\n<td class=\"frm-time\" style=\"width: 49px; height: 132px;\">12.10 \u2013 12.30<\/td>\n<td class=\"frm-ag-content\" style=\"height: 132px;\">\n<div class=\"frm-author\"><span class=\"frm-author-s\"><a href=\"\/2020\/prelegenci\/#user-5038\" target=\"_blank\" rel=\"noopener noreferrer\">Petra Jens<\/a><\/span><\/div>\n<div class=\"frm-blue\">Szkolne ulice w&nbsp;Wiedniu<\/div>\n<div class=\"frm-a-last\">&nbsp;<\/div>\n<\/td>\n<\/tr>\n<tr style=\"height: 79px;\">\n<td class=\"frm-time\" style=\"width: 49px; height: 79px;\">12.30 \u2013 12.50<\/td>\n<td class=\"frm-ag-content\" style=\"height: 79px;\">\n<div class=\"frm-author\"><span class=\"frm-author-s\"><a href=\"\/2020\/prelegenci\/#user-5038\" target=\"_blank\" rel=\"noopener noreferrer\">Petra Jens<\/a><\/span> &amp; <span class=\"frm-author-s\"><a href=\"\/2020\/prelegenci\/#user-5058\" target=\"_blank\" rel=\"noopener noreferrer\">Tim Gill<\/a><\/span><\/div>\n<div class=\"frm-blue\"><span class=\"frm-blue-s\"><span class=\"frm-blue-s\">mini debata: W&nbsp;rozmowie o ulicach przyjaznych dzieciom w&nbsp;Wiedniu i&nbsp;na ca\u0142ym \u015bwiecie<br \/>\n<\/span><\/span><\/div>\n<\/td>\n<\/tr>\n<tr style=\"height: 79px;\">\n<td class=\"frm-time\" style=\"width: 49px; height: 79px;\">12.50 \u2013 13.20<\/td>\n<td class=\"frm-ag-content\" style=\"height: 79px;\">\n<div class=\"frm-author\"><span class=\"frm-author-s\"><a href=\"\/2020\/prelegenci\/#user-5363\" target=\"_blank\" rel=\"noopener noreferrer\">Hubert Bara\u0144ski<\/a> &amp; Pawe\u0142 Silbert<\/span><\/div>\n<div class=\"frm-blue\"><span class=\"frm-blue-s\">mini debata<\/span><\/div>\n<div>&nbsp;<\/div>\n<\/td>\n<\/tr>\n<tr style=\"height: 79px;\">\n<td class=\"frm-time\" style=\"width: 49px; height: 79px;\">13.20 \u2013 13.40<\/td>\n<td class=\"frm-ag-content frm-break\" style=\"height: 79px;\">\n<div class=\"frm-author\"><span class=\"frm-author-s\"><a href=\"\/2020\/prelegenci\/#user-5906\">Constanze Siedenburg &amp; Cornelia Dittrich<\/a> <br \/>\n<\/span><\/div>\n<div class=\"frm-title\">Playstreets w&nbsp;Berlinie &#8211; ma\u0142e zmiany z&nbsp;du\u017cym potencja\u0142em<\/div>\n<div>&nbsp;<\/div>\n<\/td>\n<\/tr>\n<tr style=\"height: 79px;\">\n<td class=\"frm-time\" style=\"width: 49px; height: 79px;\">13.40 \u2013 14.00<\/td>\n<td class=\"frm-ag-content frm-break\" style=\"height: 79px;\">\n<div class=\"frm-author\"><span class=\"frm-author-s\"><a href=\"\/2020\/prelegenci\/#user-5295\" target=\"_blank\" rel=\"noopener noreferrer\">Eelco Thiellier<\/a><\/span><\/div>\n<div class=\"frm-title\">System monitorowania du\u017cych skupisk ludzi w&nbsp;Amsterdamie<\/div>\n<div class=\"frm-a-last\">&nbsp;<\/div>\n<\/td>\n<\/tr>\n<tr style=\"height: 79px;\">\n<td class=\"frm-time\" style=\"width: 49px; height: 79px;\">14.00 \u2013 14.20<\/td>\n<td class=\"frm-ag-content frm-break\" style=\"height: 79px;\">\n<div class=\"frm-author\"><span class=\"frm-author-s\"><a href=\"\/2020\/prelegenci\/#user-5275\" target=\"_blank\" rel=\"noopener noreferrer\">Bal\u00e1zs N\u00e9meth (POLIS Network)<\/a><\/span><\/div>\n<div class=\"frm-title\">Pomoc miastom w&nbsp;walce z&nbsp;COVID dzi\u0119ki inteligentnym rozwi\u0105zaniom w&nbsp;zakresie mobilno\u015bci<\/div>\n<div class=\"frm-a-last\">&nbsp;<\/div>\n<\/td>\n<\/tr>\n<tr style=\"height: 79px;\">\n<td class=\"frm-time\" style=\"width: 49px; height: 79px;\">14.20 \u2013 14.40<\/td>\n<td class=\"frm-ag-content frm-break\" style=\"height: 79px;\">\n<div class=\"frm-author\"><span class=\"frm-author-s\"><a href=\"\/2020\/prelegenci\/#user-5884\" target=\"_blank\" rel=\"noopener noreferrer\">Piotr Libicki<\/a><\/span><\/div>\n<div class=\"frm-title\">Miasto bezpieczne, czyli jak tworzy\u0107 atrakcyjn\u0105, estetyczn\u0105, dost\u0119pn\u0105 dla wszystkich przestrze\u0144 miasta<\/div>\n<div class=\"frm-a-last\">&nbsp;<\/div>\n<\/td>\n<\/tr>\n<tr style=\"height: 79px;\">\n<td class=\"frm-time\" style=\"width: 49px; height: 79px;\">14.40 \u2013 15.00<\/td>\n<td class=\"frm-ag-content frm-break\" style=\"height: 79px;\">\n<div class=\"frm-author\"><span class=\"frm-author-s\"><a href=\"\/2020\/prelegenci\/#user-5257\" target=\"_blank\" rel=\"noopener noreferrer\">Rick Schager<\/a><\/span><\/div>\n<div class=\"frm-title\">MaaS4 &#8211;&nbsp; bezpieczne ulice (@ Eindhoven)<\/div>\n<div class=\"frm-a-last\">&nbsp;<\/div>\n<\/td>\n<\/tr>\n<tr style=\"height: 79px;\">\n<td class=\"frm-time\" style=\"width: 49px; height: 79px;\">15.00 \u2013 15.20<\/td>\n<td class=\"frm-ag-content frm-break\" style=\"height: 79px;\">\n<div class=\"frm-author\"><span class=\"frm-author-s\"><a href=\"\/2020\/prelegenci\/#user-5782\" target=\"_blank\" rel=\"noopener noreferrer\">Rafa\u0142 Ratajczak<\/a><\/span><\/div>\n<div class=\"frm-a-last\">Bezpieczne ulice z&nbsp;wykorzystaniem Big data<\/div>\n<div>&nbsp;<\/div>\n<\/td>\n<\/tr>\n<tr style=\"height: 79px;\">\n<td class=\"frm-time\" style=\"width: 49px; height: 79px;\">15.20 \u2013 15.30<\/td>\n<td class=\"frm-ag-content frm-break\" style=\"height: 79px;\">\n<div class=\"frm-author\">ZAKO\u0143CZENIE<\/div>\n<div class=\"frm-title\">&nbsp;<\/div>\n<div class=\"frm-a-last\">&nbsp;<\/div>\n<\/td>\n<\/tr>\n<\/tbody>\n<\/table>\n<\/div>\n<p><!-- END OF DAY 1 --><\/p>\n<p><!-- DAY 2 --><\/p>\n<div id=\"frm-day2-bl\">\n<div class=\"frm-date-title frm-date-title-l\">dzie\u0144 II &#8211; 5 | 11 | 2020<\/div>\n<table class=\"frm-agenda\" style=\"width: 100%; height: 1135px;\">\n<tbody>\n<tr style=\"height: 26px;\">\n<td style=\"text-align: center; height: 26px; font-size: 30px;\" colspan=\"2\"><strong>KOMPETENCJE XXI WIEKU<br \/>\n<\/strong><\/td>\n<\/tr>\n<tr style=\"height: 106px;\">\n<td class=\"frm-time\" style=\"height: 49px;\">9.40 \u2013 9.50<\/td>\n<td class=\"frm-ag-content\" style=\"height: 106px;\">\n<div class=\"frm-author\"><span class=\"frm-author-s\"><a href=\"\/2020\/prelegenci\/#user-5439\" target=\"_blank\" rel=\"noopener noreferrer\">Mariusz Wi\u015bniewski (zast\u0119pca Prezydenta Miasta Pozna\u0144) <\/a><\/span><\/div>\n<div class=\"frm-title\">Powitanie uczestnik\u00f3w<\/div>\n<div class=\"frm-a-last\">&nbsp;<\/div>\n<\/td>\n<\/tr>\n<tr style=\"height: 79px;\">\n<td class=\"frm-time\" style=\"height: 49px;\">9.50 &#8211; 10.10<\/td>\n<td class=\"frm-ag-content\" style=\"height: 79px;\">\n<div class=\"frm-author\"><span class=\"frm-author-s\"><a href=\"\/2020\/prelegenci\/#user-5071\" target=\"_blank\" rel=\"noopener noreferrer\">Fotini Ioannidou<\/a><\/span><\/div>\n<div class=\"frm-title\"><em>cd. bloku Bezpieczne ulice<\/em>: Kolejne kroki w&nbsp;kierunku Wizji Zero: perspektywa UE w&nbsp;zakresie bezpiecze\u0144stwa ruchu drogowego<\/div>\n<div class=\"frm-a-last\">&nbsp;<\/div>\n<\/td>\n<\/tr>\n<tr style=\"height: 79px;\">\n<td class=\"frm-time\" style=\"height: 49px;\">10.10 &#8211; 10.50<\/td>\n<td class=\"frm-ag-content\" style=\"height: 79px;\">\n<div class=\"frm-author\"><span class=\"frm-author-s\"><a href=\"\/2020\/prelegenci\/#user-5279\" target=\"_blank\" rel=\"noopener noreferrer\">Taavi Kotka<\/a><\/span><\/div>\n<div class=\"frm-title\">Jak technologia pomog\u0142a Estonii znale\u017a\u0107 si\u0119 na&nbsp;pierwszym miejscu rankingu PISA w&nbsp;Europie?<\/div>\n<div class=\"frm-a-last\">&nbsp;<\/div>\n<\/td>\n<\/tr>\n<tr>\n<td class=\"frm-time\" style=\"width: 49px;\">10.50 \u2013 11.20<\/td>\n<td class=\"frm-ag-content\" style=\"height: 49px;\">\n<div class=\"frm-author\"><span class=\"frm-author-s\"><a href=\"\/2020\/prelegenci\/#user-5341\" target=\"_blank\" rel=\"noopener noreferrer\">David Sim<\/a><\/span><\/div>\n<div class=\"frm-title\">Subtelne umiej\u0119tno\u015bci dla \u017cyczliwych miast<\/div>\n<div class=\"frm-a-last\">&nbsp;<\/div>\n<\/td>\n<\/tr>\n<tr>\n<td class=\"frm-time\" style=\"width: 49px; height: 49px;\">11.20 \u2013 11.50<\/td>\n<td class=\"frm-ag-content\" style=\"height: 79px;\">\n<div class=\"frm-author\"><span class=\"frm-author-s\"><a href=\"\/2020\/prelegenci\/#user-6027\">dr Jussi Valimaa<\/a> &amp; dr <a href=\"\/2020\/prelegenci\/#user-5967\">P\u00eda B\u00e4rlund<\/a><br \/>\n<\/span><\/div>\n<div class=\"frm-title\">Fi\u0144skie do\u015bwiadczenia edukacyjne<\/div>\n<div class=\"frm-a-last\">&nbsp;<\/div>\n<\/td>\n<\/tr>\n<tr>\n<td class=\"frm-time\" style=\"height: 49px;\">11.50 \u2013 12.20<\/td>\n<td class=\"frm-ag-content frm-break\">\n<div class=\"frm-author\"><span class=\"frm-author-s\"><a href=\"\/2020\/prelegenci\/#user-5544\" target=\"_blank\" rel=\"noopener noreferrer\">Cezary Mazurek <\/a> &amp; Adam Olszewski<\/span><\/div>\n<div class=\"frm-title\">Demokratyzacja transformacji miejskiej poprzez \u0142\u0105czenie rzeczywistych i&nbsp;cyfrowych przestrzeni miejskich<\/div>\n<div>&nbsp;<\/div>\n<\/td>\n<\/tr>\n<tr>\n<td class=\"frm-time\" style=\"height: 49px;\">12.20 \u2013 12.50<\/td>\n<td class=\"frm-ag-content frm-break\">\n<div class=\"frm-author\"><span class=\"frm-author-s\"><a href=\"\/2020\/prelegenci\/#user-5079\" target=\"_blank\" rel=\"noopener noreferrer\">Richard Gerver<\/a><\/span><\/div>\n<div class=\"frm-title\">Jutro nale\u017cy do&nbsp;tych, kt\u00f3rzy je tworz\u0105<\/div>\n<div class=\"frm-a-last\">&nbsp;<\/div>\n<\/td>\n<\/tr>\n<tr>\n<td class=\"frm-time\" style=\"height: 49px;\">12.50 \u2013 13.10<\/td>\n<td class=\"frm-ag-content frm-break\">\n<div class=\"frm-author\"><span class=\"frm-author-s\"><a href=\"\/2020\/prelegenci\/#user-5084\" target=\"_blank\" rel=\"noopener noreferrer\">Przemys\u0142aw Staro\u0144<\/a><\/span><\/div>\n<div class=\"frm-title\">Insygnia przysz\u0142o\u015bci<\/div>\n<div class=\"frm-a-last\">&nbsp;<\/div>\n<\/td>\n<\/tr>\n<tr>\n<td class=\"frm-time\" style=\"width: 49px; height: 49px;\">13.10 \u2013 13.40<\/td>\n<td class=\"frm-ag-content\">\n<div class=\"frm-author\"><span class=\"frm-author-s\"><a href=\"\/2020\/prelegenci\/#user-5130\" target=\"_blank\" rel=\"noopener noreferrer\">dr Maciej Fr\u0105ckowiak<\/a> &amp; <span class=\"frm-author-s\"><a href=\"\/2020\/prelegenci\/#user-5388\" target=\"_blank\" rel=\"noopener noreferrer\">Dominika Sadowska<\/a><\/span><\/span><\/div>\n<div class=\"frm-blue\"><span class=\"frm-blue-s\">mini debata: Czego i&nbsp;jak si\u0119 uczy\u0107, by&nbsp;budowa\u0107 w&nbsp;sobie i&nbsp;mie\u015bcie kompetencj\u0119 rezyliencji?<br \/>\n<\/span><\/div>\n<div>&nbsp;<\/div>\n<\/td>\n<\/tr>\n<tr>\n<td class=\"frm-time\" style=\"width: 49px; height: 49px;\">13.40 \u2013 14.00<\/td>\n<td class=\"frm-ag-content\">\n<div class=\"frm-author\"><a href=\"\/2020\/prelegenci\/#user-6049\"><span class=\"frm-author-s\">Frantisek Kubes<\/span><\/a><\/div>\n<div>Projekt ReSpitalka<\/div>\n<div class=\"frm-a-last\">&nbsp;<\/div>\n<\/td>\n<\/tr>\n<tr>\n<td class=\"frm-time\" style=\"height: 49px;\">14.00 \u2013 14.20<\/td>\n<td class=\"frm-ag-content frm-break\">\n<div class=\"frm-author\"><span class=\"frm-author-s\"><a href=\"\/2020\/prelegenci\/#user-5769\" target=\"_blank\" rel=\"noopener noreferrer\">prof. Jan Fazlagi\u0107<\/a><\/span><\/div>\n<div class=\"frm-title\">Alfabetyzm klimatyczny<\/div>\n<div>&nbsp;<\/div>\n<\/td>\n<\/tr>\n<tr>\n<td class=\"frm-time\" style=\"height: 49px;\">14.20 \u2013 14.30<\/td>\n<td class=\"frm-ag-content frm-break\">\n<div class=\"frm-title\">ZAKO\u0143CZENIE<\/div>\n<div>&nbsp;<\/div>\n<\/td>\n<\/tr>\n<\/tbody>\n<\/table>\n<\/div>\n<div class=\"frm-a-last\">&nbsp;<\/div>\n<p><!--more--><\/p>\n<div class=\"frm-title\">&nbsp;<\/div>\n<p>&nbsp;<\/p>\n<p><!-- END OF DAY 2 --><\/p>\n<p><!-- DAY 3 --><\/p>\n<div id=\"frm-day3-bl\">&nbsp;<\/div>\n<p>&nbsp;<\/p>\n<div class=\"frm-title\">&nbsp;<\/div>\n<p>&nbsp;<\/p>\n<p><!-- END OF DAY 3 --><\/p>\n","protected":false},"excerpt":{"rendered":"<p>dzie\u0144 I &#8211; 4 | 11 | 2020 dzie\u0144 II &#8211; 5 | 11 | 2020 Pobierz program w&nbsp;wersji PL. dzie\u0144 I &#8211; 4 | 11 | 2020 BEZPIECZNE PRZESTRZENIE MIEJSKIE 10.15 \u2013 10.30 Jacek Ja\u015bkowiak (Prezydent Miasta Poznania) Otwarcie konferencji i&nbsp;powitanie uczestnik\u00f3w &nbsp; 10.30 &#8211; 11.00 Christoffer Solstad Steen Bezpieczne ulice w&nbsp;Norwegii &nbsp; 11.00 &hellip; <\/p>\n<p class=\"link-more\"><a href=\"https:\/\/forumrozwojumiast.poznan.pl\/2020\/program\/\" class=\"more-link\">Continue reading<span class=\"screen-reader-text\"> &#8222;Program&#8221;<\/span><\/a><\/p>\n","protected":false},"author":1,"featured_media":0,"parent":0,"menu_order":0,"comment_status":"closed","ping_status":"closed","template":"","meta":{"_acf_changed":false,"inline_featured_image":false,"ngg_post_thumbnail":0,"footnotes":""},"class_list":["post-5164","page","type-page","status-publish","hentry"],"acf":[],"yoast_head":"<!-- This site is optimized with the Yoast SEO plugin v27.4 - https:\/\/yoast.com\/product\/yoast-seo-wordpress\/ -->\n<title>Program - Forum Rozwoju Miast<\/title>\n<meta name=\"robots\" content=\"index, follow, max-snippet:-1, max-image-preview:large, max-video-preview:-1\" \/>\n<link rel=\"canonical\" href=\"https:\/\/forumrozwojumiast.poznan.pl\/2020\/program\/\" \/>\n<meta property=\"og:locale\" content=\"pl_PL\" \/>\n<meta property=\"og:type\" content=\"article\" \/>\n<meta property=\"og:title\" content=\"Program - Forum Rozwoju Miast\" \/>\n<meta property=\"og:description\" content=\"dzie\u0144 I &#8211; 4 | 11 | 2020 dzie\u0144 II &#8211; 5 | 11 | 2020 Pobierz program w&nbsp;wersji PL. dzie\u0144 I &#8211; 4 | 11 | 2020 BEZPIECZNE PRZESTRZENIE MIEJSKIE 10.15 \u2013 10.30 Jacek Ja\u015bkowiak (Prezydent Miasta Poznania) Otwarcie konferencji i&nbsp;powitanie uczestnik\u00f3w &nbsp; 10.30 &#8211; 11.00 Christoffer Solstad Steen Bezpieczne ulice w&nbsp;Norwegii &nbsp; 11.00 &hellip; Continue reading &quot;Program&quot;\" \/>\n<meta property=\"og:url\" content=\"https:\/\/forumrozwojumiast.poznan.pl\/2020\/program\/\" \/>\n<meta property=\"og:site_name\" content=\"Forum Rozwoju Miast\" \/>\n<meta property=\"article:modified_time\" content=\"2020-11-03T13:48:02+00:00\" \/>\n<meta name=\"twitter:card\" content=\"summary_large_image\" \/>\n<meta name=\"twitter:label1\" content=\"Szacowany czas czytania\" \/>\n\t<meta name=\"twitter:data1\" content=\"2 minuty\" \/>\n<script type=\"application\/ld+json\" class=\"yoast-schema-graph\">{\"@context\":\"https:\\\/\\\/schema.org\",\"@graph\":[{\"@type\":\"WebPage\",\"@id\":\"https:\\\/\\\/forumrozwojumiast.poznan.pl\\\/2020\\\/program\\\/\",\"url\":\"https:\\\/\\\/forumrozwojumiast.poznan.pl\\\/2020\\\/program\\\/\",\"name\":\"Program - Forum Rozwoju Miast\",\"isPartOf\":{\"@id\":\"https:\\\/\\\/forumrozwojumiast.poznan.pl\\\/2020\\\/#website\"},\"datePublished\":\"2020-08-17T12:04:50+00:00\",\"dateModified\":\"2020-11-03T13:48:02+00:00\",\"breadcrumb\":{\"@id\":\"https:\\\/\\\/forumrozwojumiast.poznan.pl\\\/2020\\\/program\\\/#breadcrumb\"},\"inLanguage\":\"pl-PL\",\"potentialAction\":[{\"@type\":\"ReadAction\",\"target\":[\"https:\\\/\\\/forumrozwojumiast.poznan.pl\\\/2020\\\/program\\\/\"]}]},{\"@type\":\"BreadcrumbList\",\"@id\":\"https:\\\/\\\/forumrozwojumiast.poznan.pl\\\/2020\\\/program\\\/#breadcrumb\",\"itemListElement\":[{\"@type\":\"ListItem\",\"position\":1,\"name\":\"Strona g\u0142\u00f3wna\",\"item\":\"https:\\\/\\\/forumrozwojumiast.poznan.pl\\\/2020\\\/\"},{\"@type\":\"ListItem\",\"position\":2,\"name\":\"Program\"}]},{\"@type\":\"WebSite\",\"@id\":\"https:\\\/\\\/forumrozwojumiast.poznan.pl\\\/2020\\\/#website\",\"url\":\"https:\\\/\\\/forumrozwojumiast.poznan.pl\\\/2020\\\/\",\"name\":\"Forum Rozwoju Miast\",\"description\":\"Obywatelski wymiar strategicznego zarz\u0105dzania miastem\",\"potentialAction\":[{\"@type\":\"SearchAction\",\"target\":{\"@type\":\"EntryPoint\",\"urlTemplate\":\"https:\\\/\\\/forumrozwojumiast.poznan.pl\\\/2020\\\/?s={search_term_string}\"},\"query-input\":{\"@type\":\"PropertyValueSpecification\",\"valueRequired\":true,\"valueName\":\"search_term_string\"}}],\"inLanguage\":\"pl-PL\"}]}<\/script>\n<!-- \/ Yoast SEO plugin. -->","yoast_head_json":{"title":"Program - Forum Rozwoju Miast","robots":{"index":"index","follow":"follow","max-snippet":"max-snippet:-1","max-image-preview":"max-image-preview:large","max-video-preview":"max-video-preview:-1"},"canonical":"https:\/\/forumrozwojumiast.poznan.pl\/2020\/program\/","og_locale":"pl_PL","og_type":"article","og_title":"Program - Forum Rozwoju Miast","og_description":"dzie\u0144 I &#8211; 4 | 11 | 2020 dzie\u0144 II &#8211; 5 | 11 | 2020 Pobierz program w&nbsp;wersji PL. dzie\u0144 I &#8211; 4 | 11 | 2020 BEZPIECZNE PRZESTRZENIE MIEJSKIE 10.15 \u2013 10.30 Jacek Ja\u015bkowiak (Prezydent Miasta Poznania) Otwarcie konferencji i&nbsp;powitanie uczestnik\u00f3w &nbsp; 10.30 &#8211; 11.00 Christoffer Solstad Steen Bezpieczne ulice w&nbsp;Norwegii &nbsp; 11.00 &hellip; Continue reading \"Program\"","og_url":"https:\/\/forumrozwojumiast.poznan.pl\/2020\/program\/","og_site_name":"Forum Rozwoju Miast","article_modified_time":"2020-11-03T13:48:02+00:00","twitter_card":"summary_large_image","twitter_misc":{"Szacowany czas czytania":"2 minuty"},"schema":{"@context":"https:\/\/schema.org","@graph":[{"@type":"WebPage","@id":"https:\/\/forumrozwojumiast.poznan.pl\/2020\/program\/","url":"https:\/\/forumrozwojumiast.poznan.pl\/2020\/program\/","name":"Program - Forum Rozwoju Miast","isPartOf":{"@id":"https:\/\/forumrozwojumiast.poznan.pl\/2020\/#website"},"datePublished":"2020-08-17T12:04:50+00:00","dateModified":"2020-11-03T13:48:02+00:00","breadcrumb":{"@id":"https:\/\/forumrozwojumiast.poznan.pl\/2020\/program\/#breadcrumb"},"inLanguage":"pl-PL","potentialAction":[{"@type":"ReadAction","target":["https:\/\/forumrozwojumiast.poznan.pl\/2020\/program\/"]}]},{"@type":"BreadcrumbList","@id":"https:\/\/forumrozwojumiast.poznan.pl\/2020\/program\/#breadcrumb","itemListElement":[{"@type":"ListItem","position":1,"name":"Strona g\u0142\u00f3wna","item":"https:\/\/forumrozwojumiast.poznan.pl\/2020\/"},{"@type":"ListItem","position":2,"name":"Program"}]},{"@type":"WebSite","@id":"https:\/\/forumrozwojumiast.poznan.pl\/2020\/#website","url":"https:\/\/forumrozwojumiast.poznan.pl\/2020\/","name":"Forum Rozwoju Miast","description":"Obywatelski wymiar strategicznego zarz\u0105dzania miastem","potentialAction":[{"@type":"SearchAction","target":{"@type":"EntryPoint","urlTemplate":"https:\/\/forumrozwojumiast.poznan.pl\/2020\/?s={search_term_string}"},"query-input":{"@type":"PropertyValueSpecification","valueRequired":true,"valueName":"search_term_string"}}],"inLanguage":"pl-PL"}]}},"_links":{"self":[{"href":"https:\/\/forumrozwojumiast.poznan.pl\/2020\/wp-json\/wp\/v2\/pages\/5164","targetHints":{"allow":["GET"]}}],"collection":[{"href":"https:\/\/forumrozwojumiast.poznan.pl\/2020\/wp-json\/wp\/v2\/pages"}],"about":[{"href":"https:\/\/forumrozwojumiast.poznan.pl\/2020\/wp-json\/wp\/v2\/types\/page"}],"author":[{"embeddable":true,"href":"https:\/\/forumrozwojumiast.poznan.pl\/2020\/wp-json\/wp\/v2\/users\/1"}],"replies":[{"embeddable":true,"href":"https:\/\/forumrozwojumiast.poznan.pl\/2020\/wp-json\/wp\/v2\/comments?post=5164"}],"version-history":[{"count":158,"href":"https:\/\/forumrozwojumiast.poznan.pl\/2020\/wp-json\/wp\/v2\/pages\/5164\/revisions"}],"predecessor-version":[{"id":6248,"href":"https:\/\/forumrozwojumiast.poznan.pl\/2020\/wp-json\/wp\/v2\/pages\/5164\/revisions\/6248"}],"wp:attachment":[{"href":"https:\/\/forumrozwojumiast.poznan.pl\/2020\/wp-json\/wp\/v2\/media?parent=5164"}],"curies":[{"name":"wp","href":"https:\/\/api.w.org\/{rel}","templated":true}]}}